{"id":7316,"date":"2026-08-12T14:09:14","date_gmt":"2026-08-12T14:09:14","guid":{"rendered":"https:\/\/www.atpdelaude.com\/?page_id=7316"},"modified":"2026-09-03T17:28:10","modified_gmt":"2026-09-03T17:28:10","slug":"2026-2027","status":"publish","type":"page","link":"https:\/\/www.atpdelaude.com\/?page_id=7316","title":{"rendered":"2026-2027"},"content":{"rendered":"\t\t<div data-elementor-type=\"wp-page\" data-elementor-id=\"7316\" class=\"elementor elementor-7316\" data-elementor-post-type=\"page\">\n\t\t\t\t\t\t<section class=\"elementor-section elementor-top-section elementor-element elementor-element-5be5f731 elementor-section-boxed elementor-section-height-default elementor-section-height-default\" data-id=\"5be5f731\" data-element_type=\"section\" data-e-type=\"section\" data-settings=\"{&quot;background_background&quot;:&quot;classic&quot;}\">\n\t\t\t\t\t\t<div class=\"elementor-container elementor-column-gap-default\">\n\t\t\t\t\t<div class=\"elementor-column elementor-col-100 elementor-top-column elementor-element elementor-element-48b421f7\" data-id=\"48b421f7\" data-element_type=\"column\" data-e-type=\"column\" data-settings=\"{&quot;background_background&quot;:&quot;classic&quot;}\">\n\t\t\t<div class=\"elementor-widget-wrap elementor-element-populated\">\n\t\t\t\t\t\t<div class=\"elementor-element elementor-element-7fdf87e6 elementor-widget elementor-widget-heading\" data-id=\"7fdf87e6\" data-element_type=\"widget\" data-e-type=\"widget\" data-widget_type=\"heading.default\">\n\t\t\t\t<div class=\"elementor-widget-container\">\n\t\t\t\t\t<h2 class=\"elementor-heading-title elementor-size-default\">Saison 2026|2027<\/h2>\t\t\t\t<\/div>\n\t\t\t\t<\/div>\n\t\t\t\t<div class=\"elementor-element elementor-element-1cfef664 elementor-hidden-mobile elementor-grid-2 elementor-posts--align-left elementor-grid-tablet-2 elementor-grid-mobile-1 elementor-posts--thumbnail-top elementor-card-shadow-yes elementor-posts__hover-gradient elementor-widget elementor-widget-posts\" data-id=\"1cfef664\" data-element_type=\"widget\" data-e-type=\"widget\" data-settings=\"{&quot;pagination_type&quot;:&quot;numbers&quot;,&quot;cards_columns&quot;:&quot;2&quot;,&quot;cards_row_gap&quot;:{&quot;unit&quot;:&quot;px&quot;,&quot;size&quot;:20,&quot;sizes&quot;:[]},&quot;cards_columns_tablet&quot;:&quot;2&quot;,&quot;cards_columns_mobile&quot;:&quot;1&quot;,&quot;cards_row_gap_tablet&quot;:{&quot;unit&quot;:&quot;px&quot;,&quot;size&quot;:&quot;&quot;,&quot;sizes&quot;:[]},&quot;cards_row_gap_mobile&quot;:{&quot;unit&quot;:&quot;px&quot;,&quot;size&quot;:&quot;&quot;,&quot;sizes&quot;:[]}}\" data-widget_type=\"posts.cards\">\n\t\t\t\t<div class=\"elementor-widget-container\">\n\t\t\t\t\t\t\t<div class=\"elementor-posts-container elementor-posts elementor-posts--skin-cards elementor-grid\" role=\"list\">\n\t\t\t\t<article class=\"elementor-post elementor-grid-item post-7330 post type-post status-publish format-standard has-post-thumbnail hentry category-2026-2027 category-2026-2027-archive\" role=\"listitem\">\n\t\t\t<div class=\"elementor-post__card\">\n\t\t\t\t<a class=\"elementor-post__thumbnail__link\" href=\"https:\/\/www.atpdelaude.com\/?p=7330\" tabindex=\"-1\" ><div class=\"elementor-post__thumbnail\"><img fetchpriority=\"high\" decoding=\"async\" width=\"300\" height=\"197\" src=\"https:\/\/www.atpdelaude.com\/wp-content\/uploads\/2026\/08\/J_ai-vu-Louisa-Gaspard-CP-Agne-es-Gatelet-300x197.png\" class=\"attachment-medium size-medium wp-image-7331\" alt=\"\" srcset=\"https:\/\/www.atpdelaude.com\/wp-content\/uploads\/2026\/08\/J_ai-vu-Louisa-Gaspard-CP-Agne-es-Gatelet-300x197.png 300w, https:\/\/www.atpdelaude.com\/wp-content\/uploads\/2026\/08\/J_ai-vu-Louisa-Gaspard-CP-Agne-es-Gatelet-1024x672.png 1024w, https:\/\/www.atpdelaude.com\/wp-content\/uploads\/2026\/08\/J_ai-vu-Louisa-Gaspard-CP-Agne-es-Gatelet-768x504.png 768w, https:\/\/www.atpdelaude.com\/wp-content\/uploads\/2026\/08\/J_ai-vu-Louisa-Gaspard-CP-Agne-es-Gatelet.png 1082w\" sizes=\"(max-width: 300px) 100vw, 300px\" \/><\/div><\/a>\n\t\t\t\t<div class=\"elementor-post__text\">\n\t\t\t\t<h3 class=\"elementor-post__title\">\n\t\t\t<a href=\"https:\/\/www.atpdelaude.com\/?p=7330\" >\n\t\t\t\tJ&rsquo;AI VU LOUISA ET GASPARD\t\t\t<\/a>\n\t\t<\/h3>\n\t\t\t\t<div class=\"elementor-post__excerpt\">\n\t\t\t<p>D\u00e9ambulation marionnettique, musicale et intimiste<br \/>\n5 juillet &#8211; LIMOUX<\/p>\n\t\t<\/div>\n\t\t\n\t\t<a class=\"elementor-post__read-more\" href=\"https:\/\/www.atpdelaude.com\/?p=7330\" aria-label=\"En savoir plus sur J&rsquo;AI VU LOUISA ET GASPARD\" tabindex=\"-1\" >\n\t\t\tInformations \u00bb\t\t<\/a>\n\n\t\t\t\t<\/div>\n\t\t\t\t\t<\/div>\n\t\t<\/article>\n\t\t\t\t<article class=\"elementor-post elementor-grid-item post-7341 post type-post status-publish format-standard has-post-thumbnail hentry category-2026-2027\" role=\"listitem\">\n\t\t\t<div class=\"elementor-post__card\">\n\t\t\t\t<a class=\"elementor-post__thumbnail__link\" href=\"https:\/\/www.atpdelaude.com\/?p=7341\" tabindex=\"-1\" ><div class=\"elementor-post__thumbnail\"><img decoding=\"async\" width=\"300\" height=\"200\" src=\"https:\/\/www.atpdelaude.com\/wp-content\/uploads\/2026\/08\/5_XANADOU_ROAD-MOVIE-SUR-PLACE-ET-SANS-CAMERA_\u00a9Mathieu-Vouzelaud-300x200.jpg\" class=\"attachment-medium size-medium wp-image-7344\" alt=\"\" srcset=\"https:\/\/www.atpdelaude.com\/wp-content\/uploads\/2026\/08\/5_XANADOU_ROAD-MOVIE-SUR-PLACE-ET-SANS-CAMERA_\u00a9Mathieu-Vouzelaud-300x200.jpg 300w, https:\/\/www.atpdelaude.com\/wp-content\/uploads\/2026\/08\/5_XANADOU_ROAD-MOVIE-SUR-PLACE-ET-SANS-CAMERA_\u00a9Mathieu-Vouzelaud-1024x683.jpg 1024w, https:\/\/www.atpdelaude.com\/wp-content\/uploads\/2026\/08\/5_XANADOU_ROAD-MOVIE-SUR-PLACE-ET-SANS-CAMERA_\u00a9Mathieu-Vouzelaud-768x512.jpg 768w, https:\/\/www.atpdelaude.com\/wp-content\/uploads\/2026\/08\/5_XANADOU_ROAD-MOVIE-SUR-PLACE-ET-SANS-CAMERA_\u00a9Mathieu-Vouzelaud-1536x1024.jpg 1536w, https:\/\/www.atpdelaude.com\/wp-content\/uploads\/2026\/08\/5_XANADOU_ROAD-MOVIE-SUR-PLACE-ET-SANS-CAMERA_\u00a9Mathieu-Vouzelaud-2048x1365.jpg 2048w\" sizes=\"(max-width: 300px) 100vw, 300px\" \/><\/div><\/a>\n\t\t\t\t<div class=\"elementor-post__text\">\n\t\t\t\t<h3 class=\"elementor-post__title\">\n\t\t\t<a href=\"https:\/\/www.atpdelaude.com\/?p=7341\" >\n\t\t\t\tROAD MOVIE SUR PLACE &amp; SANS CAMERA\t\t\t<\/a>\n\t\t<\/h3>\n\t\t\t\t<div class=\"elementor-post__excerpt\">\n\t\t\t<p>Th\u00e9\u00e2tre de rue \/ Th\u00e9\u00e2tre de parking<\/p>\n<p> 5 septembre &#8211; LIMOUX<\/p>\n\t\t<\/div>\n\t\t\n\t\t<a class=\"elementor-post__read-more\" href=\"https:\/\/www.atpdelaude.com\/?p=7341\" aria-label=\"En savoir plus sur ROAD MOVIE SUR PLACE &amp; SANS CAMERA\" tabindex=\"-1\" >\n\t\t\tInformations \u00bb\t\t<\/a>\n\n\t\t\t\t<\/div>\n\t\t\t\t\t<\/div>\n\t\t<\/article>\n\t\t\t\t<article class=\"elementor-post elementor-grid-item post-6904 post type-post status-publish format-standard has-post-thumbnail hentry category-2026-2027\" role=\"listitem\">\n\t\t\t<div class=\"elementor-post__card\">\n\t\t\t\t<a class=\"elementor-post__thumbnail__link\" href=\"https:\/\/www.atpdelaude.com\/?p=6904\" tabindex=\"-1\" ><div class=\"elementor-post__thumbnail\"><img decoding=\"async\" width=\"212\" height=\"300\" src=\"https:\/\/www.atpdelaude.com\/wp-content\/uploads\/2025\/08\/BB-ET-DOUDOU-Affiche-ORANGE-212x300.jpg\" class=\"attachment-medium size-medium wp-image-7222\" alt=\"\" srcset=\"https:\/\/www.atpdelaude.com\/wp-content\/uploads\/2025\/08\/BB-ET-DOUDOU-Affiche-ORANGE-212x300.jpg 212w, https:\/\/www.atpdelaude.com\/wp-content\/uploads\/2025\/08\/BB-ET-DOUDOU-Affiche-ORANGE-724x1024.jpg 724w, https:\/\/www.atpdelaude.com\/wp-content\/uploads\/2025\/08\/BB-ET-DOUDOU-Affiche-ORANGE-768x1086.jpg 768w, https:\/\/www.atpdelaude.com\/wp-content\/uploads\/2025\/08\/BB-ET-DOUDOU-Affiche-ORANGE-1086x1536.jpg 1086w, https:\/\/www.atpdelaude.com\/wp-content\/uploads\/2025\/08\/BB-ET-DOUDOU-Affiche-ORANGE.jpg 1414w\" sizes=\"(max-width: 212px) 100vw, 212px\" \/><\/div><\/a>\n\t\t\t\t<div class=\"elementor-post__text\">\n\t\t\t\t<h3 class=\"elementor-post__title\">\n\t\t\t<a href=\"https:\/\/www.atpdelaude.com\/?p=6904\" >\n\t\t\t\tB\u00c9B\u00c9 &amp; DOUDOU &#8211; Les d\u00e9buts n&rsquo;ont pas d&rsquo;importance\t\t\t<\/a>\n\t\t<\/h3>\n\t\t\t\t<div class=\"elementor-post__excerpt\">\n\t\t\t<p>Th\u00e9\u00e2tre contemporain<br \/>\n22 septembre &#8211; PENNAUTIER<\/p>\n\t\t<\/div>\n\t\t\n\t\t<a class=\"elementor-post__read-more\" href=\"https:\/\/www.atpdelaude.com\/?p=6904\" aria-label=\"En savoir plus sur B\u00c9B\u00c9 &amp; DOUDOU &#8211; Les d\u00e9buts n&rsquo;ont pas d&rsquo;importance\" tabindex=\"-1\" >\n\t\t\tInformations \u00bb\t\t<\/a>\n\n\t\t\t\t<\/div>\n\t\t\t\t\t<\/div>\n\t\t<\/article>\n\t\t\t\t<article class=\"elementor-post elementor-grid-item post-7366 post type-post status-publish format-standard has-post-thumbnail hentry category-2026-2027\" role=\"listitem\">\n\t\t\t<div class=\"elementor-post__card\">\n\t\t\t\t<a class=\"elementor-post__thumbnail__link\" href=\"https:\/\/www.atpdelaude.com\/?p=7366\" tabindex=\"-1\" ><div class=\"elementor-post__thumbnail\"><img loading=\"lazy\" decoding=\"async\" width=\"300\" height=\"200\" src=\"https:\/\/www.atpdelaude.com\/wp-content\/uploads\/2026\/08\/\u00a9Lena-Pecastaing-300x200.jpg\" class=\"attachment-medium size-medium wp-image-7371\" alt=\"\" srcset=\"https:\/\/www.atpdelaude.com\/wp-content\/uploads\/2026\/08\/\u00a9Lena-Pecastaing-300x200.jpg 300w, https:\/\/www.atpdelaude.com\/wp-content\/uploads\/2026\/08\/\u00a9Lena-Pecastaing-1024x683.jpg 1024w, https:\/\/www.atpdelaude.com\/wp-content\/uploads\/2026\/08\/\u00a9Lena-Pecastaing-768x512.jpg 768w, https:\/\/www.atpdelaude.com\/wp-content\/uploads\/2026\/08\/\u00a9Lena-Pecastaing-1536x1024.jpg 1536w, https:\/\/www.atpdelaude.com\/wp-content\/uploads\/2026\/08\/\u00a9Lena-Pecastaing-2048x1365.jpg 2048w\" sizes=\"(max-width: 300px) 100vw, 300px\" \/><\/div><\/a>\n\t\t\t\t<div class=\"elementor-post__text\">\n\t\t\t\t<h3 class=\"elementor-post__title\">\n\t\t\t<a href=\"https:\/\/www.atpdelaude.com\/?p=7366\" >\n\t\t\t\tBIENVENUE AILLEURS\t\t\t<\/a>\n\t\t<\/h3>\n\t\t\t\t<div class=\"elementor-post__excerpt\">\n\t\t\t<p>Th\u00e9\u00e2tre contemporain en musique<br \/>\n26 SEPTEMBRE &#8211; PENNAUTIER<\/p>\n\t\t<\/div>\n\t\t\n\t\t<a class=\"elementor-post__read-more\" href=\"https:\/\/www.atpdelaude.com\/?p=7366\" aria-label=\"En savoir plus sur BIENVENUE AILLEURS\" tabindex=\"-1\" >\n\t\t\tInformations \u00bb\t\t<\/a>\n\n\t\t\t\t<\/div>\n\t\t\t\t\t<\/div>\n\t\t<\/article>\n\t\t\t\t<article class=\"elementor-post elementor-grid-item post-7379 post type-post status-publish format-standard has-post-thumbnail hentry category-2026-2027\" role=\"listitem\">\n\t\t\t<div class=\"elementor-post__card\">\n\t\t\t\t<a class=\"elementor-post__thumbnail__link\" href=\"https:\/\/www.atpdelaude.com\/?p=7379\" tabindex=\"-1\" ><div class=\"elementor-post__thumbnail\"><img loading=\"lazy\" decoding=\"async\" width=\"300\" height=\"247\" src=\"https:\/\/www.atpdelaude.com\/wp-content\/uploads\/2026\/08\/Vu\u0451Alexis-Dor\u201a-300x247.jpg\" class=\"attachment-medium size-medium wp-image-7380\" alt=\"\" srcset=\"https:\/\/www.atpdelaude.com\/wp-content\/uploads\/2026\/08\/Vu\u0451Alexis-Dor\u201a-300x247.jpg 300w, https:\/\/www.atpdelaude.com\/wp-content\/uploads\/2026\/08\/Vu\u0451Alexis-Dor\u201a-1024x844.jpg 1024w, https:\/\/www.atpdelaude.com\/wp-content\/uploads\/2026\/08\/Vu\u0451Alexis-Dor\u201a-768x633.jpg 768w, https:\/\/www.atpdelaude.com\/wp-content\/uploads\/2026\/08\/Vu\u0451Alexis-Dor\u201a-1536x1266.jpg 1536w, https:\/\/www.atpdelaude.com\/wp-content\/uploads\/2026\/08\/Vu\u0451Alexis-Dor\u201a-2048x1688.jpg 2048w\" sizes=\"(max-width: 300px) 100vw, 300px\" \/><\/div><\/a>\n\t\t\t\t<div class=\"elementor-post__text\">\n\t\t\t\t<h3 class=\"elementor-post__title\">\n\t\t\t<a href=\"https:\/\/www.atpdelaude.com\/?p=7379\" >\n\t\t\t\tVU\t\t\t<\/a>\n\t\t<\/h3>\n\t\t\t\t<div class=\"elementor-post__excerpt\">\n\t\t\t<p>Th\u00e9\u00e2tre objet<br \/>\n24 octobre &#8211; BUGARACH<\/p>\n\t\t<\/div>\n\t\t\n\t\t<a class=\"elementor-post__read-more\" href=\"https:\/\/www.atpdelaude.com\/?p=7379\" aria-label=\"En savoir plus sur VU\" tabindex=\"-1\" >\n\t\t\tInformations \u00bb\t\t<\/a>\n\n\t\t\t\t<\/div>\n\t\t\t\t\t<\/div>\n\t\t<\/article>\n\t\t\t\t<article class=\"elementor-post elementor-grid-item post-7388 post type-post status-publish format-standard has-post-thumbnail hentry category-2026-2027\" role=\"listitem\">\n\t\t\t<div class=\"elementor-post__card\">\n\t\t\t\t<a class=\"elementor-post__thumbnail__link\" href=\"https:\/\/www.atpdelaude.com\/?p=7388\" tabindex=\"-1\" ><div class=\"elementor-post__thumbnail\"><img loading=\"lazy\" decoding=\"async\" width=\"300\" height=\"200\" src=\"https:\/\/www.atpdelaude.com\/wp-content\/uploads\/2026\/08\/YL-9431-300x200.jpg\" class=\"attachment-medium size-medium wp-image-7390\" alt=\"\" srcset=\"https:\/\/www.atpdelaude.com\/wp-content\/uploads\/2026\/08\/YL-9431-300x200.jpg 300w, https:\/\/www.atpdelaude.com\/wp-content\/uploads\/2026\/08\/YL-9431-1024x684.jpg 1024w, https:\/\/www.atpdelaude.com\/wp-content\/uploads\/2026\/08\/YL-9431-768x513.jpg 768w, https:\/\/www.atpdelaude.com\/wp-content\/uploads\/2026\/08\/YL-9431-1536x1025.jpg 1536w, https:\/\/www.atpdelaude.com\/wp-content\/uploads\/2026\/08\/YL-9431-2048x1367.jpg 2048w\" sizes=\"(max-width: 300px) 100vw, 300px\" \/><\/div><\/a>\n\t\t\t\t<div class=\"elementor-post__text\">\n\t\t\t\t<h3 class=\"elementor-post__title\">\n\t\t\t<a href=\"https:\/\/www.atpdelaude.com\/?p=7388\" >\n\t\t\t\tJE ME SUIS REFUGIEE LA LA LA\u00a0\t\t\t<\/a>\n\t\t<\/h3>\n\t\t\t\t<div class=\"elementor-post__excerpt\">\n\t\t\t<p>R\u00e9cit tentaculaire attabl\u00e9<br \/>\n24 novembre &#8211; LIMOUX<\/p>\n\t\t<\/div>\n\t\t\n\t\t<a class=\"elementor-post__read-more\" href=\"https:\/\/www.atpdelaude.com\/?p=7388\" aria-label=\"En savoir plus sur JE ME SUIS REFUGIEE LA LA LA\u00a0\" tabindex=\"-1\" >\n\t\t\tInformations \u00bb\t\t<\/a>\n\n\t\t\t\t<\/div>\n\t\t\t\t\t<\/div>\n\t\t<\/article>\n\t\t\t\t<article class=\"elementor-post elementor-grid-item post-7395 post type-post status-publish format-standard has-post-thumbnail hentry category-2026-2027\" role=\"listitem\">\n\t\t\t<div class=\"elementor-post__card\">\n\t\t\t\t<a class=\"elementor-post__thumbnail__link\" href=\"https:\/\/www.atpdelaude.com\/?p=7395\" tabindex=\"-1\" ><div class=\"elementor-post__thumbnail\"><img loading=\"lazy\" decoding=\"async\" width=\"300\" height=\"200\" src=\"https:\/\/www.atpdelaude.com\/wp-content\/uploads\/2026\/08\/creation-ephemere-di-das-et-calie-12-300x200.jpg\" class=\"attachment-medium size-medium wp-image-7398\" alt=\"\" srcset=\"https:\/\/www.atpdelaude.com\/wp-content\/uploads\/2026\/08\/creation-ephemere-di-das-et-calie-12-300x200.jpg 300w, https:\/\/www.atpdelaude.com\/wp-content\/uploads\/2026\/08\/creation-ephemere-di-das-et-calie-12-768x512.jpg 768w, https:\/\/www.atpdelaude.com\/wp-content\/uploads\/2026\/08\/creation-ephemere-di-das-et-calie-12.jpg 800w\" sizes=\"(max-width: 300px) 100vw, 300px\" \/><\/div><\/a>\n\t\t\t\t<div class=\"elementor-post__text\">\n\t\t\t\t<h3 class=\"elementor-post__title\">\n\t\t\t<a href=\"https:\/\/www.atpdelaude.com\/?p=7395\" >\n\t\t\t\tDI DAS ET CALIE\t\t\t<\/a>\n\t\t<\/h3>\n\t\t\t\t<div class=\"elementor-post__excerpt\">\n\t\t\t<p>TH\u00c9\u00c2TRE (Jeune public)<br \/>\n4 d\u00e9cembre &#8211; PENNAUTIER<\/p>\n\t\t<\/div>\n\t\t\n\t\t<a class=\"elementor-post__read-more\" href=\"https:\/\/www.atpdelaude.com\/?p=7395\" aria-label=\"En savoir plus sur DI DAS ET CALIE\" tabindex=\"-1\" >\n\t\t\tInformations \u00bb\t\t<\/a>\n\n\t\t\t\t<\/div>\n\t\t\t\t\t<\/div>\n\t\t<\/article>\n\t\t\t\t<article class=\"elementor-post elementor-grid-item post-7404 post type-post status-publish format-standard has-post-thumbnail hentry category-2026-2027\" role=\"listitem\">\n\t\t\t<div class=\"elementor-post__card\">\n\t\t\t\t<a class=\"elementor-post__thumbnail__link\" href=\"https:\/\/www.atpdelaude.com\/?p=7404\" tabindex=\"-1\" ><div class=\"elementor-post__thumbnail\"><img loading=\"lazy\" decoding=\"async\" width=\"300\" height=\"200\" src=\"https:\/\/www.atpdelaude.com\/wp-content\/uploads\/2026\/08\/KUMULUNIMBU_CiaOrtiga_-2-300x200.jpg\" class=\"attachment-medium size-medium wp-image-7408\" alt=\"\" srcset=\"https:\/\/www.atpdelaude.com\/wp-content\/uploads\/2026\/08\/KUMULUNIMBU_CiaOrtiga_-2-300x200.jpg 300w, https:\/\/www.atpdelaude.com\/wp-content\/uploads\/2026\/08\/KUMULUNIMBU_CiaOrtiga_-2.jpg 640w\" sizes=\"(max-width: 300px) 100vw, 300px\" \/><\/div><\/a>\n\t\t\t\t<div class=\"elementor-post__text\">\n\t\t\t\t<h3 class=\"elementor-post__title\">\n\t\t\t<a href=\"https:\/\/www.atpdelaude.com\/?p=7404\" >\n\t\t\t\tKUMULUNIMBU\t\t\t<\/a>\n\t\t<\/h3>\n\t\t\t\t<div class=\"elementor-post__excerpt\">\n\t\t\t<p>Th\u00e9\u00e2tre d\u2019objets, marionnettes et masques<br \/>\n13 D\u00e9cembre &#8211; ALET-LES-BAINS<\/p>\n\t\t<\/div>\n\t\t\n\t\t<a class=\"elementor-post__read-more\" href=\"https:\/\/www.atpdelaude.com\/?p=7404\" aria-label=\"En savoir plus sur KUMULUNIMBU\" tabindex=\"-1\" >\n\t\t\tInformations \u00bb\t\t<\/a>\n\n\t\t\t\t<\/div>\n\t\t\t\t\t<\/div>\n\t\t<\/article>\n\t\t\t\t<article class=\"elementor-post elementor-grid-item post-7424 post type-post status-publish format-standard has-post-thumbnail hentry category-2026-2027\" role=\"listitem\">\n\t\t\t<div class=\"elementor-post__card\">\n\t\t\t\t<a class=\"elementor-post__thumbnail__link\" href=\"https:\/\/www.atpdelaude.com\/?p=7424\" tabindex=\"-1\" ><div class=\"elementor-post__thumbnail\"><img loading=\"lazy\" decoding=\"async\" width=\"300\" height=\"300\" src=\"https:\/\/www.atpdelaude.com\/wp-content\/uploads\/2026\/08\/Quintetto_visuel-secondaire2_credit_Alex-Brenner-300x300.jpg\" class=\"attachment-medium size-medium wp-image-7426\" alt=\"\" srcset=\"https:\/\/www.atpdelaude.com\/wp-content\/uploads\/2026\/08\/Quintetto_visuel-secondaire2_credit_Alex-Brenner-300x300.jpg 300w, https:\/\/www.atpdelaude.com\/wp-content\/uploads\/2026\/08\/Quintetto_visuel-secondaire2_credit_Alex-Brenner-1024x1024.jpg 1024w, https:\/\/www.atpdelaude.com\/wp-content\/uploads\/2026\/08\/Quintetto_visuel-secondaire2_credit_Alex-Brenner-150x150.jpg 150w, https:\/\/www.atpdelaude.com\/wp-content\/uploads\/2026\/08\/Quintetto_visuel-secondaire2_credit_Alex-Brenner-768x768.jpg 768w, https:\/\/www.atpdelaude.com\/wp-content\/uploads\/2026\/08\/Quintetto_visuel-secondaire2_credit_Alex-Brenner-1536x1536.jpg 1536w, https:\/\/www.atpdelaude.com\/wp-content\/uploads\/2026\/08\/Quintetto_visuel-secondaire2_credit_Alex-Brenner-2048x2048.jpg 2048w\" sizes=\"(max-width: 300px) 100vw, 300px\" \/><\/div><\/a>\n\t\t\t\t<div class=\"elementor-post__text\">\n\t\t\t\t<h3 class=\"elementor-post__title\">\n\t\t\t<a href=\"https:\/\/www.atpdelaude.com\/?p=7424\" >\n\t\t\t\tQUINTETTO\t\t\t<\/a>\n\t\t<\/h3>\n\t\t\t\t<div class=\"elementor-post__excerpt\">\n\t\t\t<p>Danse<br \/>\n2 F\u00e9vrier &#8211; PENNAUTIER<\/p>\n\t\t<\/div>\n\t\t\n\t\t<a class=\"elementor-post__read-more\" href=\"https:\/\/www.atpdelaude.com\/?p=7424\" aria-label=\"En savoir plus sur QUINTETTO\" tabindex=\"-1\" >\n\t\t\tInformations \u00bb\t\t<\/a>\n\n\t\t\t\t<\/div>\n\t\t\t\t\t<\/div>\n\t\t<\/article>\n\t\t\t\t<article class=\"elementor-post elementor-grid-item post-7438 post type-post status-publish format-standard has-post-thumbnail hentry category-2026-2027\" role=\"listitem\">\n\t\t\t<div class=\"elementor-post__card\">\n\t\t\t\t<a class=\"elementor-post__thumbnail__link\" href=\"https:\/\/www.atpdelaude.com\/?p=7438\" tabindex=\"-1\" ><div class=\"elementor-post__thumbnail\"><img loading=\"lazy\" decoding=\"async\" width=\"300\" height=\"200\" src=\"https:\/\/www.atpdelaude.com\/wp-content\/uploads\/2026\/08\/MARZIA-HD1.Photo\u00a9P.MORALES-P1566675-300x200.jpg\" class=\"attachment-medium size-medium wp-image-7439\" alt=\"\" srcset=\"https:\/\/www.atpdelaude.com\/wp-content\/uploads\/2026\/08\/MARZIA-HD1.Photo\u00a9P.MORALES-P1566675-300x200.jpg 300w, https:\/\/www.atpdelaude.com\/wp-content\/uploads\/2026\/08\/MARZIA-HD1.Photo\u00a9P.MORALES-P1566675-1024x683.jpg 1024w, https:\/\/www.atpdelaude.com\/wp-content\/uploads\/2026\/08\/MARZIA-HD1.Photo\u00a9P.MORALES-P1566675-768x512.jpg 768w, https:\/\/www.atpdelaude.com\/wp-content\/uploads\/2026\/08\/MARZIA-HD1.Photo\u00a9P.MORALES-P1566675-1536x1024.jpg 1536w, https:\/\/www.atpdelaude.com\/wp-content\/uploads\/2026\/08\/MARZIA-HD1.Photo\u00a9P.MORALES-P1566675-2048x1365.jpg 2048w\" sizes=\"(max-width: 300px) 100vw, 300px\" \/><\/div><\/a>\n\t\t\t\t<div class=\"elementor-post__text\">\n\t\t\t\t<h3 class=\"elementor-post__title\">\n\t\t\t<a href=\"https:\/\/www.atpdelaude.com\/?p=7438\" >\n\t\t\t\tAUTOUR DE MARZIA\t\t\t<\/a>\n\t\t<\/h3>\n\t\t\t\t<div class=\"elementor-post__excerpt\">\n\t\t\t<p>Th\u00e9\u00e2tre Jeune Public<br \/>\n6 Mars &#8211; QUILLAN<\/p>\n\t\t<\/div>\n\t\t\n\t\t<a class=\"elementor-post__read-more\" href=\"https:\/\/www.atpdelaude.com\/?p=7438\" aria-label=\"En savoir plus sur AUTOUR DE MARZIA\" tabindex=\"-1\" >\n\t\t\tInformations \u00bb\t\t<\/a>\n\n\t\t\t\t<\/div>\n\t\t\t\t\t<\/div>\n\t\t<\/article>\n\t\t\t\t<article class=\"elementor-post elementor-grid-item post-7587 post type-post status-publish format-standard has-post-thumbnail hentry category-2026-2027\" role=\"listitem\">\n\t\t\t<div class=\"elementor-post__card\">\n\t\t\t\t<a class=\"elementor-post__thumbnail__link\" href=\"https:\/\/www.atpdelaude.com\/?p=7587\" tabindex=\"-1\" ><div class=\"elementor-post__thumbnail\"><img loading=\"lazy\" decoding=\"async\" width=\"300\" height=\"200\" src=\"https:\/\/www.atpdelaude.com\/wp-content\/uploads\/2026\/09\/Angelo_focolare_15822_\u00a9MasiarPasquali-PiccoloTeatroMilano-300x200.jpg\" class=\"attachment-medium size-medium wp-image-7588\" alt=\"\" srcset=\"https:\/\/www.atpdelaude.com\/wp-content\/uploads\/2026\/09\/Angelo_focolare_15822_\u00a9MasiarPasquali-PiccoloTeatroMilano-300x200.jpg 300w, https:\/\/www.atpdelaude.com\/wp-content\/uploads\/2026\/09\/Angelo_focolare_15822_\u00a9MasiarPasquali-PiccoloTeatroMilano-1024x682.jpg 1024w, https:\/\/www.atpdelaude.com\/wp-content\/uploads\/2026\/09\/Angelo_focolare_15822_\u00a9MasiarPasquali-PiccoloTeatroMilano-768x512.jpg 768w, https:\/\/www.atpdelaude.com\/wp-content\/uploads\/2026\/09\/Angelo_focolare_15822_\u00a9MasiarPasquali-PiccoloTeatroMilano-1536x1024.jpg 1536w, https:\/\/www.atpdelaude.com\/wp-content\/uploads\/2026\/09\/Angelo_focolare_15822_\u00a9MasiarPasquali-PiccoloTeatroMilano.jpg 2000w\" sizes=\"(max-width: 300px) 100vw, 300px\" \/><\/div><\/a>\n\t\t\t\t<div class=\"elementor-post__text\">\n\t\t\t\t<h3 class=\"elementor-post__title\">\n\t\t\t<a href=\"https:\/\/www.atpdelaude.com\/?p=7587\" >\n\t\t\t\tL&rsquo;ANGELO DEL FOCOLARE\t\t\t<\/a>\n\t\t<\/h3>\n\t\t\t\t<div class=\"elementor-post__excerpt\">\n\t\t\t<p>Th\u00e9\u00e2tre + Cin\u00e9ma<br \/>\n9 mars &#8211; NARBONNE<\/p>\n\t\t<\/div>\n\t\t\n\t\t<a class=\"elementor-post__read-more\" href=\"https:\/\/www.atpdelaude.com\/?p=7587\" aria-label=\"En savoir plus sur L&rsquo;ANGELO DEL FOCOLARE\" tabindex=\"-1\" >\n\t\t\tInformations \u00bb\t\t<\/a>\n\n\t\t\t\t<\/div>\n\t\t\t\t\t<\/div>\n\t\t<\/article>\n\t\t\t\t<article class=\"elementor-post elementor-grid-item post-7490 post type-post status-publish format-standard has-post-thumbnail hentry category-2026-2027\" role=\"listitem\">\n\t\t\t<div class=\"elementor-post__card\">\n\t\t\t\t<a class=\"elementor-post__thumbnail__link\" href=\"https:\/\/www.atpdelaude.com\/?p=7490\" tabindex=\"-1\" ><div class=\"elementor-post__thumbnail\"><img loading=\"lazy\" decoding=\"async\" width=\"300\" height=\"200\" src=\"https:\/\/www.atpdelaude.com\/wp-content\/uploads\/2026\/08\/3.-FDB-Emmanuel-De-Candido-\u00a9Lara-Herbinia-300x200.jpg\" class=\"attachment-medium size-medium wp-image-7491\" alt=\"\" srcset=\"https:\/\/www.atpdelaude.com\/wp-content\/uploads\/2026\/08\/3.-FDB-Emmanuel-De-Candido-\u00a9Lara-Herbinia-300x200.jpg 300w, https:\/\/www.atpdelaude.com\/wp-content\/uploads\/2026\/08\/3.-FDB-Emmanuel-De-Candido-\u00a9Lara-Herbinia-1024x681.jpg 1024w, https:\/\/www.atpdelaude.com\/wp-content\/uploads\/2026\/08\/3.-FDB-Emmanuel-De-Candido-\u00a9Lara-Herbinia-768x511.jpg 768w, https:\/\/www.atpdelaude.com\/wp-content\/uploads\/2026\/08\/3.-FDB-Emmanuel-De-Candido-\u00a9Lara-Herbinia-1536x1022.jpg 1536w, https:\/\/www.atpdelaude.com\/wp-content\/uploads\/2026\/08\/3.-FDB-Emmanuel-De-Candido-\u00a9Lara-Herbinia-2048x1363.jpg 2048w\" sizes=\"(max-width: 300px) 100vw, 300px\" \/><\/div><\/a>\n\t\t\t\t<div class=\"elementor-post__text\">\n\t\t\t\t<h3 class=\"elementor-post__title\">\n\t\t\t<a href=\"https:\/\/www.atpdelaude.com\/?p=7490\" >\n\t\t\t\tFILS DE BATARD\t\t\t<\/a>\n\t\t<\/h3>\n\t\t\t\t<div class=\"elementor-post__excerpt\">\n\t\t\t<p>OVNI th\u00e9atral<br \/>\n24 Mars &#8211; CAPENDU<\/p>\n\t\t<\/div>\n\t\t\n\t\t<a class=\"elementor-post__read-more\" href=\"https:\/\/www.atpdelaude.com\/?p=7490\" aria-label=\"En savoir plus sur FILS DE BATARD\" tabindex=\"-1\" >\n\t\t\tInformations \u00bb\t\t<\/a>\n\n\t\t\t\t<\/div>\n\t\t\t\t\t<\/div>\n\t\t<\/article>\n\t\t\t\t<article class=\"elementor-post elementor-grid-item post-7504 post type-post status-publish format-standard has-post-thumbnail hentry category-2026-2027\" role=\"listitem\">\n\t\t\t<div class=\"elementor-post__card\">\n\t\t\t\t<a class=\"elementor-post__thumbnail__link\" href=\"https:\/\/www.atpdelaude.com\/?p=7504\" tabindex=\"-1\" ><div class=\"elementor-post__thumbnail\"><img loading=\"lazy\" decoding=\"async\" width=\"300\" height=\"200\" src=\"https:\/\/www.atpdelaude.com\/wp-content\/uploads\/2026\/08\/versant-vivant-scene01-credits-photo-Vincent-Lataillade-300x200.jpg\" class=\"attachment-medium size-medium wp-image-7510\" alt=\"\" srcset=\"https:\/\/www.atpdelaude.com\/wp-content\/uploads\/2026\/08\/versant-vivant-scene01-credits-photo-Vincent-Lataillade-300x200.jpg 300w, https:\/\/www.atpdelaude.com\/wp-content\/uploads\/2026\/08\/versant-vivant-scene01-credits-photo-Vincent-Lataillade-1024x684.jpg 1024w, https:\/\/www.atpdelaude.com\/wp-content\/uploads\/2026\/08\/versant-vivant-scene01-credits-photo-Vincent-Lataillade-768x513.jpg 768w, https:\/\/www.atpdelaude.com\/wp-content\/uploads\/2026\/08\/versant-vivant-scene01-credits-photo-Vincent-Lataillade-1536x1026.jpg 1536w, https:\/\/www.atpdelaude.com\/wp-content\/uploads\/2026\/08\/versant-vivant-scene01-credits-photo-Vincent-Lataillade-2048x1368.jpg 2048w\" sizes=\"(max-width: 300px) 100vw, 300px\" \/><\/div><\/a>\n\t\t\t\t<div class=\"elementor-post__text\">\n\t\t\t\t<h3 class=\"elementor-post__title\">\n\t\t\t<a href=\"https:\/\/www.atpdelaude.com\/?p=7504\" >\n\t\t\t\tVERSANT VIVANT\t\t\t<\/a>\n\t\t<\/h3>\n\t\t\t\t<div class=\"elementor-post__excerpt\">\n\t\t\t<p>Concert dessin\u00e9 et anim\u00e9<br \/>\n26 Mars &#8211; PENNAUTIER<\/p>\n\t\t<\/div>\n\t\t\n\t\t<a class=\"elementor-post__read-more\" href=\"https:\/\/www.atpdelaude.com\/?p=7504\" aria-label=\"En savoir plus sur VERSANT VIVANT\" tabindex=\"-1\" >\n\t\t\tInformations \u00bb\t\t<\/a>\n\n\t\t\t\t<\/div>\n\t\t\t\t\t<\/div>\n\t\t<\/article>\n\t\t\t\t<article class=\"elementor-post elementor-grid-item post-7520 post type-post status-publish format-standard has-post-thumbnail hentry category-2026-2027\" role=\"listitem\">\n\t\t\t<div class=\"elementor-post__card\">\n\t\t\t\t<a class=\"elementor-post__thumbnail__link\" href=\"https:\/\/www.atpdelaude.com\/?p=7520\" tabindex=\"-1\" ><div class=\"elementor-post__thumbnail\"><img loading=\"lazy\" decoding=\"async\" width=\"300\" height=\"200\" src=\"https:\/\/www.atpdelaude.com\/wp-content\/uploads\/2026\/08\/37A5527_web-300x200.jpg\" class=\"attachment-medium size-medium wp-image-7530\" alt=\"\" srcset=\"https:\/\/www.atpdelaude.com\/wp-content\/uploads\/2026\/08\/37A5527_web-300x200.jpg 300w, https:\/\/www.atpdelaude.com\/wp-content\/uploads\/2026\/08\/37A5527_web-1024x683.jpg 1024w, https:\/\/www.atpdelaude.com\/wp-content\/uploads\/2026\/08\/37A5527_web-768x512.jpg 768w, https:\/\/www.atpdelaude.com\/wp-content\/uploads\/2026\/08\/37A5527_web-1536x1024.jpg 1536w, https:\/\/www.atpdelaude.com\/wp-content\/uploads\/2026\/08\/37A5527_web-2048x1365.jpg 2048w\" sizes=\"(max-width: 300px) 100vw, 300px\" \/><\/div><\/a>\n\t\t\t\t<div class=\"elementor-post__text\">\n\t\t\t\t<h3 class=\"elementor-post__title\">\n\t\t\t<a href=\"https:\/\/www.atpdelaude.com\/?p=7520\" >\n\t\t\t\tN\u00c9N\u00c8NE\u00a0: histoire sortie de sous le tapis II\t\t\t<\/a>\n\t\t<\/h3>\n\t\t\t\t<div class=\"elementor-post__excerpt\">\n\t\t\t<p>Th\u00e9\u00e2tre document\u00e9<br \/>\n27 Avril &#8211; PENNAUTIER<\/p>\n\t\t<\/div>\n\t\t\n\t\t<a class=\"elementor-post__read-more\" href=\"https:\/\/www.atpdelaude.com\/?p=7520\" aria-label=\"En savoir plus sur N\u00c9N\u00c8NE\u00a0: histoire sortie de sous le tapis II\" tabindex=\"-1\" >\n\t\t\tInformations \u00bb\t\t<\/a>\n\n\t\t\t\t<\/div>\n\t\t\t\t\t<\/div>\n\t\t<\/article>\n\t\t\t\t<article class=\"elementor-post elementor-grid-item post-7539 post type-post status-publish format-standard has-post-thumbnail hentry category-2026-2027\" role=\"listitem\">\n\t\t\t<div class=\"elementor-post__card\">\n\t\t\t\t<a class=\"elementor-post__thumbnail__link\" href=\"https:\/\/www.atpdelaude.com\/?p=7539\" tabindex=\"-1\" ><div class=\"elementor-post__thumbnail\"><img loading=\"lazy\" decoding=\"async\" width=\"300\" height=\"200\" src=\"https:\/\/www.atpdelaude.com\/wp-content\/uploads\/2026\/08\/avare-2-300x200.jpg\" class=\"attachment-medium size-medium wp-image-7541\" alt=\"\" srcset=\"https:\/\/www.atpdelaude.com\/wp-content\/uploads\/2026\/08\/avare-2-300x200.jpg 300w, https:\/\/www.atpdelaude.com\/wp-content\/uploads\/2026\/08\/avare-2.jpg 678w\" sizes=\"(max-width: 300px) 100vw, 300px\" \/><\/div><\/a>\n\t\t\t\t<div class=\"elementor-post__text\">\n\t\t\t\t<h3 class=\"elementor-post__title\">\n\t\t\t<a href=\"https:\/\/www.atpdelaude.com\/?p=7539\" >\n\t\t\t\tL\u2019AVARE\t\t\t<\/a>\n\t\t<\/h3>\n\t\t\t\t<div class=\"elementor-post__excerpt\">\n\t\t\t<p>Th\u00e9\u00e2tre<br \/>\n29 Avril &#8211; NARBONNE<\/p>\n\t\t<\/div>\n\t\t\n\t\t<a class=\"elementor-post__read-more\" href=\"https:\/\/www.atpdelaude.com\/?p=7539\" aria-label=\"En savoir plus sur L\u2019AVARE\" tabindex=\"-1\" >\n\t\t\tInformations \u00bb\t\t<\/a>\n\n\t\t\t\t<\/div>\n\t\t\t\t\t<\/div>\n\t\t<\/article>\n\t\t\t\t<article class=\"elementor-post elementor-grid-item post-7548 post type-post status-publish format-standard has-post-thumbnail hentry category-2026-2027\" role=\"listitem\">\n\t\t\t<div class=\"elementor-post__card\">\n\t\t\t\t<a class=\"elementor-post__thumbnail__link\" href=\"https:\/\/www.atpdelaude.com\/?p=7548\" tabindex=\"-1\" ><div class=\"elementor-post__thumbnail\"><img loading=\"lazy\" decoding=\"async\" width=\"300\" height=\"199\" src=\"https:\/\/www.atpdelaude.com\/wp-content\/uploads\/2026\/08\/FondationduRien-LaVasteEntreprise-creditMarieClauzade-1-ok-300x199.jpg\" class=\"attachment-medium size-medium wp-image-7549\" alt=\"\" srcset=\"https:\/\/www.atpdelaude.com\/wp-content\/uploads\/2026\/08\/FondationduRien-LaVasteEntreprise-creditMarieClauzade-1-ok-300x199.jpg 300w, https:\/\/www.atpdelaude.com\/wp-content\/uploads\/2026\/08\/FondationduRien-LaVasteEntreprise-creditMarieClauzade-1-ok-1024x680.jpg 1024w, https:\/\/www.atpdelaude.com\/wp-content\/uploads\/2026\/08\/FondationduRien-LaVasteEntreprise-creditMarieClauzade-1-ok-768x510.jpg 768w, https:\/\/www.atpdelaude.com\/wp-content\/uploads\/2026\/08\/FondationduRien-LaVasteEntreprise-creditMarieClauzade-1-ok-1536x1019.jpg 1536w, https:\/\/www.atpdelaude.com\/wp-content\/uploads\/2026\/08\/FondationduRien-LaVasteEntreprise-creditMarieClauzade-1-ok-2048x1359.jpg 2048w\" sizes=\"(max-width: 300px) 100vw, 300px\" \/><\/div><\/a>\n\t\t\t\t<div class=\"elementor-post__text\">\n\t\t\t\t<h3 class=\"elementor-post__title\">\n\t\t\t<a href=\"https:\/\/www.atpdelaude.com\/?p=7548\" >\n\t\t\t\tLA FONDATION DU RIEN\t\t\t<\/a>\n\t\t<\/h3>\n\t\t\t\t<div class=\"elementor-post__excerpt\">\n\t\t\t<p>Inclassable<br \/>\n14 Mai &#8211; LIMOUX<\/p>\n\t\t<\/div>\n\t\t\n\t\t<a class=\"elementor-post__read-more\" href=\"https:\/\/www.atpdelaude.com\/?p=7548\" aria-label=\"En savoir plus sur LA FONDATION DU RIEN\" tabindex=\"-1\" >\n\t\t\tInformations \u00bb\t\t<\/a>\n\n\t\t\t\t<\/div>\n\t\t\t\t\t<\/div>\n\t\t<\/article>\n\t\t\t\t<article class=\"elementor-post elementor-grid-item post-7559 post type-post status-publish format-standard has-post-thumbnail hentry category-2026-2027\" role=\"listitem\">\n\t\t\t<div class=\"elementor-post__card\">\n\t\t\t\t<a class=\"elementor-post__thumbnail__link\" href=\"https:\/\/www.atpdelaude.com\/?p=7559\" tabindex=\"-1\" ><div class=\"elementor-post__thumbnail\"><img loading=\"lazy\" decoding=\"async\" width=\"300\" height=\"200\" src=\"https:\/\/www.atpdelaude.com\/wp-content\/uploads\/2026\/08\/MoliereMasques0031\u00a9Michel_Poussier-300x200.jpg\" class=\"attachment-medium size-medium wp-image-7567\" alt=\"\" srcset=\"https:\/\/www.atpdelaude.com\/wp-content\/uploads\/2026\/08\/MoliereMasques0031\u00a9Michel_Poussier-300x200.jpg 300w, https:\/\/www.atpdelaude.com\/wp-content\/uploads\/2026\/08\/MoliereMasques0031\u00a9Michel_Poussier-1024x683.jpg 1024w, https:\/\/www.atpdelaude.com\/wp-content\/uploads\/2026\/08\/MoliereMasques0031\u00a9Michel_Poussier-768x512.jpg 768w, https:\/\/www.atpdelaude.com\/wp-content\/uploads\/2026\/08\/MoliereMasques0031\u00a9Michel_Poussier-1536x1024.jpg 1536w, https:\/\/www.atpdelaude.com\/wp-content\/uploads\/2026\/08\/MoliereMasques0031\u00a9Michel_Poussier-2048x1365.jpg 2048w\" sizes=\"(max-width: 300px) 100vw, 300px\" \/><\/div><\/a>\n\t\t\t\t<div class=\"elementor-post__text\">\n\t\t\t\t<h3 class=\"elementor-post__title\">\n\t\t\t<a href=\"https:\/\/www.atpdelaude.com\/?p=7559\" >\n\t\t\t\tMOLIERE ET SES MASQUES\t\t\t<\/a>\n\t\t<\/h3>\n\t\t\t\t<div class=\"elementor-post__excerpt\">\n\t\t\t<p>Th\u00e9\u00e2tre<br \/>\n23 Mai &#8211; ESPEZEL<\/p>\n\t\t<\/div>\n\t\t\n\t\t<a class=\"elementor-post__read-more\" href=\"https:\/\/www.atpdelaude.com\/?p=7559\" aria-label=\"En savoir plus sur MOLIERE ET SES MASQUES\" tabindex=\"-1\" >\n\t\t\tInformations \u00bb\t\t<\/a>\n\n\t\t\t\t<\/div>\n\t\t\t\t\t<\/div>\n\t\t<\/article>\n\t\t\t\t<article class=\"elementor-post elementor-grid-item post-7574 post type-post status-publish format-standard has-post-thumbnail hentry category-2026-2027\" role=\"listitem\">\n\t\t\t<div class=\"elementor-post__card\">\n\t\t\t\t<a class=\"elementor-post__thumbnail__link\" href=\"https:\/\/www.atpdelaude.com\/?p=7574\" tabindex=\"-1\" ><div class=\"elementor-post__thumbnail\"><img loading=\"lazy\" decoding=\"async\" width=\"300\" height=\"200\" src=\"https:\/\/www.atpdelaude.com\/wp-content\/uploads\/2026\/08\/CREW-4-PhotoClub-Cluny-Gilbert-300x200.jpg\" class=\"attachment-medium size-medium wp-image-7577\" alt=\"\" srcset=\"https:\/\/www.atpdelaude.com\/wp-content\/uploads\/2026\/08\/CREW-4-PhotoClub-Cluny-Gilbert-300x200.jpg 300w, https:\/\/www.atpdelaude.com\/wp-content\/uploads\/2026\/08\/CREW-4-PhotoClub-Cluny-Gilbert-1024x683.jpg 1024w, https:\/\/www.atpdelaude.com\/wp-content\/uploads\/2026\/08\/CREW-4-PhotoClub-Cluny-Gilbert-768x512.jpg 768w, https:\/\/www.atpdelaude.com\/wp-content\/uploads\/2026\/08\/CREW-4-PhotoClub-Cluny-Gilbert-1536x1024.jpg 1536w, https:\/\/www.atpdelaude.com\/wp-content\/uploads\/2026\/08\/CREW-4-PhotoClub-Cluny-Gilbert-2048x1365.jpg 2048w\" sizes=\"(max-width: 300px) 100vw, 300px\" \/><\/div><\/a>\n\t\t\t\t<div class=\"elementor-post__text\">\n\t\t\t\t<h3 class=\"elementor-post__title\">\n\t\t\t<a href=\"https:\/\/www.atpdelaude.com\/?p=7574\" >\n\t\t\t\tLE CREW\t\t\t<\/a>\n\t\t<\/h3>\n\t\t\t\t<div class=\"elementor-post__excerpt\">\n\t\t\t<p>Danse urbaine<br \/>\n3 Juin &#8211; LIMOUX<\/p>\n\t\t<\/div>\n\t\t\n\t\t<a class=\"elementor-post__read-more\" href=\"https:\/\/www.atpdelaude.com\/?p=7574\" aria-label=\"En savoir plus sur LE CREW\" tabindex=\"-1\" >\n\t\t\tInformations \u00bb\t\t<\/a>\n\n\t\t\t\t<\/div>\n\t\t\t\t\t<\/div>\n\t\t<\/article>\n\t\t\t\t<\/div>\n\t\t\n\t\t\t\t\t\t<\/div>\n\t\t\t\t<\/div>\n\t\t\t\t<div class=\"elementor-element elementor-element-77e21923 elementor-grid-1 elementor-grid-tablet-1 elementor-hidden-desktop elementor-hidden-tablet elementor-grid-mobile-1 elementor-posts--thumbnail-top elementor-widget elementor-widget-posts\" data-id=\"77e21923\" data-element_type=\"widget\" data-e-type=\"widget\" data-settings=\"{&quot;classic_columns&quot;:&quot;1&quot;,&quot;classic_columns_tablet&quot;:&quot;1&quot;,&quot;classic_row_gap&quot;:{&quot;unit&quot;:&quot;px&quot;,&quot;size&quot;:50,&quot;sizes&quot;:[]},&quot;pagination_type&quot;:&quot;numbers&quot;,&quot;classic_columns_mobile&quot;:&quot;1&quot;,&quot;classic_row_gap_tablet&quot;:{&quot;unit&quot;:&quot;px&quot;,&quot;size&quot;:&quot;&quot;,&quot;sizes&quot;:[]},&quot;classic_row_gap_mobile&quot;:{&quot;unit&quot;:&quot;px&quot;,&quot;size&quot;:&quot;&quot;,&quot;sizes&quot;:[]}}\" data-widget_type=\"posts.classic\">\n\t\t\t\t<div class=\"elementor-widget-container\">\n\t\t\t\t\t\t\t<div class=\"elementor-posts-container elementor-posts elementor-posts--skin-classic elementor-grid\" role=\"list\">\n\t\t\t\t<article class=\"elementor-post elementor-grid-item post-7330 post type-post status-publish format-standard has-post-thumbnail hentry category-2026-2027 category-2026-2027-archive\" role=\"listitem\">\n\t\t\t\t<a class=\"elementor-post__thumbnail__link\" href=\"https:\/\/www.atpdelaude.com\/?p=7330\" tabindex=\"-1\" >\n\t\t\t<div class=\"elementor-post__thumbnail\"><img fetchpriority=\"high\" decoding=\"async\" width=\"300\" height=\"197\" src=\"https:\/\/www.atpdelaude.com\/wp-content\/uploads\/2026\/08\/J_ai-vu-Louisa-Gaspard-CP-Agne-es-Gatelet-300x197.png\" class=\"attachment-medium size-medium wp-image-7331\" alt=\"\" srcset=\"https:\/\/www.atpdelaude.com\/wp-content\/uploads\/2026\/08\/J_ai-vu-Louisa-Gaspard-CP-Agne-es-Gatelet-300x197.png 300w, https:\/\/www.atpdelaude.com\/wp-content\/uploads\/2026\/08\/J_ai-vu-Louisa-Gaspard-CP-Agne-es-Gatelet-1024x672.png 1024w, https:\/\/www.atpdelaude.com\/wp-content\/uploads\/2026\/08\/J_ai-vu-Louisa-Gaspard-CP-Agne-es-Gatelet-768x504.png 768w, https:\/\/www.atpdelaude.com\/wp-content\/uploads\/2026\/08\/J_ai-vu-Louisa-Gaspard-CP-Agne-es-Gatelet.png 1082w\" sizes=\"(max-width: 300px) 100vw, 300px\" \/><\/div>\n\t\t<\/a>\n\t\t\t\t<div class=\"elementor-post__text\">\n\t\t\t\t<h3 class=\"elementor-post__title\">\n\t\t\t<a href=\"https:\/\/www.atpdelaude.com\/?p=7330\" >\n\t\t\t\tJ&rsquo;AI VU LOUISA ET GASPARD\t\t\t<\/a>\n\t\t<\/h3>\n\t\t\t\t<div class=\"elementor-post__excerpt\">\n\t\t\t<p>D\u00e9ambulation marionnettique, musicale et intimiste<br \/>\n5 juillet &#8211; LIMOUX<\/p>\n\t\t<\/div>\n\t\t\n\t\t<a class=\"elementor-post__read-more\" href=\"https:\/\/www.atpdelaude.com\/?p=7330\" aria-label=\"En savoir plus sur J&rsquo;AI VU LOUISA ET GASPARD\" tabindex=\"-1\" >\n\t\t\tINFOS\/R\u00c9SERVATION \t\t<\/a>\n\n\t\t\t\t<\/div>\n\t\t\t\t<\/article>\n\t\t\t\t<article class=\"elementor-post elementor-grid-item post-7341 post type-post status-publish format-standard has-post-thumbnail hentry category-2026-2027\" role=\"listitem\">\n\t\t\t\t<a class=\"elementor-post__thumbnail__link\" href=\"https:\/\/www.atpdelaude.com\/?p=7341\" tabindex=\"-1\" >\n\t\t\t<div class=\"elementor-post__thumbnail\"><img decoding=\"async\" width=\"300\" height=\"200\" src=\"https:\/\/www.atpdelaude.com\/wp-content\/uploads\/2026\/08\/5_XANADOU_ROAD-MOVIE-SUR-PLACE-ET-SANS-CAMERA_\u00a9Mathieu-Vouzelaud-300x200.jpg\" class=\"attachment-medium size-medium wp-image-7344\" alt=\"\" srcset=\"https:\/\/www.atpdelaude.com\/wp-content\/uploads\/2026\/08\/5_XANADOU_ROAD-MOVIE-SUR-PLACE-ET-SANS-CAMERA_\u00a9Mathieu-Vouzelaud-300x200.jpg 300w, https:\/\/www.atpdelaude.com\/wp-content\/uploads\/2026\/08\/5_XANADOU_ROAD-MOVIE-SUR-PLACE-ET-SANS-CAMERA_\u00a9Mathieu-Vouzelaud-1024x683.jpg 1024w, https:\/\/www.atpdelaude.com\/wp-content\/uploads\/2026\/08\/5_XANADOU_ROAD-MOVIE-SUR-PLACE-ET-SANS-CAMERA_\u00a9Mathieu-Vouzelaud-768x512.jpg 768w, https:\/\/www.atpdelaude.com\/wp-content\/uploads\/2026\/08\/5_XANADOU_ROAD-MOVIE-SUR-PLACE-ET-SANS-CAMERA_\u00a9Mathieu-Vouzelaud-1536x1024.jpg 1536w, https:\/\/www.atpdelaude.com\/wp-content\/uploads\/2026\/08\/5_XANADOU_ROAD-MOVIE-SUR-PLACE-ET-SANS-CAMERA_\u00a9Mathieu-Vouzelaud-2048x1365.jpg 2048w\" sizes=\"(max-width: 300px) 100vw, 300px\" \/><\/div>\n\t\t<\/a>\n\t\t\t\t<div class=\"elementor-post__text\">\n\t\t\t\t<h3 class=\"elementor-post__title\">\n\t\t\t<a href=\"https:\/\/www.atpdelaude.com\/?p=7341\" >\n\t\t\t\tROAD MOVIE SUR PLACE &amp; SANS CAMERA\t\t\t<\/a>\n\t\t<\/h3>\n\t\t\t\t<div class=\"elementor-post__excerpt\">\n\t\t\t<p>Th\u00e9\u00e2tre de rue \/ Th\u00e9\u00e2tre de parking<\/p>\n<p> 5 septembre &#8211; LIMOUX<\/p>\n\t\t<\/div>\n\t\t\n\t\t<a class=\"elementor-post__read-more\" href=\"https:\/\/www.atpdelaude.com\/?p=7341\" aria-label=\"En savoir plus sur ROAD MOVIE SUR PLACE &amp; SANS CAMERA\" tabindex=\"-1\" >\n\t\t\tINFOS\/R\u00c9SERVATION \t\t<\/a>\n\n\t\t\t\t<\/div>\n\t\t\t\t<\/article>\n\t\t\t\t<article class=\"elementor-post elementor-grid-item post-6904 post type-post status-publish format-standard has-post-thumbnail hentry category-2026-2027\" role=\"listitem\">\n\t\t\t\t<a class=\"elementor-post__thumbnail__link\" href=\"https:\/\/www.atpdelaude.com\/?p=6904\" tabindex=\"-1\" >\n\t\t\t<div class=\"elementor-post__thumbnail\"><img decoding=\"async\" width=\"212\" height=\"300\" src=\"https:\/\/www.atpdelaude.com\/wp-content\/uploads\/2025\/08\/BB-ET-DOUDOU-Affiche-ORANGE-212x300.jpg\" class=\"attachment-medium size-medium wp-image-7222\" alt=\"\" srcset=\"https:\/\/www.atpdelaude.com\/wp-content\/uploads\/2025\/08\/BB-ET-DOUDOU-Affiche-ORANGE-212x300.jpg 212w, https:\/\/www.atpdelaude.com\/wp-content\/uploads\/2025\/08\/BB-ET-DOUDOU-Affiche-ORANGE-724x1024.jpg 724w, https:\/\/www.atpdelaude.com\/wp-content\/uploads\/2025\/08\/BB-ET-DOUDOU-Affiche-ORANGE-768x1086.jpg 768w, https:\/\/www.atpdelaude.com\/wp-content\/uploads\/2025\/08\/BB-ET-DOUDOU-Affiche-ORANGE-1086x1536.jpg 1086w, https:\/\/www.atpdelaude.com\/wp-content\/uploads\/2025\/08\/BB-ET-DOUDOU-Affiche-ORANGE.jpg 1414w\" sizes=\"(max-width: 212px) 100vw, 212px\" \/><\/div>\n\t\t<\/a>\n\t\t\t\t<div class=\"elementor-post__text\">\n\t\t\t\t<h3 class=\"elementor-post__title\">\n\t\t\t<a href=\"https:\/\/www.atpdelaude.com\/?p=6904\" >\n\t\t\t\tB\u00c9B\u00c9 &amp; DOUDOU &#8211; Les d\u00e9buts n&rsquo;ont pas d&rsquo;importance\t\t\t<\/a>\n\t\t<\/h3>\n\t\t\t\t<div class=\"elementor-post__excerpt\">\n\t\t\t<p>Th\u00e9\u00e2tre contemporain<br \/>\n22 septembre &#8211; PENNAUTIER<\/p>\n\t\t<\/div>\n\t\t\n\t\t<a class=\"elementor-post__read-more\" href=\"https:\/\/www.atpdelaude.com\/?p=6904\" aria-label=\"En savoir plus sur B\u00c9B\u00c9 &amp; DOUDOU &#8211; Les d\u00e9buts n&rsquo;ont pas d&rsquo;importance\" tabindex=\"-1\" >\n\t\t\tINFOS\/R\u00c9SERVATION \t\t<\/a>\n\n\t\t\t\t<\/div>\n\t\t\t\t<\/article>\n\t\t\t\t<article class=\"elementor-post elementor-grid-item post-7366 post type-post status-publish format-standard has-post-thumbnail hentry category-2026-2027\" role=\"listitem\">\n\t\t\t\t<a class=\"elementor-post__thumbnail__link\" href=\"https:\/\/www.atpdelaude.com\/?p=7366\" tabindex=\"-1\" >\n\t\t\t<div class=\"elementor-post__thumbnail\"><img loading=\"lazy\" decoding=\"async\" width=\"300\" height=\"200\" src=\"https:\/\/www.atpdelaude.com\/wp-content\/uploads\/2026\/08\/\u00a9Lena-Pecastaing-300x200.jpg\" class=\"attachment-medium size-medium wp-image-7371\" alt=\"\" srcset=\"https:\/\/www.atpdelaude.com\/wp-content\/uploads\/2026\/08\/\u00a9Lena-Pecastaing-300x200.jpg 300w, https:\/\/www.atpdelaude.com\/wp-content\/uploads\/2026\/08\/\u00a9Lena-Pecastaing-1024x683.jpg 1024w, https:\/\/www.atpdelaude.com\/wp-content\/uploads\/2026\/08\/\u00a9Lena-Pecastaing-768x512.jpg 768w, https:\/\/www.atpdelaude.com\/wp-content\/uploads\/2026\/08\/\u00a9Lena-Pecastaing-1536x1024.jpg 1536w, https:\/\/www.atpdelaude.com\/wp-content\/uploads\/2026\/08\/\u00a9Lena-Pecastaing-2048x1365.jpg 2048w\" sizes=\"(max-width: 300px) 100vw, 300px\" \/><\/div>\n\t\t<\/a>\n\t\t\t\t<div class=\"elementor-post__text\">\n\t\t\t\t<h3 class=\"elementor-post__title\">\n\t\t\t<a href=\"https:\/\/www.atpdelaude.com\/?p=7366\" >\n\t\t\t\tBIENVENUE AILLEURS\t\t\t<\/a>\n\t\t<\/h3>\n\t\t\t\t<div class=\"elementor-post__excerpt\">\n\t\t\t<p>Th\u00e9\u00e2tre contemporain en musique<br \/>\n26 SEPTEMBRE &#8211; PENNAUTIER<\/p>\n\t\t<\/div>\n\t\t\n\t\t<a class=\"elementor-post__read-more\" href=\"https:\/\/www.atpdelaude.com\/?p=7366\" aria-label=\"En savoir plus sur BIENVENUE AILLEURS\" tabindex=\"-1\" >\n\t\t\tINFOS\/R\u00c9SERVATION \t\t<\/a>\n\n\t\t\t\t<\/div>\n\t\t\t\t<\/article>\n\t\t\t\t<article class=\"elementor-post elementor-grid-item post-7379 post type-post status-publish format-standard has-post-thumbnail hentry category-2026-2027\" role=\"listitem\">\n\t\t\t\t<a class=\"elementor-post__thumbnail__link\" href=\"https:\/\/www.atpdelaude.com\/?p=7379\" tabindex=\"-1\" >\n\t\t\t<div class=\"elementor-post__thumbnail\"><img loading=\"lazy\" decoding=\"async\" width=\"300\" height=\"247\" src=\"https:\/\/www.atpdelaude.com\/wp-content\/uploads\/2026\/08\/Vu\u0451Alexis-Dor\u201a-300x247.jpg\" class=\"attachment-medium size-medium wp-image-7380\" alt=\"\" srcset=\"https:\/\/www.atpdelaude.com\/wp-content\/uploads\/2026\/08\/Vu\u0451Alexis-Dor\u201a-300x247.jpg 300w, https:\/\/www.atpdelaude.com\/wp-content\/uploads\/2026\/08\/Vu\u0451Alexis-Dor\u201a-1024x844.jpg 1024w, https:\/\/www.atpdelaude.com\/wp-content\/uploads\/2026\/08\/Vu\u0451Alexis-Dor\u201a-768x633.jpg 768w, https:\/\/www.atpdelaude.com\/wp-content\/uploads\/2026\/08\/Vu\u0451Alexis-Dor\u201a-1536x1266.jpg 1536w, https:\/\/www.atpdelaude.com\/wp-content\/uploads\/2026\/08\/Vu\u0451Alexis-Dor\u201a-2048x1688.jpg 2048w\" sizes=\"(max-width: 300px) 100vw, 300px\" \/><\/div>\n\t\t<\/a>\n\t\t\t\t<div class=\"elementor-post__text\">\n\t\t\t\t<h3 class=\"elementor-post__title\">\n\t\t\t<a href=\"https:\/\/www.atpdelaude.com\/?p=7379\" >\n\t\t\t\tVU\t\t\t<\/a>\n\t\t<\/h3>\n\t\t\t\t<div class=\"elementor-post__excerpt\">\n\t\t\t<p>Th\u00e9\u00e2tre objet<br \/>\n24 octobre &#8211; BUGARACH<\/p>\n\t\t<\/div>\n\t\t\n\t\t<a class=\"elementor-post__read-more\" href=\"https:\/\/www.atpdelaude.com\/?p=7379\" aria-label=\"En savoir plus sur VU\" tabindex=\"-1\" >\n\t\t\tINFOS\/R\u00c9SERVATION \t\t<\/a>\n\n\t\t\t\t<\/div>\n\t\t\t\t<\/article>\n\t\t\t\t<article class=\"elementor-post elementor-grid-item post-7388 post type-post status-publish format-standard has-post-thumbnail hentry category-2026-2027\" role=\"listitem\">\n\t\t\t\t<a class=\"elementor-post__thumbnail__link\" href=\"https:\/\/www.atpdelaude.com\/?p=7388\" tabindex=\"-1\" >\n\t\t\t<div class=\"elementor-post__thumbnail\"><img loading=\"lazy\" decoding=\"async\" width=\"300\" height=\"200\" src=\"https:\/\/www.atpdelaude.com\/wp-content\/uploads\/2026\/08\/YL-9431-300x200.jpg\" class=\"attachment-medium size-medium wp-image-7390\" alt=\"\" srcset=\"https:\/\/www.atpdelaude.com\/wp-content\/uploads\/2026\/08\/YL-9431-300x200.jpg 300w, https:\/\/www.atpdelaude.com\/wp-content\/uploads\/2026\/08\/YL-9431-1024x684.jpg 1024w, https:\/\/www.atpdelaude.com\/wp-content\/uploads\/2026\/08\/YL-9431-768x513.jpg 768w, https:\/\/www.atpdelaude.com\/wp-content\/uploads\/2026\/08\/YL-9431-1536x1025.jpg 1536w, https:\/\/www.atpdelaude.com\/wp-content\/uploads\/2026\/08\/YL-9431-2048x1367.jpg 2048w\" sizes=\"(max-width: 300px) 100vw, 300px\" \/><\/div>\n\t\t<\/a>\n\t\t\t\t<div class=\"elementor-post__text\">\n\t\t\t\t<h3 class=\"elementor-post__title\">\n\t\t\t<a href=\"https:\/\/www.atpdelaude.com\/?p=7388\" >\n\t\t\t\tJE ME SUIS REFUGIEE LA LA LA\u00a0\t\t\t<\/a>\n\t\t<\/h3>\n\t\t\t\t<div class=\"elementor-post__excerpt\">\n\t\t\t<p>R\u00e9cit tentaculaire attabl\u00e9<br \/>\n24 novembre &#8211; LIMOUX<\/p>\n\t\t<\/div>\n\t\t\n\t\t<a class=\"elementor-post__read-more\" href=\"https:\/\/www.atpdelaude.com\/?p=7388\" aria-label=\"En savoir plus sur JE ME SUIS REFUGIEE LA LA LA\u00a0\" tabindex=\"-1\" >\n\t\t\tINFOS\/R\u00c9SERVATION \t\t<\/a>\n\n\t\t\t\t<\/div>\n\t\t\t\t<\/article>\n\t\t\t\t<article class=\"elementor-post elementor-grid-item post-7395 post type-post status-publish format-standard has-post-thumbnail hentry category-2026-2027\" role=\"listitem\">\n\t\t\t\t<a class=\"elementor-post__thumbnail__link\" href=\"https:\/\/www.atpdelaude.com\/?p=7395\" tabindex=\"-1\" >\n\t\t\t<div class=\"elementor-post__thumbnail\"><img loading=\"lazy\" decoding=\"async\" width=\"300\" height=\"200\" src=\"https:\/\/www.atpdelaude.com\/wp-content\/uploads\/2026\/08\/creation-ephemere-di-das-et-calie-12-300x200.jpg\" class=\"attachment-medium size-medium wp-image-7398\" alt=\"\" srcset=\"https:\/\/www.atpdelaude.com\/wp-content\/uploads\/2026\/08\/creation-ephemere-di-das-et-calie-12-300x200.jpg 300w, https:\/\/www.atpdelaude.com\/wp-content\/uploads\/2026\/08\/creation-ephemere-di-das-et-calie-12-768x512.jpg 768w, https:\/\/www.atpdelaude.com\/wp-content\/uploads\/2026\/08\/creation-ephemere-di-das-et-calie-12.jpg 800w\" sizes=\"(max-width: 300px) 100vw, 300px\" \/><\/div>\n\t\t<\/a>\n\t\t\t\t<div class=\"elementor-post__text\">\n\t\t\t\t<h3 class=\"elementor-post__title\">\n\t\t\t<a href=\"https:\/\/www.atpdelaude.com\/?p=7395\" >\n\t\t\t\tDI DAS ET CALIE\t\t\t<\/a>\n\t\t<\/h3>\n\t\t\t\t<div class=\"elementor-post__excerpt\">\n\t\t\t<p>TH\u00c9\u00c2TRE (Jeune public)<br \/>\n4 d\u00e9cembre &#8211; PENNAUTIER<\/p>\n\t\t<\/div>\n\t\t\n\t\t<a class=\"elementor-post__read-more\" href=\"https:\/\/www.atpdelaude.com\/?p=7395\" aria-label=\"En savoir plus sur DI DAS ET CALIE\" tabindex=\"-1\" >\n\t\t\tINFOS\/R\u00c9SERVATION \t\t<\/a>\n\n\t\t\t\t<\/div>\n\t\t\t\t<\/article>\n\t\t\t\t<\/div>\n\t\t\n\t\t\t\t<div class=\"e-load-more-anchor\" data-page=\"1\" data-max-page=\"3\" data-next-page=\"https:\/\/www.atpdelaude.com\/?e-page-77e21923=2\"><\/div>\n\t\t\t\t<nav class=\"elementor-pagination\" aria-label=\"Pagination\">\n\t\t\t<span aria-current=\"page\" class=\"page-numbers current\"><span class=\"elementor-screen-only\">Page<\/span>1<\/span>\n<a class=\"page-numbers\" href=\"https:\/\/www.atpdelaude.com\/index.php\/?e-page-77e21923=2\"><span class=\"elementor-screen-only\">Page<\/span>2<\/a>\n<a class=\"page-numbers\" href=\"https:\/\/www.atpdelaude.com\/index.php\/?e-page-77e21923=3\"><span class=\"elementor-screen-only\">Page<\/span>3<\/a>\t\t<\/nav>\n\t\t\t\t\t\t<\/div>\n\t\t\t\t<\/div>\n\t\t\t\t\t<\/div>\n\t\t<\/div>\n\t\t\t\t\t<\/div>\n\t\t<\/section>\n\t\t\t\t<\/div>\n\t\t","protected":false},"excerpt":{"rendered":"<p>Saison 2026|2027<\/p>\n","protected":false},"author":2,"featured_media":0,"parent":0,"menu_order":0,"comment_status":"closed","ping_status":"closed","template":"","meta":{"footnotes":""},"class_list":["post-7316","page","type-page","status-publish","hentry"],"yoast_head":"<!-- This site is optimized with the Yoast SEO plugin v19.11 - https:\/\/yoast.com\/wordpress\/plugins\/seo\/ -->\n<title>2026-2027 - ATP de l&#039;Aude<\/title>\n<meta name=\"robots\" content=\"index, follow, max-snippet:-1, max-image-preview:large, max-video-preview:-1\" \/>\n<link rel=\"canonical\" href=\"https:\/\/www.atpdelaude.com\/?page_id=7316\" \/>\n<meta property=\"og:locale\" content=\"fr_FR\" \/>\n<meta property=\"og:type\" content=\"article\" \/>\n<meta property=\"og:title\" content=\"2026-2027 - ATP de l&#039;Aude\" \/>\n<meta property=\"og:description\" content=\"Saison 2026|2027\" \/>\n<meta property=\"og:url\" content=\"https:\/\/www.atpdelaude.com\/?page_id=7316\" \/>\n<meta property=\"og:site_name\" content=\"ATP de l&#039;Aude\" \/>\n<meta property=\"article:modified_time\" content=\"2026-09-03T17:28:10+00:00\" \/>\n<meta name=\"twitter:card\" content=\"summary_large_image\" \/>\n<meta name=\"twitter:label1\" content=\"Dur\u00e9e de lecture estim\u00e9e\" \/>\n\t<meta name=\"twitter:data1\" content=\"7 minutes\" \/>\n<script type=\"application\/ld+json\" class=\"yoast-schema-graph\">{\"@context\":\"https:\/\/schema.org\",\"@graph\":[{\"@type\":\"WebPage\",\"@id\":\"https:\/\/www.atpdelaude.com\/?page_id=7316\",\"url\":\"https:\/\/www.atpdelaude.com\/?page_id=7316\",\"name\":\"2026-2027 - ATP de l&#039;Aude\",\"isPartOf\":{\"@id\":\"https:\/\/www.atpdelaude.com\/#website\"},\"datePublished\":\"2026-08-12T14:09:14+00:00\",\"dateModified\":\"2026-09-03T17:28:10+00:00\",\"breadcrumb\":{\"@id\":\"https:\/\/www.atpdelaude.com\/?page_id=7316#breadcrumb\"},\"inLanguage\":\"fr-FR\",\"potentialAction\":[{\"@type\":\"ReadAction\",\"target\":[\"https:\/\/www.atpdelaude.com\/?page_id=7316\"]}]},{\"@type\":\"BreadcrumbList\",\"@id\":\"https:\/\/www.atpdelaude.com\/?page_id=7316#breadcrumb\",\"itemListElement\":[{\"@type\":\"ListItem\",\"position\":1,\"name\":\"Accueil\",\"item\":\"https:\/\/www.atpdelaude.com\/\"},{\"@type\":\"ListItem\",\"position\":2,\"name\":\"2026-2027\"}]},{\"@type\":\"WebSite\",\"@id\":\"https:\/\/www.atpdelaude.com\/#website\",\"url\":\"https:\/\/www.atpdelaude.com\/\",\"name\":\"ATP de l&#039;Aude\",\"description\":\"Le th\u00e9\u00e2tre en vie\",\"publisher\":{\"@id\":\"https:\/\/www.atpdelaude.com\/#organization\"},\"potentialAction\":[{\"@type\":\"SearchAction\",\"target\":{\"@type\":\"EntryPoint\",\"urlTemplate\":\"https:\/\/www.atpdelaude.com\/?s={search_term_string}\"},\"query-input\":\"required name=search_term_string\"}],\"inLanguage\":\"fr-FR\"},{\"@type\":\"Organization\",\"@id\":\"https:\/\/www.atpdelaude.com\/#organization\",\"name\":\"ATP de l&#039;Aude\",\"url\":\"https:\/\/www.atpdelaude.com\/\",\"logo\":{\"@type\":\"ImageObject\",\"inLanguage\":\"fr-FR\",\"@id\":\"https:\/\/www.atpdelaude.com\/#\/schema\/logo\/image\/\",\"url\":\"https:\/\/www.atpdelaude.com\/wp-content\/uploads\/2021\/08\/cropped-logo-atp_contour_blanc.png\",\"contentUrl\":\"https:\/\/www.atpdelaude.com\/wp-content\/uploads\/2021\/08\/cropped-logo-atp_contour_blanc.png\",\"width\":458,\"height\":346,\"caption\":\"ATP de l&#039;Aude\"},\"image\":{\"@id\":\"https:\/\/www.atpdelaude.com\/#\/schema\/logo\/image\/\"}}]}<\/script>\n<!-- \/ Yoast SEO plugin. -->","yoast_head_json":{"title":"2026-2027 - ATP de l&#039;Aude","robots":{"index":"index","follow":"follow","max-snippet":"max-snippet:-1","max-image-preview":"max-image-preview:large","max-video-preview":"max-video-preview:-1"},"canonical":"https:\/\/www.atpdelaude.com\/?page_id=7316","og_locale":"fr_FR","og_type":"article","og_title":"2026-2027 - ATP de l&#039;Aude","og_description":"Saison 2026|2027","og_url":"https:\/\/www.atpdelaude.com\/?page_id=7316","og_site_name":"ATP de l&#039;Aude","article_modified_time":"2026-09-03T17:28:10+00:00","twitter_card":"summary_large_image","twitter_misc":{"Dur\u00e9e de lecture estim\u00e9e":"7 minutes"},"schema":{"@context":"https:\/\/schema.org","@graph":[{"@type":"WebPage","@id":"https:\/\/www.atpdelaude.com\/?page_id=7316","url":"https:\/\/www.atpdelaude.com\/?page_id=7316","name":"2026-2027 - ATP de l&#039;Aude","isPartOf":{"@id":"https:\/\/www.atpdelaude.com\/#website"},"datePublished":"2026-08-12T14:09:14+00:00","dateModified":"2026-09-03T17:28:10+00:00","breadcrumb":{"@id":"https:\/\/www.atpdelaude.com\/?page_id=7316#breadcrumb"},"inLanguage":"fr-FR","potentialAction":[{"@type":"ReadAction","target":["https:\/\/www.atpdelaude.com\/?page_id=7316"]}]},{"@type":"BreadcrumbList","@id":"https:\/\/www.atpdelaude.com\/?page_id=7316#breadcrumb","itemListElement":[{"@type":"ListItem","position":1,"name":"Accueil","item":"https:\/\/www.atpdelaude.com\/"},{"@type":"ListItem","position":2,"name":"2026-2027"}]},{"@type":"WebSite","@id":"https:\/\/www.atpdelaude.com\/#website","url":"https:\/\/www.atpdelaude.com\/","name":"ATP de l&#039;Aude","description":"Le th\u00e9\u00e2tre en vie","publisher":{"@id":"https:\/\/www.atpdelaude.com\/#organization"},"potentialAction":[{"@type":"SearchAction","target":{"@type":"EntryPoint","urlTemplate":"https:\/\/www.atpdelaude.com\/?s={search_term_string}"},"query-input":"required name=search_term_string"}],"inLanguage":"fr-FR"},{"@type":"Organization","@id":"https:\/\/www.atpdelaude.com\/#organization","name":"ATP de l&#039;Aude","url":"https:\/\/www.atpdelaude.com\/","logo":{"@type":"ImageObject","inLanguage":"fr-FR","@id":"https:\/\/www.atpdelaude.com\/#\/schema\/logo\/image\/","url":"https:\/\/www.atpdelaude.com\/wp-content\/uploads\/2021\/08\/cropped-logo-atp_contour_blanc.png","contentUrl":"https:\/\/www.atpdelaude.com\/wp-content\/uploads\/2021\/08\/cropped-logo-atp_contour_blanc.png","width":458,"height":346,"caption":"ATP de l&#039;Aude"},"image":{"@id":"https:\/\/www.atpdelaude.com\/#\/schema\/logo\/image\/"}}]}},"_links":{"self":[{"href":"https:\/\/www.atpdelaude.com\/index.php?rest_route=\/wp\/v2\/pages\/7316","targetHints":{"allow":["GET"]}}],"collection":[{"href":"https:\/\/www.atpdelaude.com\/index.php?rest_route=\/wp\/v2\/pages"}],"about":[{"href":"https:\/\/www.atpdelaude.com\/index.php?rest_route=\/wp\/v2\/types\/page"}],"author":[{"embeddable":true,"href":"https:\/\/www.atpdelaude.com\/index.php?rest_route=\/wp\/v2\/users\/2"}],"replies":[{"embeddable":true,"href":"https:\/\/www.atpdelaude.com\/index.php?rest_route=%2Fwp%2Fv2%2Fcomments&post=7316"}],"version-history":[{"count":16,"href":"https:\/\/www.atpdelaude.com\/index.php?rest_route=\/wp\/v2\/pages\/7316\/revisions"}],"predecessor-version":[{"id":7739,"href":"https:\/\/www.atpdelaude.com\/index.php?rest_route=\/wp\/v2\/pages\/7316\/revisions\/7739"}],"wp:attachment":[{"href":"https:\/\/www.atpdelaude.com\/index.php?rest_route=%2Fwp%2Fv2%2Fmedia&parent=7316"}],"curies":[{"name":"wp","href":"https:\/\/api.w.org\/{rel}","templated":true}]}}