{"id":4660,"date":"2022-09-29T15:52:20","date_gmt":"2022-09-29T15:52:20","guid":{"rendered":"https:\/\/www.atpdelaude.com\/?page_id=4660"},"modified":"2024-08-28T13:12:55","modified_gmt":"2024-08-28T13:12:55","slug":"archive-des-actions-culturelles","status":"publish","type":"page","link":"https:\/\/www.atpdelaude.com\/?page_id=4660","title":{"rendered":"Archive des actions culturelles"},"content":{"rendered":"\t\t<div data-elementor-type=\"wp-page\" data-elementor-id=\"4660\" class=\"elementor elementor-4660\" data-elementor-post-type=\"page\">\n\t\t\t\t\t\t<section class=\"elementor-section elementor-top-section elementor-element elementor-element-dedf4b8 elementor-section-full_width elementor-section-height-default elementor-section-height-default\" data-id=\"dedf4b8\" data-element_type=\"section\" data-e-type=\"section\" data-settings=\"{&quot;background_background&quot;:&quot;classic&quot;}\">\n\t\t\t\t\t\t<div class=\"elementor-container elementor-column-gap-default\">\n\t\t\t\t\t<div class=\"elementor-column elementor-col-100 elementor-top-column elementor-element elementor-element-504d811f\" data-id=\"504d811f\" data-element_type=\"column\" data-e-type=\"column\">\n\t\t\t<div class=\"elementor-widget-wrap elementor-element-populated\">\n\t\t\t\t\t\t<div class=\"elementor-element elementor-element-345fe653 elementor-widget elementor-widget-image\" data-id=\"345fe653\" data-element_type=\"widget\" data-e-type=\"widget\" data-widget_type=\"image.default\">\n\t\t\t\t<div class=\"elementor-widget-container\">\n\t\t\t\t\t\t\t\t\t\t\t\t\t\t\t<img fetchpriority=\"high\" decoding=\"async\" width=\"800\" height=\"488\" src=\"https:\/\/www.atpdelaude.com\/wp-content\/uploads\/2022\/09\/velo-1-rouge-crop-1024x624.png\" class=\"attachment-large size-large wp-image-4647\" alt=\"\" srcset=\"https:\/\/www.atpdelaude.com\/wp-content\/uploads\/2022\/09\/velo-1-rouge-crop-1024x624.png 1024w, https:\/\/www.atpdelaude.com\/wp-content\/uploads\/2022\/09\/velo-1-rouge-crop-300x183.png 300w, https:\/\/www.atpdelaude.com\/wp-content\/uploads\/2022\/09\/velo-1-rouge-crop-768x468.png 768w, https:\/\/www.atpdelaude.com\/wp-content\/uploads\/2022\/09\/velo-1-rouge-crop-1536x936.png 1536w, https:\/\/www.atpdelaude.com\/wp-content\/uploads\/2022\/09\/velo-1-rouge-crop-2048x1248.png 2048w\" sizes=\"(max-width: 800px) 100vw, 800px\" \/>\t\t\t\t\t\t\t\t\t\t\t\t\t\t\t<\/div>\n\t\t\t\t<\/div>\n\t\t\t\t<div class=\"elementor-element elementor-element-5b5ab627 elementor-absolute elementor-widget elementor-widget-heading\" data-id=\"5b5ab627\" data-element_type=\"widget\" data-e-type=\"widget\" data-settings=\"{&quot;_position&quot;:&quot;absolute&quot;}\" data-widget_type=\"heading.default\">\n\t\t\t\t<div class=\"elementor-widget-container\">\n\t\t\t\t\t<h1 class=\"elementor-heading-title elementor-size-default\">ARCHIVES DES ACTIONS CULTURELLES<\/h1>\t\t\t\t<\/div>\n\t\t\t\t<\/div>\n\t\t\t\t\t<\/div>\n\t\t<\/div>\n\t\t\t\t\t<\/div>\n\t\t<\/section>\n\t\t\t\t<section class=\"elementor-section elementor-top-section elementor-element elementor-element-1569d3f8 elementor-section-boxed elementor-section-height-default elementor-section-height-default\" data-id=\"1569d3f8\" data-element_type=\"section\" data-e-type=\"section\">\n\t\t\t\t\t\t<div class=\"elementor-container elementor-column-gap-default\">\n\t\t\t\t\t<div class=\"elementor-column elementor-col-100 elementor-top-column elementor-element elementor-element-593581ce\" data-id=\"593581ce\" data-element_type=\"column\" data-e-type=\"column\">\n\t\t\t<div class=\"elementor-widget-wrap elementor-element-populated\">\n\t\t\t\t\t\t<div class=\"elementor-element elementor-element-ebf4897 elementor-widget elementor-widget-text-editor\" data-id=\"ebf4897\" data-element_type=\"widget\" data-e-type=\"widget\" data-widget_type=\"text-editor.default\">\n\t\t\t\t<div class=\"elementor-widget-container\">\n\t\t\t\t\t\t\t\t\t<p>SAISON 2023-2024<\/p>\t\t\t\t\t\t\t\t<\/div>\n\t\t\t\t<\/div>\n\t\t\t\t\t<\/div>\n\t\t<\/div>\n\t\t\t\t\t<\/div>\n\t\t<\/section>\n\t\t\t\t<section class=\"elementor-section elementor-top-section elementor-element elementor-element-6b7e33d elementor-section-boxed elementor-section-height-default elementor-section-height-default\" data-id=\"6b7e33d\" data-element_type=\"section\" data-e-type=\"section\">\n\t\t\t\t\t\t<div class=\"elementor-container elementor-column-gap-default\">\n\t\t\t\t\t<div class=\"elementor-column elementor-col-100 elementor-top-column elementor-element elementor-element-75f9f7d1\" data-id=\"75f9f7d1\" data-element_type=\"column\" data-e-type=\"column\">\n\t\t\t<div class=\"elementor-widget-wrap elementor-element-populated\">\n\t\t\t\t\t\t<div class=\"elementor-element elementor-element-73351756 elementor-widget elementor-widget-text-editor\" data-id=\"73351756\" data-element_type=\"widget\" data-e-type=\"widget\" data-widget_type=\"text-editor.default\">\n\t\t\t\t<div class=\"elementor-widget-container\">\n\t\t\t\t\t\t\t\t\t<p><strong>CGEAC<\/strong><\/p>\t\t\t\t\t\t\t\t<\/div>\n\t\t\t\t<\/div>\n\t\t\t\t<div class=\"elementor-element elementor-element-61a4dc13 elementor-widget elementor-widget-text-editor\" data-id=\"61a4dc13\" data-element_type=\"widget\" data-e-type=\"widget\" data-widget_type=\"text-editor.default\">\n\t\t\t\t<div class=\"elementor-widget-container\">\n\t\t\t\t\t\t\t\t\t<p class=\"Standard\">Communaut\u00e9 de communes du Limouxin et des Pyr\u00e9n\u00e9es Audoises<\/p>\t\t\t\t\t\t\t\t<\/div>\n\t\t\t\t<\/div>\n\t\t\t\t<div class=\"elementor-element elementor-element-6f0eba68 elementor-widget elementor-widget-text-editor\" data-id=\"6f0eba68\" data-element_type=\"widget\" data-e-type=\"widget\" data-widget_type=\"text-editor.default\">\n\t\t\t\t<div class=\"elementor-widget-container\">\n\t\t\t\t\t\t\t\t\t<p>Mise en place d\u2019une politique culturelle pour favoriser l\u2019acc\u00e8s \u00e0 l\u2019art et aux pratiques artistiques pour les enfants, les jeunes, en faisant le lien entre \u00e9ducation et culture. Il s\u2019agit de renforcer la sensibilisation aux arts. L\u2019\u00e9cole est identifi\u00e9e comme une voie privil\u00e9gi\u00e9e de collaboration.<br \/>C\u2019est pourquoi cette ann\u00e9e, nous d\u00e9dirons cette op\u00e9ration aux futurs spectateurs en programmant au coeur des lyc\u00e9es Ruffi\u00e9 \u00e0 Limoux et Edouard H\u00e9riot \u00e0 Quillan deux pi\u00e8ces de th\u00e9\u00e2tre, MAINTENANT QUE JE SAIS, compagnie du Th\u00e9\u00e2tre du Phare et SEUIL, compagnie Les grandes Mar\u00e9es<\/p><p>Avec la premi\u00e8re pi\u00e8ce, les \u00e9l\u00e8ves aborderont les notions de libert\u00e9 d&rsquo;expression, propagande, condition des femmes.<\/p><p>Avec la seconde, il sera question de consentement et de harc\u00e8lement au coll\u00e8ge.<\/p><p>Dans le cadre de l&rsquo;accueil de Seuil, les classes b\u00e9n\u00e9ficieront d&rsquo;une intervention de Florence Lenoble.<\/p><p>Dans le cadre des deux spectacles, une rencontre aura lieu avec l&rsquo;\u00e9quipe artistique apr\u00e8s la repr\u00e9sentation<\/p>\t\t\t\t\t\t\t\t<\/div>\n\t\t\t\t<\/div>\n\t\t\t\t\t<\/div>\n\t\t<\/div>\n\t\t\t\t\t<\/div>\n\t\t<\/section>\n\t\t\t\t<section class=\"elementor-section elementor-top-section elementor-element elementor-element-2a180376 elementor-section-boxed elementor-section-height-default elementor-section-height-default\" data-id=\"2a180376\" data-element_type=\"section\" data-e-type=\"section\">\n\t\t\t\t\t\t<div class=\"elementor-container elementor-column-gap-default\">\n\t\t\t\t\t<div class=\"elementor-column elementor-col-66 elementor-top-column elementor-element elementor-element-7f76c207\" data-id=\"7f76c207\" data-element_type=\"column\" data-e-type=\"column\">\n\t\t\t<div class=\"elementor-widget-wrap elementor-element-populated\">\n\t\t\t\t\t\t<div class=\"elementor-element elementor-element-2219d97f elementor-widget elementor-widget-text-editor\" data-id=\"2219d97f\" data-element_type=\"widget\" data-e-type=\"widget\" data-widget_type=\"text-editor.default\">\n\t\t\t\t<div class=\"elementor-widget-container\">\n\t\t\t\t\t\t\t\t\t<p><strong>MAINTENANT QUE JE SAIS <\/strong><\/p>\t\t\t\t\t\t\t\t<\/div>\n\t\t\t\t<\/div>\n\t\t\t\t<div class=\"elementor-element elementor-element-37906c6e elementor-widget elementor-widget-text-editor\" data-id=\"37906c6e\" data-element_type=\"widget\" data-e-type=\"widget\" data-widget_type=\"text-editor.default\">\n\t\t\t\t<div class=\"elementor-widget-container\">\n\t\t\t\t\t\t\t\t\t<p>15 Octobre 1983, en France. H\u00e9l\u00e8ne &#8211; journaliste fran\u00e7aise, correspondante au Br\u00e9sil &#8211; nous raconte l\u2019histoire de son amie Magdalena, farouche opposante au r\u00e9gime militaire en place. Magda lutte pour diffuser ses id\u00e9es de libert\u00e9 avec son amoureux, Louis; ils prennent de plus en plus de risques.<br \/>H\u00e9l\u00e8ne, face aux menaces grandissantes qui p\u00e8sent sur ses deux amis, face au d\u00e9tournement de la v\u00e9rit\u00e9, entreprend un combat pour la libert\u00e9 d\u2019expression, aux d\u00e9pens de sa propre s\u00e9curit\u00e9&#8230;<\/p>\t\t\t\t\t\t\t\t<\/div>\n\t\t\t\t<\/div>\n\t\t\t\t<div class=\"elementor-element elementor-element-14af257a elementor-align-left elementor-widget elementor-widget-button\" data-id=\"14af257a\" data-element_type=\"widget\" data-e-type=\"widget\" data-widget_type=\"button.default\">\n\t\t\t\t<div class=\"elementor-widget-container\">\n\t\t\t\t\t\t\t\t\t<div class=\"elementor-button-wrapper\">\n\t\t\t\t\t<a class=\"elementor-button elementor-button-link elementor-size-sm\" href=\"https:\/\/www.atpdelaude.com\/wp-content\/uploads\/2023\/08\/MAINTENANT-QUE-JE-SAIS-Dossier.pdf\" target=\"_blank\">\n\t\t\t\t\t\t<span class=\"elementor-button-content-wrapper\">\n\t\t\t\t\t\t\t\t\t<span class=\"elementor-button-text\">Dossier PDF<\/span>\n\t\t\t\t\t<\/span>\n\t\t\t\t\t<\/a>\n\t\t\t\t<\/div>\n\t\t\t\t\t\t\t\t<\/div>\n\t\t\t\t<\/div>\n\t\t\t\t\t<\/div>\n\t\t<\/div>\n\t\t\t\t<div class=\"elementor-column elementor-col-33 elementor-top-column elementor-element elementor-element-6643d068\" data-id=\"6643d068\" data-element_type=\"column\" data-e-type=\"column\">\n\t\t\t<div class=\"elementor-widget-wrap elementor-element-populated\">\n\t\t\t\t\t\t<div class=\"elementor-element elementor-element-1ca72a52 elementor-widget elementor-widget-gallery\" data-id=\"1ca72a52\" data-element_type=\"widget\" data-e-type=\"widget\" data-settings=\"{&quot;columns&quot;:1,&quot;gap&quot;:{&quot;unit&quot;:&quot;px&quot;,&quot;size&quot;:15,&quot;sizes&quot;:[]},&quot;lazyload&quot;:&quot;yes&quot;,&quot;gallery_layout&quot;:&quot;grid&quot;,&quot;columns_tablet&quot;:2,&quot;columns_mobile&quot;:1,&quot;gap_tablet&quot;:{&quot;unit&quot;:&quot;px&quot;,&quot;size&quot;:10,&quot;sizes&quot;:[]},&quot;gap_mobile&quot;:{&quot;unit&quot;:&quot;px&quot;,&quot;size&quot;:10,&quot;sizes&quot;:[]},&quot;link_to&quot;:&quot;file&quot;,&quot;aspect_ratio&quot;:&quot;3:2&quot;,&quot;overlay_background&quot;:&quot;yes&quot;,&quot;content_hover_animation&quot;:&quot;fade-in&quot;}\" data-widget_type=\"gallery.default\">\n\t\t\t\t<div class=\"elementor-widget-container\">\n\t\t\t\t\t\t\t<div class=\"elementor-gallery__container\">\n\t\t\t\t\t\t\t<a class=\"e-gallery-item elementor-gallery-item elementor-animated-content\" href=\"https:\/\/www.atpdelaude.com\/wp-content\/uploads\/2023\/08\/cc-Raynaud-de-Lage-_0066.jpg\" data-elementor-open-lightbox=\"yes\" data-elementor-lightbox-slideshow=\"1ca72a52\" data-elementor-lightbox-title=\"cc-Raynaud-de-Lage-_0066\" data-e-action-hash=\"#elementor-action%3Aaction%3Dlightbox%26settings%3DeyJpZCI6NTEwNiwidXJsIjoiaHR0cHM6XC9cL3d3dy5hdHBkZWxhdWRlLmNvbVwvd3AtY29udGVudFwvdXBsb2Fkc1wvMjAyM1wvMDhcL2NjLVJheW5hdWQtZGUtTGFnZS1fMDA2Ni5qcGciLCJzbGlkZXNob3ciOiIxY2E3MmE1MiJ9\">\n\t\t\t\t\t<div class=\"e-gallery-image elementor-gallery-item__image\" data-thumbnail=\"https:\/\/www.atpdelaude.com\/wp-content\/uploads\/2023\/08\/cc-Raynaud-de-Lage-_0066-300x200.jpg\" data-width=\"300\" data-height=\"200\" aria-label=\"\" role=\"img\" ><\/div>\n\t\t\t\t\t\t\t\t\t\t\t<div class=\"elementor-gallery-item__overlay\"><\/div>\n\t\t\t\t\t\t\t\t\t\t\t\t\t\t<\/a>\n\t\t\t\t\t<\/div>\n\t\t\t\t\t<\/div>\n\t\t\t\t<\/div>\n\t\t\t\t<div class=\"elementor-element elementor-element-5a69d827 elementor-widget elementor-widget-text-editor\" data-id=\"5a69d827\" data-element_type=\"widget\" data-e-type=\"widget\" data-widget_type=\"text-editor.default\">\n\t\t\t\t<div class=\"elementor-widget-container\">\n\t\t\t\t\t\t\t\t\t<p>Public<\/p>\t\t\t\t\t\t\t\t<\/div>\n\t\t\t\t<\/div>\n\t\t\t\t<div class=\"elementor-element elementor-element-4390e94b elementor-widget elementor-widget-text-editor\" data-id=\"4390e94b\" data-element_type=\"widget\" data-e-type=\"widget\" data-widget_type=\"text-editor.default\">\n\t\t\t\t<div class=\"elementor-widget-container\">\n\t\t\t\t\t\t\t\t\t<p>Les lyc\u00e9ens de l\u2019\u00e9tablissement Jacques Ruffi\u00e9 de Limoux<\/p>\t\t\t\t\t\t\t\t<\/div>\n\t\t\t\t<\/div>\n\t\t\t\t<div class=\"elementor-element elementor-element-26696855 elementor-widget elementor-widget-text-editor\" data-id=\"26696855\" data-element_type=\"widget\" data-e-type=\"widget\" data-widget_type=\"text-editor.default\">\n\t\t\t\t<div class=\"elementor-widget-container\">\n\t\t\t\t\t\t\t\t\t<p>ARTISTES<\/p>\t\t\t\t\t\t\t\t<\/div>\n\t\t\t\t<\/div>\n\t\t\t\t<div class=\"elementor-element elementor-element-1bbfa52f elementor-widget elementor-widget-text-editor\" data-id=\"1bbfa52f\" data-element_type=\"widget\" data-e-type=\"widget\" data-widget_type=\"text-editor.default\">\n\t\t\t\t<div class=\"elementor-widget-container\">\n\t\t\t\t\t\t\t\t\t<p>Jeanne Favre et Juliette Allain<\/p>\t\t\t\t\t\t\t\t<\/div>\n\t\t\t\t<\/div>\n\t\t\t\t\t<\/div>\n\t\t<\/div>\n\t\t\t\t\t<\/div>\n\t\t<\/section>\n\t\t\t\t<section class=\"elementor-section elementor-top-section elementor-element elementor-element-6a7ff1bc elementor-section-boxed elementor-section-height-default elementor-section-height-default\" data-id=\"6a7ff1bc\" data-element_type=\"section\" data-e-type=\"section\">\n\t\t\t\t\t\t<div class=\"elementor-container elementor-column-gap-default\">\n\t\t\t\t\t<div class=\"elementor-column elementor-col-66 elementor-top-column elementor-element elementor-element-3a456aee\" data-id=\"3a456aee\" data-element_type=\"column\" data-e-type=\"column\">\n\t\t\t<div class=\"elementor-widget-wrap elementor-element-populated\">\n\t\t\t\t\t\t<div class=\"elementor-element elementor-element-7767dcda elementor-widget elementor-widget-text-editor\" data-id=\"7767dcda\" data-element_type=\"widget\" data-e-type=\"widget\" data-widget_type=\"text-editor.default\">\n\t\t\t\t<div class=\"elementor-widget-container\">\n\t\t\t\t\t\t\t\t\t<p>SEUIL<\/p>\t\t\t\t\t\t\t\t<\/div>\n\t\t\t\t<\/div>\n\t\t\t\t<div class=\"elementor-element elementor-element-733cfc8f elementor-widget elementor-widget-text-editor\" data-id=\"733cfc8f\" data-element_type=\"widget\" data-e-type=\"widget\" data-widget_type=\"text-editor.default\">\n\t\t\t\t<div class=\"elementor-widget-container\">\n\t\t\t\t\t\t\t\t\t<p>\u00abVous m\u2019avez tu\u00e9\u00bb<br \/>Dans la nuit de vendredi \u00e0 samedi, Matt\u00e9o, 14 ans, laisse ce message sur les r\u00e9seaux avant de ne plus donner signe de vie. 48h plus tard, une flic intervient dans le coll\u00e8ge et interroge Noa, interne de la chambre 109 : T\u00e9moin principal ? Suspect ? Bourreau ? Noa devra r\u00e9pondre de ses actes, lui qui dit n\u2019avoir rien fait. <br \/>Seuil aborde par la fiction les m\u00e9canismes du mod\u00e8le masculin \u00e0 travers les rites de passage entre hommes.<br \/>\u00c0 travers le drame en creux de Matteo, l\u2019\u00e9criture interroge la construction du mod\u00e8le viril contemporain par la violence, et la notion de consentement.<\/p>\t\t\t\t\t\t\t\t<\/div>\n\t\t\t\t<\/div>\n\t\t\t\t<div class=\"elementor-element elementor-element-7b5406af elementor-align-left elementor-widget elementor-widget-button\" data-id=\"7b5406af\" data-element_type=\"widget\" data-e-type=\"widget\" data-widget_type=\"button.default\">\n\t\t\t\t<div class=\"elementor-widget-container\">\n\t\t\t\t\t\t\t\t\t<div class=\"elementor-button-wrapper\">\n\t\t\t\t\t<a class=\"elementor-button elementor-button-link elementor-size-sm\" href=\"https:\/\/www.atpdelaude.com\/wp-content\/uploads\/2023\/08\/Dossier-Seuil.pdf\" target=\"_blank\">\n\t\t\t\t\t\t<span class=\"elementor-button-content-wrapper\">\n\t\t\t\t\t\t\t\t\t<span class=\"elementor-button-text\">Dossier PDF<\/span>\n\t\t\t\t\t<\/span>\n\t\t\t\t\t<\/a>\n\t\t\t\t<\/div>\n\t\t\t\t\t\t\t\t<\/div>\n\t\t\t\t<\/div>\n\t\t\t\t\t<\/div>\n\t\t<\/div>\n\t\t\t\t<div class=\"elementor-column elementor-col-33 elementor-top-column elementor-element elementor-element-6f27ae44\" data-id=\"6f27ae44\" data-element_type=\"column\" data-e-type=\"column\">\n\t\t\t<div class=\"elementor-widget-wrap elementor-element-populated\">\n\t\t\t\t\t\t<div class=\"elementor-element elementor-element-707cbd8 elementor-widget elementor-widget-gallery\" data-id=\"707cbd8\" data-element_type=\"widget\" data-e-type=\"widget\" data-settings=\"{&quot;columns&quot;:1,&quot;gap&quot;:{&quot;unit&quot;:&quot;px&quot;,&quot;size&quot;:15,&quot;sizes&quot;:[]},&quot;lazyload&quot;:&quot;yes&quot;,&quot;gallery_layout&quot;:&quot;grid&quot;,&quot;columns_tablet&quot;:2,&quot;columns_mobile&quot;:1,&quot;gap_tablet&quot;:{&quot;unit&quot;:&quot;px&quot;,&quot;size&quot;:10,&quot;sizes&quot;:[]},&quot;gap_mobile&quot;:{&quot;unit&quot;:&quot;px&quot;,&quot;size&quot;:10,&quot;sizes&quot;:[]},&quot;link_to&quot;:&quot;file&quot;,&quot;aspect_ratio&quot;:&quot;3:2&quot;,&quot;overlay_background&quot;:&quot;yes&quot;,&quot;content_hover_animation&quot;:&quot;fade-in&quot;}\" data-widget_type=\"gallery.default\">\n\t\t\t\t<div class=\"elementor-widget-container\">\n\t\t\t\t\t\t\t<div class=\"elementor-gallery__container\">\n\t\t\t\t\t\t\t<a class=\"e-gallery-item elementor-gallery-item elementor-animated-content\" href=\"https:\/\/www.atpdelaude.com\/wp-content\/uploads\/2023\/08\/@Alban_van_Wassenhove6686.jpg\" data-elementor-open-lightbox=\"yes\" data-elementor-lightbox-slideshow=\"707cbd8\" data-elementor-lightbox-title=\"@Alban_van_Wassenhove6686\" data-e-action-hash=\"#elementor-action%3Aaction%3Dlightbox%26settings%3DeyJpZCI6NTE5OCwidXJsIjoiaHR0cHM6XC9cL3d3dy5hdHBkZWxhdWRlLmNvbVwvd3AtY29udGVudFwvdXBsb2Fkc1wvMjAyM1wvMDhcL0BBbGJhbl92YW5fV2Fzc2VuaG92ZTY2ODYuanBnIiwic2xpZGVzaG93IjoiNzA3Y2JkOCJ9\">\n\t\t\t\t\t<div class=\"e-gallery-image elementor-gallery-item__image\" data-thumbnail=\"https:\/\/www.atpdelaude.com\/wp-content\/uploads\/2023\/08\/@Alban_van_Wassenhove6686-300x300.jpg\" data-width=\"300\" data-height=\"300\" aria-label=\"\" role=\"img\" ><\/div>\n\t\t\t\t\t\t\t\t\t\t\t<div class=\"elementor-gallery-item__overlay\"><\/div>\n\t\t\t\t\t\t\t\t\t\t\t\t\t\t<\/a>\n\t\t\t\t\t<\/div>\n\t\t\t\t\t<\/div>\n\t\t\t\t<\/div>\n\t\t\t\t<div class=\"elementor-element elementor-element-6c67cb8b elementor-widget elementor-widget-text-editor\" data-id=\"6c67cb8b\" data-element_type=\"widget\" data-e-type=\"widget\" data-widget_type=\"text-editor.default\">\n\t\t\t\t<div class=\"elementor-widget-container\">\n\t\t\t\t\t\t\t\t\t<p>Public<\/p>\t\t\t\t\t\t\t\t<\/div>\n\t\t\t\t<\/div>\n\t\t\t\t<div class=\"elementor-element elementor-element-59afe58a elementor-widget elementor-widget-text-editor\" data-id=\"59afe58a\" data-element_type=\"widget\" data-e-type=\"widget\" data-widget_type=\"text-editor.default\">\n\t\t\t\t<div class=\"elementor-widget-container\">\n\t\t\t\t\t\t\t\t\t<p>Les lyc\u00e9ens des \u00e9tablissements Jacques Ruffi\u00e9 de Limoux et Edouard Herriot de Quillan<\/p>\t\t\t\t\t\t\t\t<\/div>\n\t\t\t\t<\/div>\n\t\t\t\t<div class=\"elementor-element elementor-element-2c79a796 elementor-widget elementor-widget-text-editor\" data-id=\"2c79a796\" data-element_type=\"widget\" data-e-type=\"widget\" data-widget_type=\"text-editor.default\">\n\t\t\t\t<div class=\"elementor-widget-container\">\n\t\t\t\t\t\t\t\t\t<p>ARTISTES<\/p>\t\t\t\t\t\t\t\t<\/div>\n\t\t\t\t<\/div>\n\t\t\t\t<div class=\"elementor-element elementor-element-21bacf9a elementor-widget elementor-widget-text-editor\" data-id=\"21bacf9a\" data-element_type=\"widget\" data-e-type=\"widget\" data-widget_type=\"text-editor.default\">\n\t\t\t\t<div class=\"elementor-widget-container\">\n\t\t\t\t\t\t\t\t\t<p>Baptiste Dupuy et Camille Soulerin<\/p>\t\t\t\t\t\t\t\t<\/div>\n\t\t\t\t<\/div>\n\t\t\t\t\t<\/div>\n\t\t<\/div>\n\t\t\t\t\t<\/div>\n\t\t<\/section>\n\t\t\t\t<section class=\"elementor-section elementor-top-section elementor-element elementor-element-2f425273 elementor-section-boxed elementor-section-height-default elementor-section-height-default\" data-id=\"2f425273\" data-element_type=\"section\" data-e-type=\"section\">\n\t\t\t\t\t\t<div class=\"elementor-container elementor-column-gap-default\">\n\t\t\t\t\t<div class=\"elementor-column elementor-col-100 elementor-top-column elementor-element elementor-element-57ba130c\" data-id=\"57ba130c\" data-element_type=\"column\" data-e-type=\"column\">\n\t\t\t<div class=\"elementor-widget-wrap elementor-element-populated\">\n\t\t\t\t\t\t<div class=\"elementor-element elementor-element-467d053f elementor-widget-divider--view-line elementor-widget elementor-widget-divider\" data-id=\"467d053f\" data-element_type=\"widget\" data-e-type=\"widget\" data-widget_type=\"divider.default\">\n\t\t\t\t<div class=\"elementor-widget-container\">\n\t\t\t\t\t\t\t<div class=\"elementor-divider\">\n\t\t\t<span class=\"elementor-divider-separator\">\n\t\t\t\t\t\t<\/span>\n\t\t<\/div>\n\t\t\t\t\t\t<\/div>\n\t\t\t\t<\/div>\n\t\t\t\t\t<\/div>\n\t\t<\/div>\n\t\t\t\t\t<\/div>\n\t\t<\/section>\n\t\t\t\t<section class=\"elementor-section elementor-top-section elementor-element elementor-element-25251295 elementor-section-boxed elementor-section-height-default elementor-section-height-default\" data-id=\"25251295\" data-element_type=\"section\" data-e-type=\"section\">\n\t\t\t\t\t\t<div class=\"elementor-container elementor-column-gap-default\">\n\t\t\t\t\t<div class=\"elementor-column elementor-col-100 elementor-top-column elementor-element elementor-element-49d24505\" data-id=\"49d24505\" data-element_type=\"column\" data-e-type=\"column\">\n\t\t\t<div class=\"elementor-widget-wrap elementor-element-populated\">\n\t\t\t\t\t\t<div class=\"elementor-element elementor-element-4125d87a elementor-widget elementor-widget-text-editor\" data-id=\"4125d87a\" data-element_type=\"widget\" data-e-type=\"widget\" data-widget_type=\"text-editor.default\">\n\t\t\t\t<div class=\"elementor-widget-container\">\n\t\t\t\t\t\t\t\t\t<p><strong>COLLEGES AU THEATRE<\/strong><\/p>\t\t\t\t\t\t\t\t<\/div>\n\t\t\t\t<\/div>\n\t\t\t\t<div class=\"elementor-element elementor-element-7833c056 elementor-widget elementor-widget-text-editor\" data-id=\"7833c056\" data-element_type=\"widget\" data-e-type=\"widget\" data-widget_type=\"text-editor.default\">\n\t\t\t\t<div class=\"elementor-widget-container\">\n\t\t\t\t\t\t\t\t\t<p><strong>Dispositif initi\u00e9 et financ\u00e9 par le Conseil D\u00e9partemental de l\u2019Aude<\/strong><\/p>\t\t\t\t\t\t\t\t<\/div>\n\t\t\t\t<\/div>\n\t\t\t\t<div class=\"elementor-element elementor-element-afaa347 elementor-widget elementor-widget-text-editor\" data-id=\"afaa347\" data-element_type=\"widget\" data-e-type=\"widget\" data-widget_type=\"text-editor.default\">\n\t\t\t\t<div class=\"elementor-widget-container\">\n\t\t\t\t\t\t\t\t\t<p>Le calendrier de cette action se construit en partenariat avec les lieux suivants :<br \/>Th\u00e9\u00e2tre Na Loba \u00e0 Pennautier, Th\u00e9\u00e2tre-Sc\u00e8nes des 3 ponts \u00e0 Castelnaudary et l\u2019Espace Cathare \u00e0 Quillan.<\/p>\t\t\t\t\t\t\t\t<\/div>\n\t\t\t\t<\/div>\n\t\t\t\t\t<\/div>\n\t\t<\/div>\n\t\t\t\t\t<\/div>\n\t\t<\/section>\n\t\t\t\t<section class=\"elementor-section elementor-top-section elementor-element elementor-element-4e07c269 elementor-section-boxed elementor-section-height-default elementor-section-height-default\" data-id=\"4e07c269\" data-element_type=\"section\" data-e-type=\"section\">\n\t\t\t\t\t\t<div class=\"elementor-container elementor-column-gap-default\">\n\t\t\t\t\t<div class=\"elementor-column elementor-col-66 elementor-top-column elementor-element elementor-element-6ccd4cc0\" data-id=\"6ccd4cc0\" data-element_type=\"column\" data-e-type=\"column\">\n\t\t\t<div class=\"elementor-widget-wrap elementor-element-populated\">\n\t\t\t\t\t\t<div class=\"elementor-element elementor-element-544aacd3 elementor-widget elementor-widget-text-editor\" data-id=\"544aacd3\" data-element_type=\"widget\" data-e-type=\"widget\" data-widget_type=\"text-editor.default\">\n\t\t\t\t<div class=\"elementor-widget-container\">\n\t\t\t\t\t\t\t\t\t<p>L\u2019action se d\u00e9roule en trois temps :<br \/>\u2013 une demi-journ\u00e9e de formation pour les enseignants men\u00e9e par B\u00e9atrice Barnole, charg\u00e9e de mission jeune public \u00e0 l\u2019ATP<br \/>\u2013 une formation des \u00e9l\u00e8ves sous forme d\u2019interventions d\u2019artistes dans chaque classe participante avec des ateliers en lien avec la th\u00e9matique du spectacle<br \/>\u2013 une repr\u00e9sentation th\u00e9\u00e2trale du spectacle<br \/>Chaque enseignant disposera d\u2019un livret p\u00e9dagogique construit par l\u2019ATP sous la forme d\u2019un carnet du spectateur qui reviendra \u00e0 chaque enfant.<\/p>\t\t\t\t\t\t\t\t<\/div>\n\t\t\t\t<\/div>\n\t\t\t\t<div class=\"elementor-element elementor-element-34407e62 elementor-widget elementor-widget-text-editor\" data-id=\"34407e62\" data-element_type=\"widget\" data-e-type=\"widget\" data-widget_type=\"text-editor.default\">\n\t\t\t\t<div class=\"elementor-widget-container\">\n\t\t\t\t\t\t\t\t\t<p>La vraie t\u00e9l\u00e9pathie<\/p>\t\t\t\t\t\t\t\t<\/div>\n\t\t\t\t<\/div>\n\t\t\t\t<div class=\"elementor-element elementor-element-5e96d654 elementor-widget elementor-widget-text-editor\" data-id=\"5e96d654\" data-element_type=\"widget\" data-e-type=\"widget\" data-widget_type=\"text-editor.default\">\n\t\t\t\t<div class=\"elementor-widget-container\">\n\t\t\t\t\t\t\t\t\t<p>Lucas cherche des cobayes pour ses exp\u00e9riences t\u00e9l\u00e9pathiques et J\u00e9richo se propose. Pas vraiment la personne que Lucas aurait voulu comme ami. Mais quand il d\u00e9couvre les probl\u00e8mes que J\u00e9richo rencontre, il n\u2019h\u00e9site pas\u2026 C\u2019est s\u00fbr, il ouvrira les \u00abboites\u00bb dans la t\u00eate de son camarade et le gu\u00e9rira de ses crises de panique.<\/p><p>Une histoire qui s&rsquo;enracine dans les amiti\u00e9s adolescentes et permettra aux \u00e9l\u00e8ves de comprendre les enjeux d&rsquo;un seul en sc\u00e8ne.<\/p>\t\t\t\t\t\t\t\t<\/div>\n\t\t\t\t<\/div>\n\t\t\t\t<div class=\"elementor-element elementor-element-20fcdfc elementor-align-left elementor-widget elementor-widget-button\" data-id=\"20fcdfc\" data-element_type=\"widget\" data-e-type=\"widget\" data-widget_type=\"button.default\">\n\t\t\t\t<div class=\"elementor-widget-container\">\n\t\t\t\t\t\t\t\t\t<div class=\"elementor-button-wrapper\">\n\t\t\t\t\t<a class=\"elementor-button elementor-button-link elementor-size-sm\" href=\"https:\/\/www.atpdelaude.com\/wp-content\/uploads\/2023\/08\/Copie-de-Dossier-artistique-La-vraie-telepathie-1.pdf\" target=\"_blank\">\n\t\t\t\t\t\t<span class=\"elementor-button-content-wrapper\">\n\t\t\t\t\t\t\t\t\t<span class=\"elementor-button-text\">Dossier PDF <\/span>\n\t\t\t\t\t<\/span>\n\t\t\t\t\t<\/a>\n\t\t\t\t<\/div>\n\t\t\t\t\t\t\t\t<\/div>\n\t\t\t\t<\/div>\n\t\t\t\t\t<\/div>\n\t\t<\/div>\n\t\t\t\t<div class=\"elementor-column elementor-col-33 elementor-top-column elementor-element elementor-element-6ed26291\" data-id=\"6ed26291\" data-element_type=\"column\" data-e-type=\"column\">\n\t\t\t<div class=\"elementor-widget-wrap elementor-element-populated\">\n\t\t\t\t\t\t<div class=\"elementor-element elementor-element-259d38b0 elementor-widget elementor-widget-gallery\" data-id=\"259d38b0\" data-element_type=\"widget\" data-e-type=\"widget\" data-settings=\"{&quot;columns&quot;:1,&quot;gap&quot;:{&quot;unit&quot;:&quot;px&quot;,&quot;size&quot;:15,&quot;sizes&quot;:[]},&quot;lazyload&quot;:&quot;yes&quot;,&quot;gallery_layout&quot;:&quot;grid&quot;,&quot;columns_tablet&quot;:2,&quot;columns_mobile&quot;:1,&quot;gap_tablet&quot;:{&quot;unit&quot;:&quot;px&quot;,&quot;size&quot;:10,&quot;sizes&quot;:[]},&quot;gap_mobile&quot;:{&quot;unit&quot;:&quot;px&quot;,&quot;size&quot;:10,&quot;sizes&quot;:[]},&quot;link_to&quot;:&quot;file&quot;,&quot;aspect_ratio&quot;:&quot;3:2&quot;,&quot;overlay_background&quot;:&quot;yes&quot;,&quot;content_hover_animation&quot;:&quot;fade-in&quot;}\" data-widget_type=\"gallery.default\">\n\t\t\t\t<div class=\"elementor-widget-container\">\n\t\t\t\t\t\t\t<div class=\"elementor-gallery__container\">\n\t\t\t\t\t\t\t<a class=\"e-gallery-item elementor-gallery-item elementor-animated-content\" href=\"https:\/\/www.atpdelaude.com\/wp-content\/uploads\/2023\/08\/2021_12_07_LA-VRAIE-TELEPATHIE_INSPEE_V.Arbelet-015.jpg\" data-elementor-open-lightbox=\"yes\" data-elementor-lightbox-slideshow=\"259d38b0\" data-elementor-lightbox-title=\"2021_12_07_LA-VRAIE-TELEPATHIE_INSPEE_V.Arbelet-015\" data-e-action-hash=\"#elementor-action%3Aaction%3Dlightbox%26settings%3DeyJpZCI6NTE3NiwidXJsIjoiaHR0cHM6XC9cL3d3dy5hdHBkZWxhdWRlLmNvbVwvd3AtY29udGVudFwvdXBsb2Fkc1wvMjAyM1wvMDhcLzIwMjFfMTJfMDdfTEEtVlJBSUUtVEVMRVBBVEhJRV9JTlNQRUVfVi5BcmJlbGV0LTAxNS5qcGciLCJzbGlkZXNob3ciOiIyNTlkMzhiMCJ9\">\n\t\t\t\t\t<div class=\"e-gallery-image elementor-gallery-item__image\" data-thumbnail=\"https:\/\/www.atpdelaude.com\/wp-content\/uploads\/2023\/08\/2021_12_07_LA-VRAIE-TELEPATHIE_INSPEE_V.Arbelet-015-300x200.jpg\" data-width=\"300\" data-height=\"200\" aria-label=\"\" role=\"img\" ><\/div>\n\t\t\t\t\t\t\t\t\t\t\t<div class=\"elementor-gallery-item__overlay\"><\/div>\n\t\t\t\t\t\t\t\t\t\t\t\t\t\t<\/a>\n\t\t\t\t\t<\/div>\n\t\t\t\t\t<\/div>\n\t\t\t\t<\/div>\n\t\t\t\t<div class=\"elementor-element elementor-element-72b098a8 elementor-widget elementor-widget-text-editor\" data-id=\"72b098a8\" data-element_type=\"widget\" data-e-type=\"widget\" data-widget_type=\"text-editor.default\">\n\t\t\t\t<div class=\"elementor-widget-container\">\n\t\t\t\t\t\t\t\t\t<p>Public<\/p>\t\t\t\t\t\t\t\t<\/div>\n\t\t\t\t<\/div>\n\t\t\t\t<div class=\"elementor-element elementor-element-4517418 elementor-widget elementor-widget-text-editor\" data-id=\"4517418\" data-element_type=\"widget\" data-e-type=\"widget\" data-widget_type=\"text-editor.default\">\n\t\t\t\t<div class=\"elementor-widget-container\">\n\t\t\t\t\t\t\t\t\t<p>Classes de 5\u00e8me des coll\u00e8ges de Limoux, Couiza, Quillan, Castelnaudary, Bram, Carcassonne, Tr\u00e8bes \u2013 environ 2000 \u00e9l\u00e8ves<\/p>\t\t\t\t\t\t\t\t<\/div>\n\t\t\t\t<\/div>\n\t\t\t\t<div class=\"elementor-element elementor-element-4f89e442 elementor-widget elementor-widget-text-editor\" data-id=\"4f89e442\" data-element_type=\"widget\" data-e-type=\"widget\" data-widget_type=\"text-editor.default\">\n\t\t\t\t<div class=\"elementor-widget-container\">\n\t\t\t\t\t\t\t\t\t<p>ARTISTE<\/p>\t\t\t\t\t\t\t\t<\/div>\n\t\t\t\t<\/div>\n\t\t\t\t<div class=\"elementor-element elementor-element-1b85ce79 elementor-widget elementor-widget-text-editor\" data-id=\"1b85ce79\" data-element_type=\"widget\" data-e-type=\"widget\" data-widget_type=\"text-editor.default\">\n\t\t\t\t<div class=\"elementor-widget-container\">\n\t\t\t\t\t\t\t\t\t<p>Hugues De la Salle<\/p>\t\t\t\t\t\t\t\t<\/div>\n\t\t\t\t<\/div>\n\t\t\t\t\t<\/div>\n\t\t<\/div>\n\t\t\t\t\t<\/div>\n\t\t<\/section>\n\t\t\t\t<section class=\"elementor-section elementor-top-section elementor-element elementor-element-f4dcb8c elementor-section-boxed elementor-section-height-default elementor-section-height-default\" data-id=\"f4dcb8c\" data-element_type=\"section\" data-e-type=\"section\">\n\t\t\t\t\t\t<div class=\"elementor-container elementor-column-gap-default\">\n\t\t\t\t\t<div class=\"elementor-column elementor-col-100 elementor-top-column elementor-element elementor-element-112e736\" data-id=\"112e736\" data-element_type=\"column\" data-e-type=\"column\">\n\t\t\t<div class=\"elementor-widget-wrap elementor-element-populated\">\n\t\t\t\t\t\t<div class=\"elementor-element elementor-element-fa2eb63 elementor-widget-divider--view-line elementor-widget elementor-widget-divider\" data-id=\"fa2eb63\" data-element_type=\"widget\" data-e-type=\"widget\" data-widget_type=\"divider.default\">\n\t\t\t\t<div class=\"elementor-widget-container\">\n\t\t\t\t\t\t\t<div class=\"elementor-divider\">\n\t\t\t<span class=\"elementor-divider-separator\">\n\t\t\t\t\t\t<\/span>\n\t\t<\/div>\n\t\t\t\t\t\t<\/div>\n\t\t\t\t<\/div>\n\t\t\t\t\t<\/div>\n\t\t<\/div>\n\t\t\t\t\t<\/div>\n\t\t<\/section>\n\t\t\t\t<section class=\"elementor-section elementor-top-section elementor-element elementor-element-f78cfe6 elementor-section-boxed elementor-section-height-default elementor-section-height-default\" data-id=\"f78cfe6\" data-element_type=\"section\" data-e-type=\"section\">\n\t\t\t\t\t\t<div class=\"elementor-container elementor-column-gap-default\">\n\t\t\t\t\t<div class=\"elementor-column elementor-col-100 elementor-top-column elementor-element elementor-element-94982cc\" data-id=\"94982cc\" data-element_type=\"column\" data-e-type=\"column\">\n\t\t\t<div class=\"elementor-widget-wrap elementor-element-populated\">\n\t\t\t\t\t\t<div class=\"elementor-element elementor-element-cea0ff7 elementor-widget elementor-widget-text-editor\" data-id=\"cea0ff7\" data-element_type=\"widget\" data-e-type=\"widget\" data-widget_type=\"text-editor.default\">\n\t\t\t\t<div class=\"elementor-widget-container\">\n\t\t\t\t\t\t\t\t\t<p>SAISON 2022-2023<\/p>\t\t\t\t\t\t\t\t<\/div>\n\t\t\t\t<\/div>\n\t\t\t\t\t<\/div>\n\t\t<\/div>\n\t\t\t\t\t<\/div>\n\t\t<\/section>\n\t\t\t\t<section class=\"elementor-section elementor-top-section elementor-element elementor-element-5839e5fc elementor-section-boxed elementor-section-height-default elementor-section-height-default\" data-id=\"5839e5fc\" data-element_type=\"section\" data-e-type=\"section\">\n\t\t\t\t\t\t<div class=\"elementor-container elementor-column-gap-default\">\n\t\t\t\t\t<div class=\"elementor-column elementor-col-100 elementor-top-column elementor-element elementor-element-5903300c\" data-id=\"5903300c\" data-element_type=\"column\" data-e-type=\"column\">\n\t\t\t<div class=\"elementor-widget-wrap elementor-element-populated\">\n\t\t\t\t\t\t<div class=\"elementor-element elementor-element-5f1571f4 elementor-widget elementor-widget-text-editor\" data-id=\"5f1571f4\" data-element_type=\"widget\" data-e-type=\"widget\" data-widget_type=\"text-editor.default\">\n\t\t\t\t<div class=\"elementor-widget-container\">\n\t\t\t\t\t\t\t\t\t<p><strong>CGEAC<\/strong><\/p>\t\t\t\t\t\t\t\t<\/div>\n\t\t\t\t<\/div>\n\t\t\t\t<div class=\"elementor-element elementor-element-49bfddc6 elementor-widget elementor-widget-text-editor\" data-id=\"49bfddc6\" data-element_type=\"widget\" data-e-type=\"widget\" data-widget_type=\"text-editor.default\">\n\t\t\t\t<div class=\"elementor-widget-container\">\n\t\t\t\t\t\t\t\t\t<p class=\"Standard\">Communaut\u00e9 de communes du Limouxin et des Pyr\u00e9n\u00e9es Audoises<\/p>\t\t\t\t\t\t\t\t<\/div>\n\t\t\t\t<\/div>\n\t\t\t\t<div class=\"elementor-element elementor-element-4bca01d elementor-widget elementor-widget-text-editor\" data-id=\"4bca01d\" data-element_type=\"widget\" data-e-type=\"widget\" data-widget_type=\"text-editor.default\">\n\t\t\t\t<div class=\"elementor-widget-container\">\n\t\t\t\t\t\t\t\t\t<p>Mise en place une politique culturelle pour favoriser l\u2019acc\u00e8s \u00e0 l\u2019art et aux pratiques artistiques pour les enfants, les jeunes, en faisant le lien entre \u00e9ducation et culture. Il s\u2019agit de renforcer la sensibilisation aux arts. L\u2019\u00e9cole est identifi\u00e9e comme une voie privil\u00e9gi\u00e9e de collaboration.<\/p>\t\t\t\t\t\t\t\t<\/div>\n\t\t\t\t<\/div>\n\t\t\t\t\t<\/div>\n\t\t<\/div>\n\t\t\t\t\t<\/div>\n\t\t<\/section>\n\t\t\t\t<section class=\"elementor-section elementor-top-section elementor-element elementor-element-5c847c31 elementor-section-boxed elementor-section-height-default elementor-section-height-default\" data-id=\"5c847c31\" data-element_type=\"section\" data-e-type=\"section\">\n\t\t\t\t\t\t<div class=\"elementor-container elementor-column-gap-default\">\n\t\t\t\t\t<div class=\"elementor-column elementor-col-66 elementor-top-column elementor-element elementor-element-150b4681\" data-id=\"150b4681\" data-element_type=\"column\" data-e-type=\"column\">\n\t\t\t<div class=\"elementor-widget-wrap elementor-element-populated\">\n\t\t\t\t\t\t<div class=\"elementor-element elementor-element-77f60b8b elementor-widget elementor-widget-text-editor\" data-id=\"77f60b8b\" data-element_type=\"widget\" data-e-type=\"widget\" data-widget_type=\"text-editor.default\">\n\t\t\t\t<div class=\"elementor-widget-container\">\n\t\t\t\t\t\t\t\t\t<p>Eclipse(s)<\/p>\t\t\t\t\t\t\t\t<\/div>\n\t\t\t\t<\/div>\n\t\t\t\t<div class=\"elementor-element elementor-element-5768ce12 elementor-widget elementor-widget-text-editor\" data-id=\"5768ce12\" data-element_type=\"widget\" data-e-type=\"widget\" data-widget_type=\"text-editor.default\">\n\t\t\t\t<div class=\"elementor-widget-container\">\n\t\t\t\t\t\t\t\t\t<p>L&rsquo;artiste met en place des ateliers permettant aux enfants de s&rsquo;approprier les effets d&rsquo;illusion et d&rsquo;\u00e9llipse temporelle par la pr\u00e9sence ou l&rsquo;absence de lumi\u00e8re. En s&rsquo;appropriant le dispositif d&rsquo;allumage et d&rsquo;extinction de la lumi\u00e8re, ils cr\u00e9ent et ex\u00e9cutent collectivement des encha\u00eenements de mouvements allant du geste quotidien jusqu&rsquo;a la chor\u00e9graphie. Le fait de choisir d\u2019\u00e9teindre ou d&rsquo;allumer la lumi\u00e8re, de montrer ou de cacher un geste ou un autre permet de cr\u00e9er des illusions, des situations ou des effets visuels que nous<br \/>d\u00e9couvrons et cr\u00e9ons ensemble.<br \/>Comp\u00e9tences acquises lors de l&rsquo;atelier :<br \/>\u25cf motricit\u00e9 fine : d\u00e9composition de mouvements simples, quotidiens.<br \/>\u25cfm\u00e9morisation et cr\u00e9ativit\u00e9 : cr\u00e9ation et d\u00e9monstration de s\u00e9quences corporelles<br \/>\u25cf \u00e9coute et coordination avec des partenaires : gestes simultan\u00e9s, chor\u00e9graphie.<\/p>\t\t\t\t\t\t\t\t<\/div>\n\t\t\t\t<\/div>\n\t\t\t\t<div class=\"elementor-element elementor-element-ac07d88 elementor-align-left elementor-widget elementor-widget-button\" data-id=\"ac07d88\" data-element_type=\"widget\" data-e-type=\"widget\" data-widget_type=\"button.default\">\n\t\t\t\t<div class=\"elementor-widget-container\">\n\t\t\t\t\t\t\t\t\t<div class=\"elementor-button-wrapper\">\n\t\t\t\t\t<a class=\"elementor-button elementor-button-link elementor-size-sm\" href=\"https:\/\/cirquepetitesnatures.fr\/spectacles\/\" target=\"_blank\">\n\t\t\t\t\t\t<span class=\"elementor-button-content-wrapper\">\n\t\t\t\t\t\t\t\t\t<span class=\"elementor-button-text\">Acc\u00e8s site<\/span>\n\t\t\t\t\t<\/span>\n\t\t\t\t\t<\/a>\n\t\t\t\t<\/div>\n\t\t\t\t\t\t\t\t<\/div>\n\t\t\t\t<\/div>\n\t\t\t\t\t<\/div>\n\t\t<\/div>\n\t\t\t\t<div class=\"elementor-column elementor-col-33 elementor-top-column elementor-element elementor-element-38c8a01d\" data-id=\"38c8a01d\" data-element_type=\"column\" data-e-type=\"column\" data-settings=\"{&quot;background_background&quot;:&quot;gradient&quot;}\">\n\t\t\t<div class=\"elementor-widget-wrap elementor-element-populated\">\n\t\t\t\t\t\t<div class=\"elementor-element elementor-element-51db0f3a elementor-widget elementor-widget-gallery\" data-id=\"51db0f3a\" data-element_type=\"widget\" data-e-type=\"widget\" data-settings=\"{&quot;columns&quot;:1,&quot;gap&quot;:{&quot;unit&quot;:&quot;px&quot;,&quot;size&quot;:15,&quot;sizes&quot;:[]},&quot;lazyload&quot;:&quot;yes&quot;,&quot;gallery_layout&quot;:&quot;grid&quot;,&quot;columns_tablet&quot;:2,&quot;columns_mobile&quot;:1,&quot;gap_tablet&quot;:{&quot;unit&quot;:&quot;px&quot;,&quot;size&quot;:10,&quot;sizes&quot;:[]},&quot;gap_mobile&quot;:{&quot;unit&quot;:&quot;px&quot;,&quot;size&quot;:10,&quot;sizes&quot;:[]},&quot;link_to&quot;:&quot;file&quot;,&quot;aspect_ratio&quot;:&quot;3:2&quot;,&quot;overlay_background&quot;:&quot;yes&quot;,&quot;content_hover_animation&quot;:&quot;fade-in&quot;}\" data-widget_type=\"gallery.default\">\n\t\t\t\t<div class=\"elementor-widget-container\">\n\t\t\t\t\t\t\t<div class=\"elementor-gallery__container\">\n\t\t\t\t\t\t\t<a class=\"e-gallery-item elementor-gallery-item elementor-animated-content\" href=\"https:\/\/www.atpdelaude.com\/wp-content\/uploads\/2022\/09\/photo-ECLIPSE-Camille-La-Verde--scaled.jpg\" data-elementor-open-lightbox=\"yes\" data-elementor-lightbox-slideshow=\"51db0f3a\" data-elementor-lightbox-title=\"photo ECLIPSE - Camille La Verde\" data-e-action-hash=\"#elementor-action%3Aaction%3Dlightbox%26settings%3DeyJpZCI6NDIyOCwidXJsIjoiaHR0cHM6XC9cL3d3dy5hdHBkZWxhdWRlLmNvbVwvd3AtY29udGVudFwvdXBsb2Fkc1wvMjAyMlwvMDlcL3Bob3RvLUVDTElQU0UtQ2FtaWxsZS1MYS1WZXJkZS0tc2NhbGVkLmpwZyIsInNsaWRlc2hvdyI6IjUxZGIwZjNhIn0%3D\">\n\t\t\t\t\t<div class=\"e-gallery-image elementor-gallery-item__image\" data-thumbnail=\"https:\/\/www.atpdelaude.com\/wp-content\/uploads\/2022\/09\/photo-ECLIPSE-Camille-La-Verde--300x200.jpg\" data-width=\"300\" data-height=\"200\" aria-label=\"\" role=\"img\" ><\/div>\n\t\t\t\t\t\t\t\t\t\t\t<div class=\"elementor-gallery-item__overlay\"><\/div>\n\t\t\t\t\t\t\t\t\t\t\t\t\t\t<\/a>\n\t\t\t\t\t<\/div>\n\t\t\t\t\t<\/div>\n\t\t\t\t<\/div>\n\t\t\t\t<div class=\"elementor-element elementor-element-158ef344 elementor-widget elementor-widget-text-editor\" data-id=\"158ef344\" data-element_type=\"widget\" data-e-type=\"widget\" data-widget_type=\"text-editor.default\">\n\t\t\t\t<div class=\"elementor-widget-container\">\n\t\t\t\t\t\t\t\t\t<p>Public<\/p>\t\t\t\t\t\t\t\t<\/div>\n\t\t\t\t<\/div>\n\t\t\t\t<div class=\"elementor-element elementor-element-79556a8d elementor-widget elementor-widget-text-editor\" data-id=\"79556a8d\" data-element_type=\"widget\" data-e-type=\"widget\" data-widget_type=\"text-editor.default\">\n\t\t\t\t<div class=\"elementor-widget-container\">\n\t\t\t\t\t\t\t\t\t<p>Enfants des classes du CP au CM2 \u2013 Ateliers de 1 heures par groupes de 12 \u00e0 15 \u00e9l\u00e8ves<\/p><p>Axat \u2013 Lauraguel &#8211; Quillan<\/p>\t\t\t\t\t\t\t\t<\/div>\n\t\t\t\t<\/div>\n\t\t\t\t<div class=\"elementor-element elementor-element-5631fb05 elementor-widget elementor-widget-text-editor\" data-id=\"5631fb05\" data-element_type=\"widget\" data-e-type=\"widget\" data-widget_type=\"text-editor.default\">\n\t\t\t\t<div class=\"elementor-widget-container\">\n\t\t\t\t\t\t\t\t\t<p>ARTISTE<\/p>\t\t\t\t\t\t\t\t<\/div>\n\t\t\t\t<\/div>\n\t\t\t\t<div class=\"elementor-element elementor-element-73702623 elementor-widget elementor-widget-text-editor\" data-id=\"73702623\" data-element_type=\"widget\" data-e-type=\"widget\" data-widget_type=\"text-editor.default\">\n\t\t\t\t<div class=\"elementor-widget-container\">\n\t\t\t\t\t\t\t\t\t<p><b>L\u00e9o Rousselet<\/b><\/p>\t\t\t\t\t\t\t\t<\/div>\n\t\t\t\t<\/div>\n\t\t\t\t\t<\/div>\n\t\t<\/div>\n\t\t\t\t\t<\/div>\n\t\t<\/section>\n\t\t\t\t<section class=\"elementor-section elementor-top-section elementor-element elementor-element-2f23cbc7 elementor-section-boxed elementor-section-height-default elementor-section-height-default\" data-id=\"2f23cbc7\" data-element_type=\"section\" data-e-type=\"section\">\n\t\t\t\t\t\t<div class=\"elementor-container elementor-column-gap-default\">\n\t\t\t\t\t<div class=\"elementor-column elementor-col-100 elementor-top-column elementor-element elementor-element-13199f20\" data-id=\"13199f20\" data-element_type=\"column\" data-e-type=\"column\">\n\t\t\t<div class=\"elementor-widget-wrap elementor-element-populated\">\n\t\t\t\t\t\t<div class=\"elementor-element elementor-element-752e1022 elementor-widget elementor-widget-text-editor\" data-id=\"752e1022\" data-element_type=\"widget\" data-e-type=\"widget\" data-widget_type=\"text-editor.default\">\n\t\t\t\t<div class=\"elementor-widget-container\">\n\t\t\t\t\t\t\t\t\t<p><strong>COLLEGES AU THEATRE<\/strong><\/p>\t\t\t\t\t\t\t\t<\/div>\n\t\t\t\t<\/div>\n\t\t\t\t<div class=\"elementor-element elementor-element-45ca5e43 elementor-widget elementor-widget-text-editor\" data-id=\"45ca5e43\" data-element_type=\"widget\" data-e-type=\"widget\" data-widget_type=\"text-editor.default\">\n\t\t\t\t<div class=\"elementor-widget-container\">\n\t\t\t\t\t\t\t\t\t<p><strong>Dispositif initi\u00e9 et financ\u00e9 par le Conseil D\u00e9partemental de l\u2019Aude<\/strong><\/p>\t\t\t\t\t\t\t\t<\/div>\n\t\t\t\t<\/div>\n\t\t\t\t<div class=\"elementor-element elementor-element-612d2b4 elementor-widget elementor-widget-text-editor\" data-id=\"612d2b4\" data-element_type=\"widget\" data-e-type=\"widget\" data-widget_type=\"text-editor.default\">\n\t\t\t\t<div class=\"elementor-widget-container\">\n\t\t\t\t\t\t\t\t\t<p>Le calendrier de cette action se construit en partenariat avec les lieux suivants\u00a0:<br \/>Th\u00e9\u00e2tre Na Loba \u00e0 Pennautier, Th\u00e9\u00e2tre-Sc\u00e8nes des 3 ponts \u00e0 Castelnaudary et l\u2019Espace Cathare \u00e0 Quillan.<\/p>\t\t\t\t\t\t\t\t<\/div>\n\t\t\t\t<\/div>\n\t\t\t\t\t<\/div>\n\t\t<\/div>\n\t\t\t\t\t<\/div>\n\t\t<\/section>\n\t\t\t\t<section class=\"elementor-section elementor-top-section elementor-element elementor-element-2c2c507a elementor-section-boxed elementor-section-height-default elementor-section-height-default\" data-id=\"2c2c507a\" data-element_type=\"section\" data-e-type=\"section\">\n\t\t\t\t\t\t<div class=\"elementor-container elementor-column-gap-default\">\n\t\t\t\t\t<div class=\"elementor-column elementor-col-66 elementor-top-column elementor-element elementor-element-74136937\" data-id=\"74136937\" data-element_type=\"column\" data-e-type=\"column\">\n\t\t\t<div class=\"elementor-widget-wrap elementor-element-populated\">\n\t\t\t\t\t\t<div class=\"elementor-element elementor-element-2f9607ca elementor-widget elementor-widget-text-editor\" data-id=\"2f9607ca\" data-element_type=\"widget\" data-e-type=\"widget\" data-widget_type=\"text-editor.default\">\n\t\t\t\t<div class=\"elementor-widget-container\">\n\t\t\t\t\t\t\t\t\t<p><strong>L&rsquo;Odyss\u00e9e<\/strong><\/p>\t\t\t\t\t\t\t\t<\/div>\n\t\t\t\t<\/div>\n\t\t\t\t<div class=\"elementor-element elementor-element-7fdd33fe elementor-widget elementor-widget-text-editor\" data-id=\"7fdd33fe\" data-element_type=\"widget\" data-e-type=\"widget\" data-widget_type=\"text-editor.default\">\n\t\t\t\t<div class=\"elementor-widget-container\">\n\t\t\t\t\t\t\t\t\t<p>L\u2019action se d\u00e9roule en trois temps :<\/p><p>\u2013 une demi-journ\u00e9e de formation pour les enseignants men\u00e9e par B\u00e9atrice Barnole, charg\u00e9e de mission jeune public \u00e0 l\u2019ATP et Simon Grangeat, auteur dramatique<\/p><p>\u2013 une formation des \u00e9l\u00e8ves sous forme d\u2019interventions d\u2019artistes dans chaque classe participante avec des ateliers en lien avec la th\u00e9matique du spectacle<\/p><p>\u2013 une repr\u00e9sentation th\u00e9\u00e2trale du spectacle<\/p><p>\u00a0Chaque enseignant disposera d\u2019un livret p\u00e9dagogique construit par l\u2019ATP sous la forme d\u2019un carnet du spectateur qui reviendra \u00e0 chaque enfant.<\/p><p>Le spectacle abordera le voyage d&rsquo;Ulysse dans une mise en sc\u00e8ne aux allures de concert rock pour un spectacle \u00e0 la fois fantastique et dr\u00f4le.<\/p>\t\t\t\t\t\t\t\t<\/div>\n\t\t\t\t<\/div>\n\t\t\t\t<div class=\"elementor-element elementor-element-161f3809 elementor-align-left elementor-widget elementor-widget-button\" data-id=\"161f3809\" data-element_type=\"widget\" data-e-type=\"widget\" data-widget_type=\"button.default\">\n\t\t\t\t<div class=\"elementor-widget-container\">\n\t\t\t\t\t\t\t\t\t<div class=\"elementor-button-wrapper\">\n\t\t\t\t\t<a class=\"elementor-button elementor-button-link elementor-size-sm\" href=\"\" target=\"_blank\">\n\t\t\t\t\t\t<span class=\"elementor-button-content-wrapper\">\n\t\t\t\t\t\t\t\t\t<span class=\"elementor-button-text\">Dossier PDF <\/span>\n\t\t\t\t\t<\/span>\n\t\t\t\t\t<\/a>\n\t\t\t\t<\/div>\n\t\t\t\t\t\t\t\t<\/div>\n\t\t\t\t<\/div>\n\t\t\t\t\t<\/div>\n\t\t<\/div>\n\t\t\t\t<div class=\"elementor-column elementor-col-33 elementor-top-column elementor-element elementor-element-4cdc057b\" data-id=\"4cdc057b\" data-element_type=\"column\" data-e-type=\"column\" data-settings=\"{&quot;background_background&quot;:&quot;classic&quot;}\">\n\t\t\t<div class=\"elementor-widget-wrap elementor-element-populated\">\n\t\t\t\t\t\t<div class=\"elementor-element elementor-element-6255d78c elementor-widget elementor-widget-gallery\" data-id=\"6255d78c\" data-element_type=\"widget\" data-e-type=\"widget\" data-settings=\"{&quot;columns&quot;:1,&quot;gap&quot;:{&quot;unit&quot;:&quot;px&quot;,&quot;size&quot;:15,&quot;sizes&quot;:[]},&quot;lazyload&quot;:&quot;yes&quot;,&quot;gallery_layout&quot;:&quot;grid&quot;,&quot;columns_tablet&quot;:2,&quot;columns_mobile&quot;:1,&quot;gap_tablet&quot;:{&quot;unit&quot;:&quot;px&quot;,&quot;size&quot;:10,&quot;sizes&quot;:[]},&quot;gap_mobile&quot;:{&quot;unit&quot;:&quot;px&quot;,&quot;size&quot;:10,&quot;sizes&quot;:[]},&quot;link_to&quot;:&quot;file&quot;,&quot;aspect_ratio&quot;:&quot;3:2&quot;,&quot;overlay_background&quot;:&quot;yes&quot;,&quot;content_hover_animation&quot;:&quot;fade-in&quot;}\" data-widget_type=\"gallery.default\">\n\t\t\t\t<div class=\"elementor-widget-container\">\n\t\t\t\t\t\t\t<div class=\"elementor-gallery__container\">\n\t\t\t\t\t\t\t<a class=\"e-gallery-item elementor-gallery-item elementor-animated-content\" href=\"https:\/\/www.atpdelaude.com\/wp-content\/uploads\/2022\/09\/LOdyssee2JeanLouisFernandez-039.jpg\" data-elementor-open-lightbox=\"yes\" data-elementor-lightbox-slideshow=\"6255d78c\" data-elementor-lightbox-title=\"LOdyssee2JeanLouisFernandez 039\" data-e-action-hash=\"#elementor-action%3Aaction%3Dlightbox%26settings%3DeyJpZCI6NDM3NCwidXJsIjoiaHR0cHM6XC9cL3d3dy5hdHBkZWxhdWRlLmNvbVwvd3AtY29udGVudFwvdXBsb2Fkc1wvMjAyMlwvMDlcL0xPZHlzc2VlMkplYW5Mb3Vpc0Zlcm5hbmRlei0wMzkuanBnIiwic2xpZGVzaG93IjoiNjI1NWQ3OGMifQ%3D%3D\">\n\t\t\t\t\t<div class=\"e-gallery-image elementor-gallery-item__image\" data-thumbnail=\"https:\/\/www.atpdelaude.com\/wp-content\/uploads\/2022\/09\/LOdyssee2JeanLouisFernandez-039-300x200.jpg\" data-width=\"300\" data-height=\"200\" aria-label=\"\" role=\"img\" ><\/div>\n\t\t\t\t\t\t\t\t\t\t\t<div class=\"elementor-gallery-item__overlay\"><\/div>\n\t\t\t\t\t\t\t\t\t\t\t\t\t\t<\/a>\n\t\t\t\t\t<\/div>\n\t\t\t\t\t<\/div>\n\t\t\t\t<\/div>\n\t\t\t\t<div class=\"elementor-element elementor-element-1df61fc elementor-widget elementor-widget-text-editor\" data-id=\"1df61fc\" data-element_type=\"widget\" data-e-type=\"widget\" data-widget_type=\"text-editor.default\">\n\t\t\t\t<div class=\"elementor-widget-container\">\n\t\t\t\t\t\t\t\t\t<p>Public<\/p>\t\t\t\t\t\t\t\t<\/div>\n\t\t\t\t<\/div>\n\t\t\t\t<div class=\"elementor-element elementor-element-108f9255 elementor-widget elementor-widget-text-editor\" data-id=\"108f9255\" data-element_type=\"widget\" data-e-type=\"widget\" data-widget_type=\"text-editor.default\">\n\t\t\t\t<div class=\"elementor-widget-container\">\n\t\t\t\t\t\t\t\t\t<p>Classes de 5\u00e8me des coll\u00e8ges de Limoux, Couiza, Quillan, Castelnaudary, Bram, Carcassonne, Tr\u00e8bes \u2013 environ 2000 \u00e9l\u00e8ves<\/p>\t\t\t\t\t\t\t\t<\/div>\n\t\t\t\t<\/div>\n\t\t\t\t<div class=\"elementor-element elementor-element-4781a473 elementor-widget elementor-widget-text-editor\" data-id=\"4781a473\" data-element_type=\"widget\" data-e-type=\"widget\" data-widget_type=\"text-editor.default\">\n\t\t\t\t<div class=\"elementor-widget-container\">\n\t\t\t\t\t\t\t\t\t<p>ARTISTE<\/p>\t\t\t\t\t\t\t\t<\/div>\n\t\t\t\t<\/div>\n\t\t\t\t<div class=\"elementor-element elementor-element-5720dbe elementor-widget elementor-widget-text-editor\" data-id=\"5720dbe\" data-element_type=\"widget\" data-e-type=\"widget\" data-widget_type=\"text-editor.default\">\n\t\t\t\t<div class=\"elementor-widget-container\">\n\t\t\t\t\t\t\t\t\t<p>Compagnie Tire pas la nappe \u2013\u00a0 Marion Guerrero metteure en sc\u00e8ne \u2013 Marion Aubert\u00a0 auteure\u00a0<\/p>\t\t\t\t\t\t\t\t<\/div>\n\t\t\t\t<\/div>\n\t\t\t\t\t<\/div>\n\t\t<\/div>\n\t\t\t\t\t<\/div>\n\t\t<\/section>\n\t\t\t\t<section class=\"elementor-section elementor-top-section elementor-element elementor-element-692ed2f8 elementor-section-boxed elementor-section-height-default elementor-section-height-default\" data-id=\"692ed2f8\" data-element_type=\"section\" data-e-type=\"section\">\n\t\t\t\t\t\t<div class=\"elementor-container elementor-column-gap-default\">\n\t\t\t\t\t<div class=\"elementor-column elementor-col-100 elementor-top-column elementor-element elementor-element-35db91f8\" data-id=\"35db91f8\" data-element_type=\"column\" data-e-type=\"column\">\n\t\t\t<div class=\"elementor-widget-wrap elementor-element-populated\">\n\t\t\t\t\t\t<div class=\"elementor-element elementor-element-41151a29 elementor-widget elementor-widget-text-editor\" data-id=\"41151a29\" data-element_type=\"widget\" data-e-type=\"widget\" data-widget_type=\"text-editor.default\">\n\t\t\t\t<div class=\"elementor-widget-container\">\n\t\t\t\t\t\t\t\t\t<p>LA POLITIQUE DE LA VILLE<\/p>\t\t\t\t\t\t\t\t<\/div>\n\t\t\t\t<\/div>\n\t\t\t\t<div class=\"elementor-element elementor-element-6201387a elementor-widget elementor-widget-text-editor\" data-id=\"6201387a\" data-element_type=\"widget\" data-e-type=\"widget\" data-widget_type=\"text-editor.default\">\n\t\t\t\t<div class=\"elementor-widget-container\">\n\t\t\t\t\t\t\t\t\t<p><strong>Un dispositif important dans lequel nous nous inscrivons pour la Ville de Limoux.<\/strong><\/p>\t\t\t\t\t\t\t\t<\/div>\n\t\t\t\t<\/div>\n\t\t\t\t\t<\/div>\n\t\t<\/div>\n\t\t\t\t\t<\/div>\n\t\t<\/section>\n\t\t\t\t<section class=\"elementor-section elementor-top-section elementor-element elementor-element-f2e6176 elementor-section-boxed elementor-section-height-default elementor-section-height-default\" data-id=\"f2e6176\" data-element_type=\"section\" data-e-type=\"section\">\n\t\t\t\t\t\t<div class=\"elementor-container elementor-column-gap-default\">\n\t\t\t\t\t<div class=\"elementor-column elementor-col-66 elementor-top-column elementor-element elementor-element-4771e175\" data-id=\"4771e175\" data-element_type=\"column\" data-e-type=\"column\">\n\t\t\t<div class=\"elementor-widget-wrap elementor-element-populated\">\n\t\t\t\t\t\t<div class=\"elementor-element elementor-element-25b1f8a elementor-widget elementor-widget-text-editor\" data-id=\"25b1f8a\" data-element_type=\"widget\" data-e-type=\"widget\" data-widget_type=\"text-editor.default\">\n\t\t\t\t<div class=\"elementor-widget-container\">\n\t\t\t\t\t\t\t\t\t<p><strong>DES VISAGES<\/strong><\/p>\t\t\t\t\t\t\t\t<\/div>\n\t\t\t\t<\/div>\n\t\t\t\t<div class=\"elementor-element elementor-element-4fdef77 elementor-widget elementor-widget-text-editor\" data-id=\"4fdef77\" data-element_type=\"widget\" data-e-type=\"widget\" data-widget_type=\"text-editor.default\">\n\t\t\t\t<div class=\"elementor-widget-container\">\n\t\t\t\t\t\t\t\t\t<p><strong>LE TEMPS DE LA RENCONTRE<\/strong><\/p><p>Une personne pose, assise, face a\u0300 une e\u0301crivaine, pendant une heure. L\u2019e\u0301crivaine ne sait rien de la personne. Une heure pendant laquelle l\u2019e\u0301crivain.e regarde, observe, e\u0301crit, le visage qui lui est offert. Sa mission est de de\u0301crire le plus pre\u0301cise\u0301ment possible le visage de l\u2019autre, puis de laisser venir une re\u0302verie, une fiction que ce visage lui inspire. A\u0300 l\u2019issue de la se\u0301ance de pose, la photographe prend en photo la personne, de dos.<\/p><p>LE TEMPS DU DEVELOPPEMENT<\/p><p>La photographe prend le temps de de\u0301velopper la photo qu\u2019elle a choisie. L\u2019e\u0301crivaine prend le temps de peaufiner son texte. Les personnes qui ont pose\u0301 patientent.<\/p><p>\u00a0<\/p><p>LE TEMPS DU DE\u0301VOILEMENT<\/p><p>Le public est convie\u0301 a\u0300 assister a\u0300\u00a0une installation-performance mise en sce\u0300ne par Nathalie Fillion, dans un lieu a\u0300 de\u0301terminer avec le partenaire.\u00a0Les photos sont expose\u0301es. Chaque texte est lu par l\u2019auteure, en relation avec la photo, laissant au spectateur la liberte\u0301 d\u2019imaginer le visage qui se cache derrie\u0300re ce dos, derrie\u0300re ces mots.<\/p>\t\t\t\t\t\t\t\t<\/div>\n\t\t\t\t<\/div>\n\t\t\t\t<div class=\"elementor-element elementor-element-7db54f11 elementor-align-left elementor-widget elementor-widget-button\" data-id=\"7db54f11\" data-element_type=\"widget\" data-e-type=\"widget\" data-widget_type=\"button.default\">\n\t\t\t\t<div class=\"elementor-widget-container\">\n\t\t\t\t\t\t\t\t\t<div class=\"elementor-button-wrapper\">\n\t\t\t\t\t<a class=\"elementor-button elementor-button-link elementor-size-sm\" href=\"https:\/\/www.atpdelaude.com\/wp-content\/uploads\/2022\/09\/DES-VISAGES-DOSSIER.pdf\" target=\"_blank\">\n\t\t\t\t\t\t<span class=\"elementor-button-content-wrapper\">\n\t\t\t\t\t\t\t\t\t<span class=\"elementor-button-text\">Dossier PDF <\/span>\n\t\t\t\t\t<\/span>\n\t\t\t\t\t<\/a>\n\t\t\t\t<\/div>\n\t\t\t\t\t\t\t\t<\/div>\n\t\t\t\t<\/div>\n\t\t\t\t\t<\/div>\n\t\t<\/div>\n\t\t\t\t<div class=\"elementor-column elementor-col-33 elementor-top-column elementor-element elementor-element-2e4d78d0\" data-id=\"2e4d78d0\" data-element_type=\"column\" data-e-type=\"column\" data-settings=\"{&quot;background_background&quot;:&quot;classic&quot;}\">\n\t\t\t<div class=\"elementor-widget-wrap elementor-element-populated\">\n\t\t\t\t\t\t<div class=\"elementor-element elementor-element-153c5d35 elementor-widget elementor-widget-gallery\" data-id=\"153c5d35\" data-element_type=\"widget\" data-e-type=\"widget\" data-settings=\"{&quot;columns&quot;:1,&quot;gap&quot;:{&quot;unit&quot;:&quot;px&quot;,&quot;size&quot;:15,&quot;sizes&quot;:[]},&quot;lazyload&quot;:&quot;yes&quot;,&quot;gallery_layout&quot;:&quot;grid&quot;,&quot;columns_tablet&quot;:2,&quot;columns_mobile&quot;:1,&quot;gap_tablet&quot;:{&quot;unit&quot;:&quot;px&quot;,&quot;size&quot;:10,&quot;sizes&quot;:[]},&quot;gap_mobile&quot;:{&quot;unit&quot;:&quot;px&quot;,&quot;size&quot;:10,&quot;sizes&quot;:[]},&quot;link_to&quot;:&quot;file&quot;,&quot;aspect_ratio&quot;:&quot;3:2&quot;,&quot;overlay_background&quot;:&quot;yes&quot;,&quot;content_hover_animation&quot;:&quot;fade-in&quot;}\" data-widget_type=\"gallery.default\">\n\t\t\t\t<div class=\"elementor-widget-container\">\n\t\t\t\t\t\t\t<div class=\"elementor-gallery__container\">\n\t\t\t\t\t\t\t<a class=\"e-gallery-item elementor-gallery-item elementor-animated-content\" href=\"https:\/\/www.atpdelaude.com\/wp-content\/uploads\/2022\/09\/Des-visages.jpg\" data-elementor-open-lightbox=\"yes\" data-elementor-lightbox-slideshow=\"153c5d35\" data-elementor-lightbox-title=\"Des-visages\" data-e-action-hash=\"#elementor-action%3Aaction%3Dlightbox%26settings%3DeyJpZCI6NDE1MiwidXJsIjoiaHR0cHM6XC9cL3d3dy5hdHBkZWxhdWRlLmNvbVwvd3AtY29udGVudFwvdXBsb2Fkc1wvMjAyMlwvMDlcL0Rlcy12aXNhZ2VzLmpwZyIsInNsaWRlc2hvdyI6IjE1M2M1ZDM1In0%3D\">\n\t\t\t\t\t<div class=\"e-gallery-image elementor-gallery-item__image\" data-thumbnail=\"https:\/\/www.atpdelaude.com\/wp-content\/uploads\/2022\/09\/Des-visages-300x130.jpg\" data-width=\"300\" data-height=\"130\" aria-label=\"\" role=\"img\" ><\/div>\n\t\t\t\t\t\t\t\t\t\t\t<div class=\"elementor-gallery-item__overlay\"><\/div>\n\t\t\t\t\t\t\t\t\t\t\t\t\t\t<\/a>\n\t\t\t\t\t<\/div>\n\t\t\t\t\t<\/div>\n\t\t\t\t<\/div>\n\t\t\t\t<div class=\"elementor-element elementor-element-9d068f6 elementor-widget elementor-widget-text-editor\" data-id=\"9d068f6\" data-element_type=\"widget\" data-e-type=\"widget\" data-widget_type=\"text-editor.default\">\n\t\t\t\t<div class=\"elementor-widget-container\">\n\t\t\t\t\t\t\t\t\t<p>Public<\/p>\t\t\t\t\t\t\t\t<\/div>\n\t\t\t\t<\/div>\n\t\t\t\t<div class=\"elementor-element elementor-element-16e2f5e5 elementor-widget elementor-widget-text-editor\" data-id=\"16e2f5e5\" data-element_type=\"widget\" data-e-type=\"widget\" data-widget_type=\"text-editor.default\">\n\t\t\t\t<div class=\"elementor-widget-container\">\n\t\t\t\t\t\t\t\t\t<p>Les b\u00e9n\u00e9ficiaires de la politique de la Ville de Limoux<\/p>\t\t\t\t\t\t\t\t<\/div>\n\t\t\t\t<\/div>\n\t\t\t\t<div class=\"elementor-element elementor-element-37ea39ef elementor-widget elementor-widget-text-editor\" data-id=\"37ea39ef\" data-element_type=\"widget\" data-e-type=\"widget\" data-widget_type=\"text-editor.default\">\n\t\t\t\t<div class=\"elementor-widget-container\">\n\t\t\t\t\t\t\t\t\t<p>ARTISTE<\/p>\t\t\t\t\t\t\t\t<\/div>\n\t\t\t\t<\/div>\n\t\t\t\t<div class=\"elementor-element elementor-element-55fa0660 elementor-widget elementor-widget-text-editor\" data-id=\"55fa0660\" data-element_type=\"widget\" data-e-type=\"widget\" data-widget_type=\"text-editor.default\">\n\t\t\t\t<div class=\"elementor-widget-container\">\n\t\t\t\t\t\t\t\t\t<p>Nathalie Fillion \u2013 Nad\u00e8ge Prugnard \u2013 Solenn Denis \u2013 Sylvie Romieu (photographe)<\/p>\t\t\t\t\t\t\t\t<\/div>\n\t\t\t\t<\/div>\n\t\t\t\t\t<\/div>\n\t\t<\/div>\n\t\t\t\t\t<\/div>\n\t\t<\/section>\n\t\t\t\t<section class=\"elementor-section elementor-top-section elementor-element elementor-element-45625cb4 elementor-section-boxed elementor-section-height-default elementor-section-height-default\" data-id=\"45625cb4\" data-element_type=\"section\" data-e-type=\"section\">\n\t\t\t\t\t\t<div class=\"elementor-container elementor-column-gap-default\">\n\t\t\t\t\t<div class=\"elementor-column elementor-col-100 elementor-top-column elementor-element elementor-element-4b787961\" data-id=\"4b787961\" data-element_type=\"column\" data-e-type=\"column\">\n\t\t\t<div class=\"elementor-widget-wrap elementor-element-populated\">\n\t\t\t\t\t\t<div class=\"elementor-element elementor-element-1175895 elementor-widget elementor-widget-text-editor\" data-id=\"1175895\" data-element_type=\"widget\" data-e-type=\"widget\" data-widget_type=\"text-editor.default\">\n\t\t\t\t<div class=\"elementor-widget-container\">\n\t\t\t\t\t\t\t\t\t<p><strong>MISE EN VOI.E.X<\/strong><\/p>\t\t\t\t\t\t\t\t<\/div>\n\t\t\t\t<\/div>\n\t\t\t\t\t<\/div>\n\t\t<\/div>\n\t\t\t\t\t<\/div>\n\t\t<\/section>\n\t\t\t\t<section class=\"elementor-section elementor-top-section elementor-element elementor-element-1cf0d1f8 elementor-section-boxed elementor-section-height-default elementor-section-height-default\" data-id=\"1cf0d1f8\" data-element_type=\"section\" data-e-type=\"section\">\n\t\t\t\t\t\t<div class=\"elementor-container elementor-column-gap-default\">\n\t\t\t\t\t<div class=\"elementor-column elementor-col-66 elementor-top-column elementor-element elementor-element-1d3a1cc\" data-id=\"1d3a1cc\" data-element_type=\"column\" data-e-type=\"column\">\n\t\t\t<div class=\"elementor-widget-wrap elementor-element-populated\">\n\t\t\t\t\t\t<div class=\"elementor-element elementor-element-640e7fcf elementor-widget elementor-widget-text-editor\" data-id=\"640e7fcf\" data-element_type=\"widget\" data-e-type=\"widget\" data-widget_type=\"text-editor.default\">\n\t\t\t\t<div class=\"elementor-widget-container\">\n\t\t\t\t\t\t\t\t\t<p><strong>Lyc\u00e9e Charlemagne Carcassonne<\/strong><\/p>\t\t\t\t\t\t\t\t<\/div>\n\t\t\t\t<\/div>\n\t\t\t\t<div class=\"elementor-element elementor-element-24a6dad7 elementor-widget elementor-widget-text-editor\" data-id=\"24a6dad7\" data-element_type=\"widget\" data-e-type=\"widget\" data-widget_type=\"text-editor.default\">\n\t\t\t\t<div class=\"elementor-widget-container\">\n\t\t\t\t\t\t\t\t\t<p>En partenariat avec les ATP de l&rsquo;Aude, les \u00e9l\u00e8ves du Bac Technologique participeront \u00e0 la lecture des projets candidats \u00e0 la coproduction annuelle de la FATP. Ils interrogeront la place de l&rsquo;art dans la soci\u00e9t\u00e9.\u00a0\u00a0<\/p><p>Il s&rsquo;agira donc :<\/p><ul><li>de lire et s\u00e9lectionner les pojets en groupes de travail, m\u00e9thode de partage de lecture, d\u00e9finition de crit\u00e8res de s\u00e9lection en fonction des attentes d&rsquo;un public, de producteurs, d&rsquo;artistes&#8230;<\/li><li>de lectures \u00e0 la table et mise en voix des projets retenus<\/li><li>d&rsquo;enregistrer leurs lecture en vue d&rsquo;une restitution publique \u00e0 plusieurs voix d&rsquo;extraits du projet<\/li><\/ul>\t\t\t\t\t\t\t\t<\/div>\n\t\t\t\t<\/div>\n\t\t\t\t\t<\/div>\n\t\t<\/div>\n\t\t\t\t<div class=\"elementor-column elementor-col-33 elementor-top-column elementor-element elementor-element-1b042c7d\" data-id=\"1b042c7d\" data-element_type=\"column\" data-e-type=\"column\" data-settings=\"{&quot;background_background&quot;:&quot;classic&quot;}\">\n\t\t\t<div class=\"elementor-widget-wrap elementor-element-populated\">\n\t\t\t\t\t\t<div class=\"elementor-element elementor-element-4bf5d52c elementor-widget elementor-widget-text-editor\" data-id=\"4bf5d52c\" data-element_type=\"widget\" data-e-type=\"widget\" data-widget_type=\"text-editor.default\">\n\t\t\t\t<div class=\"elementor-widget-container\">\n\t\t\t\t\t\t\t\t\t<p>Public<\/p>\t\t\t\t\t\t\t\t<\/div>\n\t\t\t\t<\/div>\n\t\t\t\t<div class=\"elementor-element elementor-element-5b352b63 elementor-widget elementor-widget-text-editor\" data-id=\"5b352b63\" data-element_type=\"widget\" data-e-type=\"widget\" data-widget_type=\"text-editor.default\">\n\t\t\t\t<div class=\"elementor-widget-container\">\n\t\t\t\t\t\t\t\t\t<p>Lyc\u00e9e Charlemagne \u00e0 Carcassonne \u2013 classe de 1\u00e8re et de terminale<\/p>\t\t\t\t\t\t\t\t<\/div>\n\t\t\t\t<\/div>\n\t\t\t\t<div class=\"elementor-element elementor-element-6232145d elementor-widget elementor-widget-text-editor\" data-id=\"6232145d\" data-element_type=\"widget\" data-e-type=\"widget\" data-widget_type=\"text-editor.default\">\n\t\t\t\t<div class=\"elementor-widget-container\">\n\t\t\t\t\t\t\t\t\t<p>ARTISTE<\/p>\t\t\t\t\t\t\t\t<\/div>\n\t\t\t\t<\/div>\n\t\t\t\t<div class=\"elementor-element elementor-element-55c567ba elementor-widget elementor-widget-text-editor\" data-id=\"55c567ba\" data-element_type=\"widget\" data-e-type=\"widget\" data-widget_type=\"text-editor.default\">\n\t\t\t\t<div class=\"elementor-widget-container\">\n\t\t\t\t\t\t\t\t\t<p>Laurent Frattale \u2013 Marc Ravayrol \u2013 tous deux com\u00e9diens<\/p>\t\t\t\t\t\t\t\t<\/div>\n\t\t\t\t<\/div>\n\t\t\t\t\t<\/div>\n\t\t<\/div>\n\t\t\t\t\t<\/div>\n\t\t<\/section>\n\t\t\t\t<section class=\"elementor-section elementor-top-section elementor-element elementor-element-96aab66 elementor-section-boxed elementor-section-height-default elementor-section-height-default\" data-id=\"96aab66\" data-element_type=\"section\" data-e-type=\"section\">\n\t\t\t\t\t\t<div class=\"elementor-container elementor-column-gap-default\">\n\t\t\t\t\t<div class=\"elementor-column elementor-col-100 elementor-top-column elementor-element elementor-element-8e583c0\" data-id=\"8e583c0\" data-element_type=\"column\" data-e-type=\"column\">\n\t\t\t<div class=\"elementor-widget-wrap elementor-element-populated\">\n\t\t\t\t\t\t<div class=\"elementor-element elementor-element-9ac08fd elementor-widget-divider--view-line elementor-widget elementor-widget-divider\" data-id=\"9ac08fd\" data-element_type=\"widget\" data-e-type=\"widget\" data-widget_type=\"divider.default\">\n\t\t\t\t<div class=\"elementor-widget-container\">\n\t\t\t\t\t\t\t<div class=\"elementor-divider\">\n\t\t\t<span class=\"elementor-divider-separator\">\n\t\t\t\t\t\t<\/span>\n\t\t<\/div>\n\t\t\t\t\t\t<\/div>\n\t\t\t\t<\/div>\n\t\t\t\t\t<\/div>\n\t\t<\/div>\n\t\t\t\t\t<\/div>\n\t\t<\/section>\n\t\t\t\t<section class=\"elementor-section elementor-top-section elementor-element elementor-element-95bc009 elementor-section-boxed elementor-section-height-default elementor-section-height-default\" data-id=\"95bc009\" data-element_type=\"section\" data-e-type=\"section\">\n\t\t\t\t\t\t<div class=\"elementor-container elementor-column-gap-default\">\n\t\t\t\t\t<div class=\"elementor-column elementor-col-100 elementor-top-column elementor-element elementor-element-3220ab5\" data-id=\"3220ab5\" data-element_type=\"column\" data-e-type=\"column\">\n\t\t\t<div class=\"elementor-widget-wrap elementor-element-populated\">\n\t\t\t\t\t\t<div class=\"elementor-element elementor-element-3911120 elementor-widget elementor-widget-text-editor\" data-id=\"3911120\" data-element_type=\"widget\" data-e-type=\"widget\" data-widget_type=\"text-editor.default\">\n\t\t\t\t<div class=\"elementor-widget-container\">\n\t\t\t\t\t\t\t\t\t<p>SAISON 2021-2022<\/p>\t\t\t\t\t\t\t\t<\/div>\n\t\t\t\t<\/div>\n\t\t\t\t<div class=\"elementor-element elementor-element-291ea29 elementor-widget elementor-widget-text-editor\" data-id=\"291ea29\" data-element_type=\"widget\" data-e-type=\"widget\" data-widget_type=\"text-editor.default\">\n\t\t\t\t<div class=\"elementor-widget-container\">\n\t\t\t\t\t\t\t\t\t<p>CGEAC<\/p>\t\t\t\t\t\t\t\t<\/div>\n\t\t\t\t<\/div>\n\t\t\t\t<div class=\"elementor-element elementor-element-ce8e03b elementor-widget elementor-widget-text-editor\" data-id=\"ce8e03b\" data-element_type=\"widget\" data-e-type=\"widget\" data-widget_type=\"text-editor.default\">\n\t\t\t\t<div class=\"elementor-widget-container\">\n\t\t\t\t\t\t\t\t\t<p class=\"Standard\">Communaut\u00e9 de communes du limouxin<\/p>\t\t\t\t\t\t\t\t<\/div>\n\t\t\t\t<\/div>\n\t\t\t\t<div class=\"elementor-element elementor-element-dc3bf47 elementor-widget elementor-widget-text-editor\" data-id=\"dc3bf47\" data-element_type=\"widget\" data-e-type=\"widget\" data-widget_type=\"text-editor.default\">\n\t\t\t\t<div class=\"elementor-widget-container\">\n\t\t\t\t\t\t\t\t\t<p>Mise en place une politique culturelle pour favoriser l&rsquo;acc\u00e8s \u00e0 l&rsquo;art et aux pratiques artistiques pour les enfants, les jeunes, en faisant le lien entre \u00e9ducation et culture. Il s&rsquo;agit de renforcer la\u00a0 sensibilisation aux arts. L&rsquo;\u00e9cole est identifi\u00e9e comme une voie privil\u00e9gi\u00e9e de collaboration.<\/p>\t\t\t\t\t\t\t\t<\/div>\n\t\t\t\t<\/div>\n\t\t\t\t\t<\/div>\n\t\t<\/div>\n\t\t\t\t\t<\/div>\n\t\t<\/section>\n\t\t\t\t<section class=\"elementor-section elementor-top-section elementor-element elementor-element-656c65f elementor-section-boxed elementor-section-height-default elementor-section-height-default\" data-id=\"656c65f\" data-element_type=\"section\" data-e-type=\"section\">\n\t\t\t\t\t\t<div class=\"elementor-container elementor-column-gap-default\">\n\t\t\t\t\t<div class=\"elementor-column elementor-col-66 elementor-top-column elementor-element elementor-element-6e03e282\" data-id=\"6e03e282\" data-element_type=\"column\" data-e-type=\"column\">\n\t\t\t<div class=\"elementor-widget-wrap elementor-element-populated\">\n\t\t\t\t\t\t<div class=\"elementor-element elementor-element-31aacfb4 elementor-widget elementor-widget-text-editor\" data-id=\"31aacfb4\" data-element_type=\"widget\" data-e-type=\"widget\" data-widget_type=\"text-editor.default\">\n\t\t\t\t<div class=\"elementor-widget-container\">\n\t\t\t\t\t\t\t\t\t<p>Formes anim\u00e9es en papier<\/p>\t\t\t\t\t\t\t\t<\/div>\n\t\t\t\t<\/div>\n\t\t\t\t<div class=\"elementor-element elementor-element-7c5b648c elementor-widget elementor-widget-text-editor\" data-id=\"7c5b648c\" data-element_type=\"widget\" data-e-type=\"widget\" data-widget_type=\"text-editor.default\">\n\t\t\t\t<div class=\"elementor-widget-container\">\n\t\t\t\t\t\t\t\t\t<p>L&rsquo;artiste met en place des ateliers visant \u00e0 faire d\u00e9couvrir les facettes qu&rsquo;offre le papier. Il puise dans diverses activit\u00e9s manuelles (pop-up, kirigami&#8230;) avec l&rsquo;intention de relier l&rsquo;univers des livres anim\u00e9s au th\u00e9\u00e2tre de papier avec un temps de rencontre et d&rsquo;\u00e9change, une pr\u00e9sentation des livres comme un supports plastiques et narratifs en\u00a0 exaltant leur mat\u00e9rialit\u00e9 et en interrogeant la fronti\u00e8re entre immobilit\u00e9 et mouvement. Le livre est \u00e9galement abord\u00e9 dans sa dimension ludique et fanstastique en se servant de sa structure comme lieu de sc\u00e9nographie, avec l&rsquo;exploration des possiblit\u00e9s dimentionnelles \u00e0 partir de d\u00e9coupes, plis, agencement des pages propisces au d\u00e9ploiement d&rsquo;espaces nouveaux.<\/p><p>L&rsquo;atelier se d\u00e9roule en plusieurs \u00e9tapes\u00a0 avec la possibilit\u00e9 de s&rsquo;adapter en fonction du lieu et des enfants : visite de l&rsquo;exposition, panorama des diff\u00e9rents livres anim\u00e9s existant, fabrication de petits objets \u00e0 raconter des histoires.<\/p><p>On aboutira \u00e0 la cr\u00e9ation de cartes, de livrets, de personnages pliables, selon le projet des enfants et la technique choisie.<\/p>\t\t\t\t\t\t\t\t<\/div>\n\t\t\t\t<\/div>\n\t\t\t\t<div class=\"elementor-element elementor-element-8c22090 elementor-align-left elementor-widget elementor-widget-button\" data-id=\"8c22090\" data-element_type=\"widget\" data-e-type=\"widget\" data-widget_type=\"button.default\">\n\t\t\t\t<div class=\"elementor-widget-container\">\n\t\t\t\t\t\t\t\t\t<div class=\"elementor-button-wrapper\">\n\t\t\t\t\t<a class=\"elementor-button elementor-button-link elementor-size-sm\" href=\"https:\/\/www.atpdelaude.com\/wp-content\/uploads\/2022\/04\/Millefeuilles_Brochure.pdf\" target=\"_blank\">\n\t\t\t\t\t\t<span class=\"elementor-button-content-wrapper\">\n\t\t\t\t\t\t\t\t\t<span class=\"elementor-button-text\">Dossier PDF <\/span>\n\t\t\t\t\t<\/span>\n\t\t\t\t\t<\/a>\n\t\t\t\t<\/div>\n\t\t\t\t\t\t\t\t<\/div>\n\t\t\t\t<\/div>\n\t\t\t\t\t<\/div>\n\t\t<\/div>\n\t\t\t\t<div class=\"elementor-column elementor-col-33 elementor-top-column elementor-element elementor-element-6365330\" data-id=\"6365330\" data-element_type=\"column\" data-e-type=\"column\" data-settings=\"{&quot;background_background&quot;:&quot;classic&quot;}\">\n\t\t\t<div class=\"elementor-widget-wrap elementor-element-populated\">\n\t\t\t\t\t\t<div class=\"elementor-element elementor-element-1a6d8244 elementor-widget elementor-widget-gallery\" data-id=\"1a6d8244\" data-element_type=\"widget\" data-e-type=\"widget\" data-settings=\"{&quot;columns&quot;:1,&quot;gap&quot;:{&quot;unit&quot;:&quot;px&quot;,&quot;size&quot;:15,&quot;sizes&quot;:[]},&quot;lazyload&quot;:&quot;yes&quot;,&quot;gallery_layout&quot;:&quot;grid&quot;,&quot;columns_tablet&quot;:2,&quot;columns_mobile&quot;:1,&quot;gap_tablet&quot;:{&quot;unit&quot;:&quot;px&quot;,&quot;size&quot;:10,&quot;sizes&quot;:[]},&quot;gap_mobile&quot;:{&quot;unit&quot;:&quot;px&quot;,&quot;size&quot;:10,&quot;sizes&quot;:[]},&quot;link_to&quot;:&quot;file&quot;,&quot;aspect_ratio&quot;:&quot;3:2&quot;,&quot;overlay_background&quot;:&quot;yes&quot;,&quot;content_hover_animation&quot;:&quot;fade-in&quot;}\" data-widget_type=\"gallery.default\">\n\t\t\t\t<div class=\"elementor-widget-container\">\n\t\t\t\t\t\t\t<div class=\"elementor-gallery__container\">\n\t\t\t\t\t\t\t<a class=\"e-gallery-item elementor-gallery-item elementor-animated-content\" href=\"https:\/\/www.atpdelaude.com\/wp-content\/uploads\/2022\/04\/photo-Millefeuilles4-300DPI-Photo-Lukasz-Areski.jpg\" data-elementor-open-lightbox=\"yes\" data-elementor-lightbox-slideshow=\"1a6d8244\" data-elementor-lightbox-title=\"photo Millefeuilles4 300DPI Photo Lukasz Areski\" data-e-action-hash=\"#elementor-action%3Aaction%3Dlightbox%26settings%3DeyJpZCI6Mzk5OCwidXJsIjoiaHR0cHM6XC9cL3d3dy5hdHBkZWxhdWRlLmNvbVwvd3AtY29udGVudFwvdXBsb2Fkc1wvMjAyMlwvMDRcL3Bob3RvLU1pbGxlZmV1aWxsZXM0LTMwMERQSS1QaG90by1MdWthc3otQXJlc2tpLmpwZyIsInNsaWRlc2hvdyI6IjFhNmQ4MjQ0In0%3D\">\n\t\t\t\t\t<div class=\"e-gallery-image elementor-gallery-item__image\" data-thumbnail=\"https:\/\/www.atpdelaude.com\/wp-content\/uploads\/2022\/04\/photo-Millefeuilles4-300DPI-Photo-Lukasz-Areski-300x225.jpg\" data-width=\"300\" data-height=\"225\" aria-label=\"\" role=\"img\" ><\/div>\n\t\t\t\t\t\t\t\t\t\t\t<div class=\"elementor-gallery-item__overlay\"><\/div>\n\t\t\t\t\t\t\t\t\t\t\t\t\t\t<\/a>\n\t\t\t\t\t<\/div>\n\t\t\t\t\t<\/div>\n\t\t\t\t<\/div>\n\t\t\t\t<div class=\"elementor-element elementor-element-722f58de elementor-widget elementor-widget-text-editor\" data-id=\"722f58de\" data-element_type=\"widget\" data-e-type=\"widget\" data-widget_type=\"text-editor.default\">\n\t\t\t\t<div class=\"elementor-widget-container\">\n\t\t\t\t\t\t\t\t\t<p>Public<\/p>\t\t\t\t\t\t\t\t<\/div>\n\t\t\t\t<\/div>\n\t\t\t\t<div class=\"elementor-element elementor-element-24288975 elementor-widget elementor-widget-text-editor\" data-id=\"24288975\" data-element_type=\"widget\" data-e-type=\"widget\" data-widget_type=\"text-editor.default\">\n\t\t\t\t<div class=\"elementor-widget-container\">\n\t\t\t\t\t\t\t\t\t<p>Enfants des classes du CE1 au CM2 \u2013 ateliers de 4 heures<\/p><p>Limoux<\/p>\t\t\t\t\t\t\t\t<\/div>\n\t\t\t\t<\/div>\n\t\t\t\t<div class=\"elementor-element elementor-element-1f8c88cf elementor-widget elementor-widget-text-editor\" data-id=\"1f8c88cf\" data-element_type=\"widget\" data-e-type=\"widget\" data-widget_type=\"text-editor.default\">\n\t\t\t\t<div class=\"elementor-widget-container\">\n\t\t\t\t\t\t\t\t\t<p>ARTISTE<\/p>\t\t\t\t\t\t\t\t<\/div>\n\t\t\t\t<\/div>\n\t\t\t\t<div class=\"elementor-element elementor-element-acb9a6d elementor-widget elementor-widget-text-editor\" data-id=\"acb9a6d\" data-element_type=\"widget\" data-e-type=\"widget\" data-widget_type=\"text-editor.default\">\n\t\t\t\t<div class=\"elementor-widget-container\">\n\t\t\t\t\t\t\t\t\t<p>Lukasz ARESKI<\/p>\t\t\t\t\t\t\t\t<\/div>\n\t\t\t\t<\/div>\n\t\t\t\t\t<\/div>\n\t\t<\/div>\n\t\t\t\t\t<\/div>\n\t\t<\/section>\n\t\t\t\t<section class=\"elementor-section elementor-top-section elementor-element elementor-element-49ca21cf elementor-section-boxed elementor-section-height-default elementor-section-height-default\" data-id=\"49ca21cf\" data-element_type=\"section\" data-e-type=\"section\">\n\t\t\t\t\t\t<div class=\"elementor-container elementor-column-gap-default\">\n\t\t\t\t\t<div class=\"elementor-column elementor-col-100 elementor-top-column elementor-element elementor-element-1aa6c519\" data-id=\"1aa6c519\" data-element_type=\"column\" data-e-type=\"column\">\n\t\t\t<div class=\"elementor-widget-wrap elementor-element-populated\">\n\t\t\t\t\t\t<div class=\"elementor-element elementor-element-4c5c0255 elementor-widget-divider--view-line elementor-widget elementor-widget-divider\" data-id=\"4c5c0255\" data-element_type=\"widget\" data-e-type=\"widget\" data-widget_type=\"divider.default\">\n\t\t\t\t<div class=\"elementor-widget-container\">\n\t\t\t\t\t\t\t<div class=\"elementor-divider\">\n\t\t\t<span class=\"elementor-divider-separator\">\n\t\t\t\t\t\t<\/span>\n\t\t<\/div>\n\t\t\t\t\t\t<\/div>\n\t\t\t\t<\/div>\n\t\t\t\t\t<\/div>\n\t\t<\/div>\n\t\t\t\t\t<\/div>\n\t\t<\/section>\n\t\t\t\t<section class=\"elementor-section elementor-top-section elementor-element elementor-element-189e3a0e elementor-section-boxed elementor-section-height-default elementor-section-height-default\" data-id=\"189e3a0e\" data-element_type=\"section\" data-e-type=\"section\">\n\t\t\t\t\t\t<div class=\"elementor-container elementor-column-gap-default\">\n\t\t\t\t\t<div class=\"elementor-column elementor-col-100 elementor-top-column elementor-element elementor-element-7d04ae72\" data-id=\"7d04ae72\" data-element_type=\"column\" data-e-type=\"column\">\n\t\t\t<div class=\"elementor-widget-wrap elementor-element-populated\">\n\t\t\t\t\t\t<div class=\"elementor-element elementor-element-4ed4fd7b elementor-widget elementor-widget-text-editor\" data-id=\"4ed4fd7b\" data-element_type=\"widget\" data-e-type=\"widget\" data-widget_type=\"text-editor.default\">\n\t\t\t\t<div class=\"elementor-widget-container\">\n\t\t\t\t\t\t\t\t\t<p>COLLEGES AU THEATRE<\/p>\t\t\t\t\t\t\t\t<\/div>\n\t\t\t\t<\/div>\n\t\t\t\t<div class=\"elementor-element elementor-element-50b752ec elementor-widget elementor-widget-text-editor\" data-id=\"50b752ec\" data-element_type=\"widget\" data-e-type=\"widget\" data-widget_type=\"text-editor.default\">\n\t\t\t\t<div class=\"elementor-widget-container\">\n\t\t\t\t\t\t\t\t\t<p class=\"Standard\">Dispositif initi\u00e9 et financ\u00e9 par le Conseil D\u00e9partemental de l&rsquo;Aude<\/p>\t\t\t\t\t\t\t\t<\/div>\n\t\t\t\t<\/div>\n\t\t\t\t<div class=\"elementor-element elementor-element-7b634b50 elementor-widget elementor-widget-text-editor\" data-id=\"7b634b50\" data-element_type=\"widget\" data-e-type=\"widget\" data-widget_type=\"text-editor.default\">\n\t\t\t\t<div class=\"elementor-widget-container\">\n\t\t\t\t\t\t\t\t\t<p>Le calendrier de cette action se construit en partenariat avec les lieux suivants\u00a0: <br \/>Th\u00e9\u00e2tre Na Loba \u00e0 Pennautier, Th\u00e9\u00e2tre-Sc\u00e8nes des 3 ponts \u00e0 Castelnaudary et l&rsquo;Espace Cathare \u00e0 Quillan.<\/p>\t\t\t\t\t\t\t\t<\/div>\n\t\t\t\t<\/div>\n\t\t\t\t\t<\/div>\n\t\t<\/div>\n\t\t\t\t\t<\/div>\n\t\t<\/section>\n\t\t\t\t<section class=\"elementor-section elementor-top-section elementor-element elementor-element-312a5d57 elementor-section-boxed elementor-section-height-default elementor-section-height-default\" data-id=\"312a5d57\" data-element_type=\"section\" data-e-type=\"section\">\n\t\t\t\t\t\t<div class=\"elementor-container elementor-column-gap-default\">\n\t\t\t\t\t<div class=\"elementor-column elementor-col-66 elementor-top-column elementor-element elementor-element-134c95e4\" data-id=\"134c95e4\" data-element_type=\"column\" data-e-type=\"column\">\n\t\t\t<div class=\"elementor-widget-wrap elementor-element-populated\">\n\t\t\t\t\t\t<div class=\"elementor-element elementor-element-117cf3f6 elementor-widget elementor-widget-text-editor\" data-id=\"117cf3f6\" data-element_type=\"widget\" data-e-type=\"widget\" data-widget_type=\"text-editor.default\">\n\t\t\t\t<div class=\"elementor-widget-container\">\n\t\t\t\t\t\t\t\t\t<p>Comme si nous l&rsquo;Assembl\u00e9e des Clairi\u00e8res<\/p>\t\t\t\t\t\t\t\t<\/div>\n\t\t\t\t<\/div>\n\t\t\t\t<div class=\"elementor-element elementor-element-2bdb1bc5 elementor-widget elementor-widget-text-editor\" data-id=\"2bdb1bc5\" data-element_type=\"widget\" data-e-type=\"widget\" data-widget_type=\"text-editor.default\">\n\t\t\t\t<div class=\"elementor-widget-container\">\n\t\t\t\t\t\t\t\t\t<p>Le calendrier de cette action se construit en partenariat avec 3 lieux du territoire : Th\u00e9\u00e2tre Na Loba \u00e0 Pennautier, Th\u00e9\u00e2tre-Sc\u00e8nes des 3 Ponts \u00e0 Castelnaudary, l&rsquo;Espace Cathare \u00e0 Quillan<\/p><p>\u00a0<\/p><p>L&rsquo;action se d\u00e9roule en trois temps :<\/p><p>&#8211; une demi-journ\u00e9e de formation pour les enseignants men\u00e9e par B\u00e9atrice Barnole, charg\u00e9e de mission jeune public \u00e0 l&rsquo;ATP et Simon Grangeat, auteur dramatique<\/p><p>&#8211; une formation des \u00e9l\u00e8ves sous forme d&rsquo;interventions d&rsquo;artistes dans chaque classe participante avec des ateliers en lien avec la th\u00e9matique du spectacle<\/p><p>&#8211; une repr\u00e9sentation th\u00e9\u00e2trale du spectacle<\/p><p>\u00a0<\/p><p>Chaque enseignant disposera d&rsquo;un livret p\u00e9dagogique construit par l&rsquo;ATP sous la forme d&rsquo;un carnet du spectateur qui reviendra \u00e0 chaque enfant.<\/p><p>\u00a0<\/p><p>Le spectacle abordera les th\u00e8mes de la d\u00e9mocratie, la prise de parole, l&rsquo;utopie vers un monde meilleurs.<\/p>\t\t\t\t\t\t\t\t<\/div>\n\t\t\t\t<\/div>\n\t\t\t\t<div class=\"elementor-element elementor-element-3d0f20f1 elementor-align-left elementor-widget elementor-widget-button\" data-id=\"3d0f20f1\" data-element_type=\"widget\" data-e-type=\"widget\" data-widget_type=\"button.default\">\n\t\t\t\t<div class=\"elementor-widget-container\">\n\t\t\t\t\t\t\t\t\t<div class=\"elementor-button-wrapper\">\n\t\t\t\t\t<a class=\"elementor-button elementor-button-link elementor-size-sm\" href=\"https:\/\/www.atpdelaude.com\/wp-content\/uploads\/2021\/08\/dossier_comme_si_nous.pdf\" target=\"_blank\">\n\t\t\t\t\t\t<span class=\"elementor-button-content-wrapper\">\n\t\t\t\t\t\t\t\t\t<span class=\"elementor-button-text\">Dossier PDF <\/span>\n\t\t\t\t\t<\/span>\n\t\t\t\t\t<\/a>\n\t\t\t\t<\/div>\n\t\t\t\t\t\t\t\t<\/div>\n\t\t\t\t<\/div>\n\t\t\t\t\t<\/div>\n\t\t<\/div>\n\t\t\t\t<div class=\"elementor-column elementor-col-33 elementor-top-column elementor-element elementor-element-6ea17b08\" data-id=\"6ea17b08\" data-element_type=\"column\" data-e-type=\"column\" data-settings=\"{&quot;background_background&quot;:&quot;classic&quot;}\">\n\t\t\t<div class=\"elementor-widget-wrap elementor-element-populated\">\n\t\t\t\t\t\t<div class=\"elementor-element elementor-element-7a1d74cf elementor-widget elementor-widget-gallery\" data-id=\"7a1d74cf\" data-element_type=\"widget\" data-e-type=\"widget\" data-settings=\"{&quot;columns&quot;:1,&quot;gap&quot;:{&quot;unit&quot;:&quot;px&quot;,&quot;size&quot;:15,&quot;sizes&quot;:[]},&quot;lazyload&quot;:&quot;yes&quot;,&quot;gallery_layout&quot;:&quot;grid&quot;,&quot;columns_tablet&quot;:2,&quot;columns_mobile&quot;:1,&quot;gap_tablet&quot;:{&quot;unit&quot;:&quot;px&quot;,&quot;size&quot;:10,&quot;sizes&quot;:[]},&quot;gap_mobile&quot;:{&quot;unit&quot;:&quot;px&quot;,&quot;size&quot;:10,&quot;sizes&quot;:[]},&quot;link_to&quot;:&quot;file&quot;,&quot;aspect_ratio&quot;:&quot;3:2&quot;,&quot;overlay_background&quot;:&quot;yes&quot;,&quot;content_hover_animation&quot;:&quot;fade-in&quot;}\" data-widget_type=\"gallery.default\">\n\t\t\t\t<div class=\"elementor-widget-container\">\n\t\t\t\t\t\t\t<div class=\"elementor-gallery__container\">\n\t\t\t\t\t\t\t<a class=\"e-gallery-item elementor-gallery-item elementor-animated-content\" href=\"https:\/\/www.atpdelaude.com\/wp-content\/uploads\/2021\/08\/comme_si_nous_2.jpg\" data-elementor-open-lightbox=\"yes\" data-elementor-lightbox-slideshow=\"7a1d74cf\" data-elementor-lightbox-title=\"comme_si_nous_2\" data-e-action-hash=\"#elementor-action%3Aaction%3Dlightbox%26settings%3DeyJpZCI6MTMzNCwidXJsIjoiaHR0cHM6XC9cL3d3dy5hdHBkZWxhdWRlLmNvbVwvd3AtY29udGVudFwvdXBsb2Fkc1wvMjAyMVwvMDhcL2NvbW1lX3NpX25vdXNfMi5qcGciLCJzbGlkZXNob3ciOiI3YTFkNzRjZiJ9\">\n\t\t\t\t\t<div class=\"e-gallery-image elementor-gallery-item__image\" data-thumbnail=\"https:\/\/www.atpdelaude.com\/wp-content\/uploads\/2021\/08\/comme_si_nous_2-300x206.jpg\" data-width=\"300\" data-height=\"206\" aria-label=\"\" role=\"img\" ><\/div>\n\t\t\t\t\t\t\t\t\t\t\t<div class=\"elementor-gallery-item__overlay\"><\/div>\n\t\t\t\t\t\t\t\t\t\t\t\t\t\t<\/a>\n\t\t\t\t\t<\/div>\n\t\t\t\t\t<\/div>\n\t\t\t\t<\/div>\n\t\t\t\t<div class=\"elementor-element elementor-element-2a36c0b1 elementor-widget elementor-widget-text-editor\" data-id=\"2a36c0b1\" data-element_type=\"widget\" data-e-type=\"widget\" data-widget_type=\"text-editor.default\">\n\t\t\t\t<div class=\"elementor-widget-container\">\n\t\t\t\t\t\t\t\t\t<p>Public<\/p>\t\t\t\t\t\t\t\t<\/div>\n\t\t\t\t<\/div>\n\t\t\t\t<div class=\"elementor-element elementor-element-13f17ac2 elementor-widget elementor-widget-text-editor\" data-id=\"13f17ac2\" data-element_type=\"widget\" data-e-type=\"widget\" data-widget_type=\"text-editor.default\">\n\t\t\t\t<div class=\"elementor-widget-container\">\n\t\t\t\t\t\t\t\t\t<p>Classes de 5\u00e8me des coll\u00e8ges de Limoux, Couiza, Quillan, Castelnaudary, Bram, Carcassonne, Tr\u00e8bes \u2013 environ 2000 \u00e9l\u00e8ves<\/p>\t\t\t\t\t\t\t\t<\/div>\n\t\t\t\t<\/div>\n\t\t\t\t<div class=\"elementor-element elementor-element-6e9704e6 elementor-widget elementor-widget-text-editor\" data-id=\"6e9704e6\" data-element_type=\"widget\" data-e-type=\"widget\" data-widget_type=\"text-editor.default\">\n\t\t\t\t<div class=\"elementor-widget-container\">\n\t\t\t\t\t\t\t\t\t<p>ARTISTE<\/p>\t\t\t\t\t\t\t\t<\/div>\n\t\t\t\t<\/div>\n\t\t\t\t<div class=\"elementor-element elementor-element-ba89394 elementor-widget elementor-widget-text-editor\" data-id=\"ba89394\" data-element_type=\"widget\" data-e-type=\"widget\" data-widget_type=\"text-editor.default\">\n\t\t\t\t<div class=\"elementor-widget-container\">\n\t\t\t\t\t\t\t\t\t<p>Compagnie l&rsquo;Artifice \u2013 Christian Duchange metteur en sc\u00e8ne \u2013 Simon Grangeat auteur dramatique<\/p>\t\t\t\t\t\t\t\t<\/div>\n\t\t\t\t<\/div>\n\t\t\t\t\t<\/div>\n\t\t<\/div>\n\t\t\t\t\t<\/div>\n\t\t<\/section>\n\t\t\t\t<section class=\"elementor-section elementor-top-section elementor-element elementor-element-57e60acc elementor-section-boxed elementor-section-height-default elementor-section-height-default\" data-id=\"57e60acc\" data-element_type=\"section\" data-e-type=\"section\">\n\t\t\t\t\t\t<div class=\"elementor-container elementor-column-gap-default\">\n\t\t\t\t\t<div class=\"elementor-column elementor-col-100 elementor-top-column elementor-element elementor-element-9247ba5\" data-id=\"9247ba5\" data-element_type=\"column\" data-e-type=\"column\">\n\t\t\t<div class=\"elementor-widget-wrap elementor-element-populated\">\n\t\t\t\t\t\t<div class=\"elementor-element elementor-element-6756c56b elementor-widget-divider--view-line elementor-widget elementor-widget-divider\" data-id=\"6756c56b\" data-element_type=\"widget\" data-e-type=\"widget\" data-widget_type=\"divider.default\">\n\t\t\t\t<div class=\"elementor-widget-container\">\n\t\t\t\t\t\t\t<div class=\"elementor-divider\">\n\t\t\t<span class=\"elementor-divider-separator\">\n\t\t\t\t\t\t<\/span>\n\t\t<\/div>\n\t\t\t\t\t\t<\/div>\n\t\t\t\t<\/div>\n\t\t\t\t\t<\/div>\n\t\t<\/div>\n\t\t\t\t\t<\/div>\n\t\t<\/section>\n\t\t\t\t<section class=\"elementor-section elementor-top-section elementor-element elementor-element-25d02c0c elementor-section-boxed elementor-section-height-default elementor-section-height-default\" data-id=\"25d02c0c\" data-element_type=\"section\" data-e-type=\"section\">\n\t\t\t\t\t\t<div class=\"elementor-container elementor-column-gap-default\">\n\t\t\t\t\t<div class=\"elementor-column elementor-col-100 elementor-top-column elementor-element elementor-element-5c67cd8e\" data-id=\"5c67cd8e\" data-element_type=\"column\" data-e-type=\"column\">\n\t\t\t<div class=\"elementor-widget-wrap elementor-element-populated\">\n\t\t\t\t\t\t<div class=\"elementor-element elementor-element-7826e32c elementor-widget elementor-widget-text-editor\" data-id=\"7826e32c\" data-element_type=\"widget\" data-e-type=\"widget\" data-widget_type=\"text-editor.default\">\n\t\t\t\t<div class=\"elementor-widget-container\">\n\t\t\t\t\t\t\t\t\t<p>LA POLITIQUE DE LA VILLE<\/p>\t\t\t\t\t\t\t\t<\/div>\n\t\t\t\t<\/div>\n\t\t\t\t<div class=\"elementor-element elementor-element-188e41ea elementor-widget elementor-widget-text-editor\" data-id=\"188e41ea\" data-element_type=\"widget\" data-e-type=\"widget\" data-widget_type=\"text-editor.default\">\n\t\t\t\t<div class=\"elementor-widget-container\">\n\t\t\t\t\t\t\t\t\t<p class=\"Standard\">Un dispositif important dans lequel nous nous inscrivons pour la Ville de Limoux.<\/p>\t\t\t\t\t\t\t\t<\/div>\n\t\t\t\t<\/div>\n\t\t\t\t\t<\/div>\n\t\t<\/div>\n\t\t\t\t\t<\/div>\n\t\t<\/section>\n\t\t\t\t<section class=\"elementor-section elementor-top-section elementor-element elementor-element-20730c0e elementor-section-boxed elementor-section-height-default elementor-section-height-default\" data-id=\"20730c0e\" data-element_type=\"section\" data-e-type=\"section\">\n\t\t\t\t\t\t<div class=\"elementor-container elementor-column-gap-default\">\n\t\t\t\t\t<div class=\"elementor-column elementor-col-66 elementor-top-column elementor-element elementor-element-3fef5b26\" data-id=\"3fef5b26\" data-element_type=\"column\" data-e-type=\"column\">\n\t\t\t<div class=\"elementor-widget-wrap elementor-element-populated\">\n\t\t\t\t\t\t<div class=\"elementor-element elementor-element-6c88fec4 elementor-widget elementor-widget-text-editor\" data-id=\"6c88fec4\" data-element_type=\"widget\" data-e-type=\"widget\" data-widget_type=\"text-editor.default\">\n\t\t\t\t<div class=\"elementor-widget-container\">\n\t\t\t\t\t\t\t\t\t<p>TRANSE-MAITRE(S)<\/p>\t\t\t\t\t\t\t\t<\/div>\n\t\t\t\t<\/div>\n\t\t\t\t<div class=\"elementor-element elementor-element-6ab7ae45 elementor-widget elementor-widget-text-editor\" data-id=\"6ab7ae45\" data-element_type=\"widget\" data-e-type=\"widget\" data-widget_type=\"text-editor.default\">\n\t\t\t\t<div class=\"elementor-widget-container\">\n\t\t\t\t\t\t\t\t\t<p>La crise sanitaire, avec la fermeture des th\u00e9\u00e2tres et la mise en \u0153uvre des protocoles sanitaires, a largement impact\u00e9 la r\u00e9alisation des actions pr\u00e9vues pour le projet 2021. Le spectacle MEA CULPA a pu \u00eatre report\u00e9 et a eu lieu le 18 juin 2021. Nous y avons accueilli une partie des b\u00e9n\u00e9ficiaires de la politique de la Ville. Les ateliers de m\u00e9diation culturelle n&rsquo;ont pas pu avoir lieu.<\/p><p>Le choix a \u00e9t\u00e9 fait de prolonger le dispositif autour d&rsquo;un nouveau spectacle Trans(e)-Ma\u00eetre(s) dont la th\u00e9matique \u00e9tait riche d&rsquo;int\u00e9r\u00eat pour le public vis\u00e9. <em>Il s&rsquo;agit, \u00e0 partir d&rsquo;un objet symbolique, le \u00ab signal \u00bb, stigmate que les enfants devaient porter s&rsquo;ils ne parlaient pas le fran\u00e7ais \u00e0 l&rsquo;\u00e9cole, de raconter une histoire de violence o\u00f9 la langue sert d\u2019arme et se fait complice d&rsquo;ethnocides<\/em>. Des ateliers, men\u00e9s par une com\u00e9dienne, ont eu lieu \u00e0 l&rsquo;automne 2021 et le spectacle\u00a0 a eu lieu le 4 d\u00e9cembre 2021.<\/p><p><strong><u>Actions compl\u00e9mentaires<\/u><\/strong>\u00a0: L&rsquo;ATP a collabor\u00e9 avec Cin\u00e9m&rsquo;Aude Limoux, l&rsquo;Institut d&rsquo;Etudes Occitanes, les Amis du Monde Diplomatique pour l&rsquo;organisation d&rsquo;une quinzaine autour de la th\u00e9matique des langues vernaculaires, en lien avec la repr\u00e9sentation et les ateliers du spectacle Trans(e)-Ma\u00eetre(s). C&rsquo;est \u00e0 un public mixte que se sont adress\u00e9es ces actions qui ont toutes eu lieu \u00e0 Limoux (projections, conf\u00e9rences, rencontres, contes).<\/p>\t\t\t\t\t\t\t\t<\/div>\n\t\t\t\t<\/div>\n\t\t\t\t\t<\/div>\n\t\t<\/div>\n\t\t\t\t<div class=\"elementor-column elementor-col-33 elementor-top-column elementor-element elementor-element-24076354\" data-id=\"24076354\" data-element_type=\"column\" data-e-type=\"column\" data-settings=\"{&quot;background_background&quot;:&quot;classic&quot;}\">\n\t\t\t<div class=\"elementor-widget-wrap elementor-element-populated\">\n\t\t\t\t\t\t<div class=\"elementor-element elementor-element-20893f15 elementor-widget elementor-widget-gallery\" data-id=\"20893f15\" data-element_type=\"widget\" data-e-type=\"widget\" data-settings=\"{&quot;columns&quot;:1,&quot;gap&quot;:{&quot;unit&quot;:&quot;px&quot;,&quot;size&quot;:15,&quot;sizes&quot;:[]},&quot;lazyload&quot;:&quot;yes&quot;,&quot;gallery_layout&quot;:&quot;grid&quot;,&quot;columns_tablet&quot;:2,&quot;columns_mobile&quot;:1,&quot;gap_tablet&quot;:{&quot;unit&quot;:&quot;px&quot;,&quot;size&quot;:10,&quot;sizes&quot;:[]},&quot;gap_mobile&quot;:{&quot;unit&quot;:&quot;px&quot;,&quot;size&quot;:10,&quot;sizes&quot;:[]},&quot;link_to&quot;:&quot;file&quot;,&quot;aspect_ratio&quot;:&quot;3:2&quot;,&quot;overlay_background&quot;:&quot;yes&quot;,&quot;content_hover_animation&quot;:&quot;fade-in&quot;}\" data-widget_type=\"gallery.default\">\n\t\t\t\t<div class=\"elementor-widget-container\">\n\t\t\t\t\t\t\t<div class=\"elementor-gallery__container\">\n\t\t\t\t\t\t\t<a class=\"e-gallery-item elementor-gallery-item elementor-animated-content\" href=\"https:\/\/www.atpdelaude.com\/wp-content\/uploads\/2022\/04\/Cre\u0301dit-photo-@marcginot.jpg\" data-elementor-open-lightbox=\"yes\" data-elementor-lightbox-slideshow=\"20893f15\" data-elementor-lightbox-title=\"Cre\u0301dit photo @marcginot\" data-e-action-hash=\"#elementor-action%3Aaction%3Dlightbox%26settings%3DeyJpZCI6NDAyOCwidXJsIjoiaHR0cHM6XC9cL3d3dy5hdHBkZWxhdWRlLmNvbVwvd3AtY29udGVudFwvdXBsb2Fkc1wvMjAyMlwvMDRcL0NyZVx1MDMwMWRpdC1waG90by1AbWFyY2dpbm90LmpwZyIsInNsaWRlc2hvdyI6IjIwODkzZjE1In0%3D\">\n\t\t\t\t\t<div class=\"e-gallery-image elementor-gallery-item__image\" data-thumbnail=\"https:\/\/www.atpdelaude.com\/wp-content\/uploads\/2022\/04\/Cre\u0301dit-photo-@marcginot-300x200.jpg\" data-width=\"300\" data-height=\"200\" aria-label=\"\" role=\"img\" ><\/div>\n\t\t\t\t\t\t\t\t\t\t\t<div class=\"elementor-gallery-item__overlay\"><\/div>\n\t\t\t\t\t\t\t\t\t\t\t\t\t\t<\/a>\n\t\t\t\t\t<\/div>\n\t\t\t\t\t<\/div>\n\t\t\t\t<\/div>\n\t\t\t\t<div class=\"elementor-element elementor-element-4431cb6e elementor-widget elementor-widget-text-editor\" data-id=\"4431cb6e\" data-element_type=\"widget\" data-e-type=\"widget\" data-widget_type=\"text-editor.default\">\n\t\t\t\t<div class=\"elementor-widget-container\">\n\t\t\t\t\t\t\t\t\t<p>Public<\/p>\t\t\t\t\t\t\t\t<\/div>\n\t\t\t\t<\/div>\n\t\t\t\t<div class=\"elementor-element elementor-element-3cd90ce6 elementor-widget elementor-widget-text-editor\" data-id=\"3cd90ce6\" data-element_type=\"widget\" data-e-type=\"widget\" data-widget_type=\"text-editor.default\">\n\t\t\t\t<div class=\"elementor-widget-container\">\n\t\t\t\t\t\t\t\t\t<p>Apprentis d&rsquo;Auteuil, le Carrefour des Expressions, le Foyer des Jeune Travailleurs Louis Michel, le lyc\u00e9e de Limoux et plus r\u00e9cemment le Tiers Lieu.<\/p>\t\t\t\t\t\t\t\t<\/div>\n\t\t\t\t<\/div>\n\t\t\t\t<div class=\"elementor-element elementor-element-14527bfd elementor-widget elementor-widget-text-editor\" data-id=\"14527bfd\" data-element_type=\"widget\" data-e-type=\"widget\" data-widget_type=\"text-editor.default\">\n\t\t\t\t<div class=\"elementor-widget-container\">\n\t\t\t\t\t\t\t\t\t<p>ARTISTE<\/p>\t\t\t\t\t\t\t\t<\/div>\n\t\t\t\t<\/div>\n\t\t\t\t<div class=\"elementor-element elementor-element-28c1e15b elementor-widget elementor-widget-text-editor\" data-id=\"28c1e15b\" data-element_type=\"widget\" data-e-type=\"widget\" data-widget_type=\"text-editor.default\">\n\t\t\t\t<div class=\"elementor-widget-container\">\n\t\t\t\t\t\t\t\t\t<p>Cie Soliloques<\/p>\t\t\t\t\t\t\t\t<\/div>\n\t\t\t\t<\/div>\n\t\t\t\t\t<\/div>\n\t\t<\/div>\n\t\t\t\t\t<\/div>\n\t\t<\/section>\n\t\t\t\t<section class=\"elementor-section elementor-top-section elementor-element elementor-element-50a22e28 elementor-section-boxed elementor-section-height-default elementor-section-height-default\" data-id=\"50a22e28\" data-element_type=\"section\" data-e-type=\"section\">\n\t\t\t\t\t\t<div class=\"elementor-container elementor-column-gap-default\">\n\t\t\t\t\t<div class=\"elementor-column elementor-col-100 elementor-top-column elementor-element elementor-element-5459d6a6\" data-id=\"5459d6a6\" data-element_type=\"column\" data-e-type=\"column\">\n\t\t\t<div class=\"elementor-widget-wrap elementor-element-populated\">\n\t\t\t\t\t\t<div class=\"elementor-element elementor-element-44d1c68e elementor-widget-divider--view-line elementor-widget elementor-widget-divider\" data-id=\"44d1c68e\" data-element_type=\"widget\" data-e-type=\"widget\" data-widget_type=\"divider.default\">\n\t\t\t\t<div class=\"elementor-widget-container\">\n\t\t\t\t\t\t\t<div class=\"elementor-divider\">\n\t\t\t<span class=\"elementor-divider-separator\">\n\t\t\t\t\t\t<\/span>\n\t\t<\/div>\n\t\t\t\t\t\t<\/div>\n\t\t\t\t<\/div>\n\t\t\t\t\t<\/div>\n\t\t<\/div>\n\t\t\t\t\t<\/div>\n\t\t<\/section>\n\t\t\t\t<section class=\"elementor-section elementor-top-section elementor-element elementor-element-5a3ec43e elementor-section-boxed elementor-section-height-default elementor-section-height-default\" data-id=\"5a3ec43e\" data-element_type=\"section\" data-e-type=\"section\">\n\t\t\t\t\t\t<div class=\"elementor-container elementor-column-gap-default\">\n\t\t\t\t\t<div class=\"elementor-column elementor-col-100 elementor-top-column elementor-element elementor-element-78ffd7fe\" data-id=\"78ffd7fe\" data-element_type=\"column\" data-e-type=\"column\">\n\t\t\t<div class=\"elementor-widget-wrap elementor-element-populated\">\n\t\t\t\t\t\t<div class=\"elementor-element elementor-element-740489b6 elementor-widget elementor-widget-text-editor\" data-id=\"740489b6\" data-element_type=\"widget\" data-e-type=\"widget\" data-widget_type=\"text-editor.default\">\n\t\t\t\t<div class=\"elementor-widget-container\">\n\t\t\t\t\t\t\t\t\t<p class=\"Standard\" style=\"text-align: center;\" align=\"center\">RESIDENCE D&rsquo;ARTISTE ET TRAVAIL DE TERRITOIRE<\/p>\t\t\t\t\t\t\t\t<\/div>\n\t\t\t\t<\/div>\n\t\t\t\t<div class=\"elementor-element elementor-element-4a49ac19 elementor-widget elementor-widget-text-editor\" data-id=\"4a49ac19\" data-element_type=\"widget\" data-e-type=\"widget\" data-widget_type=\"text-editor.default\">\n\t\t\t\t<div class=\"elementor-widget-container\">\n\t\t\t\t\t\t\t\t\t<p class=\"Standard\">Luc\/Aude<\/p>\t\t\t\t\t\t\t\t<\/div>\n\t\t\t\t<\/div>\n\t\t\t\t\t<\/div>\n\t\t<\/div>\n\t\t\t\t\t<\/div>\n\t\t<\/section>\n\t\t\t\t<section class=\"elementor-section elementor-top-section elementor-element elementor-element-6a09bfea elementor-section-boxed elementor-section-height-default elementor-section-height-default\" data-id=\"6a09bfea\" data-element_type=\"section\" data-e-type=\"section\">\n\t\t\t\t\t\t<div class=\"elementor-container elementor-column-gap-default\">\n\t\t\t\t\t<div class=\"elementor-column elementor-col-66 elementor-top-column elementor-element elementor-element-39b4885b\" data-id=\"39b4885b\" data-element_type=\"column\" data-e-type=\"column\">\n\t\t\t<div class=\"elementor-widget-wrap elementor-element-populated\">\n\t\t\t\t\t\t<div class=\"elementor-element elementor-element-23ea5c72 elementor-widget elementor-widget-text-editor\" data-id=\"23ea5c72\" data-element_type=\"widget\" data-e-type=\"widget\" data-widget_type=\"text-editor.default\">\n\t\t\t\t<div class=\"elementor-widget-container\">\n\t\t\t\t\t\t\t\t\t<p>Petit enfer<\/p>\t\t\t\t\t\t\t\t<\/div>\n\t\t\t\t<\/div>\n\t\t\t\t<div class=\"elementor-element elementor-element-4d220bbd elementor-widget elementor-widget-text-editor\" data-id=\"4d220bbd\" data-element_type=\"widget\" data-e-type=\"widget\" data-widget_type=\"text-editor.default\">\n\t\t\t\t<div class=\"elementor-widget-container\">\n\t\t\t\t\t\t\t\t\t<p>Durant cette r\u00e9sidence, la Cie a implant\u00e9 la sc\u00e9nographie dans une salle des f\u00eates non \u00e9quip\u00e9e.<\/p><p>Avec l&rsquo;\u00e9cole : rencontre sur la d\u00e9couverte des m\u00e9tiers du spectacle \u00e0 partir du visionnage du court m\u00e9trage \u00ab\u00a0L&rsquo;envers du d\u00e9cor\u00a0\u00bb \u2013 Les \u00e9l\u00e8ves ont assist\u00e9 \u00e0 un court moment d<\/p><p>Avec une classe de seconde du lyc\u00e9e Jacques Ruffi\u00e9 de Limoux sur l&rsquo;ann\u00e9e 20\/21 \u2013 ateliers autour du th\u00e8me \u00ab\u00a0Le secret\u00a0\u00bb &#8211;<\/p><p>Avec des personnes adultes en situation de handicap r\u00e9sidant dans un foyer de vie de la commune : rencontres\/\u00e9changes\/r\u00e9p\u00e9tition<\/p><p>Avec les habitants : r\u00e9p\u00e9tition publique \u2013 repr\u00e9sentation en appartement<\/p><p>Avec des professionnels : sortie de r\u00e9sidence et bord de sc\u00e8ne<\/p>\t\t\t\t\t\t\t\t<\/div>\n\t\t\t\t<\/div>\n\t\t\t\t<div class=\"elementor-element elementor-element-53cd0cfc elementor-align-left elementor-widget elementor-widget-button\" data-id=\"53cd0cfc\" data-element_type=\"widget\" data-e-type=\"widget\" data-widget_type=\"button.default\">\n\t\t\t\t<div class=\"elementor-widget-container\">\n\t\t\t\t\t\t\t\t\t<div class=\"elementor-button-wrapper\">\n\t\t\t\t\t<a class=\"elementor-button elementor-button-link elementor-size-sm\" href=\"https:\/\/www.atpdelaude.com\/wp-content\/uploads\/2022\/04\/Re\u0301sidence-Luc-sur-aude.pdf\" target=\"_blank\">\n\t\t\t\t\t\t<span class=\"elementor-button-content-wrapper\">\n\t\t\t\t\t\t\t\t\t<span class=\"elementor-button-text\">Dossier PDF <\/span>\n\t\t\t\t\t<\/span>\n\t\t\t\t\t<\/a>\n\t\t\t\t<\/div>\n\t\t\t\t\t\t\t\t<\/div>\n\t\t\t\t<\/div>\n\t\t\t\t\t<\/div>\n\t\t<\/div>\n\t\t\t\t<div class=\"elementor-column elementor-col-33 elementor-top-column elementor-element elementor-element-22c791d7\" data-id=\"22c791d7\" data-element_type=\"column\" data-e-type=\"column\" data-settings=\"{&quot;background_background&quot;:&quot;classic&quot;}\">\n\t\t\t<div class=\"elementor-widget-wrap elementor-element-populated\">\n\t\t\t\t\t\t<div class=\"elementor-element elementor-element-26c7d5ff elementor-widget elementor-widget-gallery\" data-id=\"26c7d5ff\" data-element_type=\"widget\" data-e-type=\"widget\" data-settings=\"{&quot;columns&quot;:1,&quot;gap&quot;:{&quot;unit&quot;:&quot;px&quot;,&quot;size&quot;:15,&quot;sizes&quot;:[]},&quot;lazyload&quot;:&quot;yes&quot;,&quot;gallery_layout&quot;:&quot;grid&quot;,&quot;columns_tablet&quot;:2,&quot;columns_mobile&quot;:1,&quot;gap_tablet&quot;:{&quot;unit&quot;:&quot;px&quot;,&quot;size&quot;:10,&quot;sizes&quot;:[]},&quot;gap_mobile&quot;:{&quot;unit&quot;:&quot;px&quot;,&quot;size&quot;:10,&quot;sizes&quot;:[]},&quot;link_to&quot;:&quot;file&quot;,&quot;aspect_ratio&quot;:&quot;3:2&quot;,&quot;overlay_background&quot;:&quot;yes&quot;,&quot;content_hover_animation&quot;:&quot;fade-in&quot;}\" data-widget_type=\"gallery.default\">\n\t\t\t\t<div class=\"elementor-widget-container\">\n\t\t\t\t\t\t\t<div class=\"elementor-gallery__container\">\n\t\t\t\t\t\t\t<a class=\"e-gallery-item elementor-gallery-item elementor-animated-content\" href=\"https:\/\/www.atpdelaude.com\/wp-content\/uploads\/2022\/04\/PE-NOV2021-\u00a9Joshua-Imeson-21.jpg\" data-elementor-open-lightbox=\"yes\" data-elementor-lightbox-slideshow=\"26c7d5ff\" data-elementor-lightbox-title=\"PE NOV2021 \u00a9Joshua Imeson (21)\" data-e-action-hash=\"#elementor-action%3Aaction%3Dlightbox%26settings%3DeyJpZCI6NDAyOSwidXJsIjoiaHR0cHM6XC9cL3d3dy5hdHBkZWxhdWRlLmNvbVwvd3AtY29udGVudFwvdXBsb2Fkc1wvMjAyMlwvMDRcL1BFLU5PVjIwMjEtXHUwMGE5Sm9zaHVhLUltZXNvbi0yMS5qcGciLCJzbGlkZXNob3ciOiIyNmM3ZDVmZiJ9\">\n\t\t\t\t\t<div class=\"e-gallery-image elementor-gallery-item__image\" data-thumbnail=\"https:\/\/www.atpdelaude.com\/wp-content\/uploads\/2022\/04\/PE-NOV2021-\u00a9Joshua-Imeson-21-300x201.jpg\" data-width=\"300\" data-height=\"201\" aria-label=\"\" role=\"img\" ><\/div>\n\t\t\t\t\t\t\t\t\t\t\t<div class=\"elementor-gallery-item__overlay\"><\/div>\n\t\t\t\t\t\t\t\t\t\t\t\t\t\t<\/a>\n\t\t\t\t\t<\/div>\n\t\t\t\t\t<\/div>\n\t\t\t\t<\/div>\n\t\t\t\t<div class=\"elementor-element elementor-element-4685012c elementor-widget elementor-widget-text-editor\" data-id=\"4685012c\" data-element_type=\"widget\" data-e-type=\"widget\" data-widget_type=\"text-editor.default\">\n\t\t\t\t<div class=\"elementor-widget-container\">\n\t\t\t\t\t\t\t\t\t<p>Public<\/p>\t\t\t\t\t\t\t\t<\/div>\n\t\t\t\t<\/div>\n\t\t\t\t<div class=\"elementor-element elementor-element-181d7beb elementor-widget elementor-widget-text-editor\" data-id=\"181d7beb\" data-element_type=\"widget\" data-e-type=\"widget\" data-widget_type=\"text-editor.default\">\n\t\t\t\t<div class=\"elementor-widget-container\">\n\t\t\t\t\t\t\t\t\t<p>Village de luc\/Aude : habitants, \u00e9cole \u2013 Lyc\u00e9e de Limoux<\/p>\t\t\t\t\t\t\t\t<\/div>\n\t\t\t\t<\/div>\n\t\t\t\t<div class=\"elementor-element elementor-element-69a7358a elementor-widget elementor-widget-text-editor\" data-id=\"69a7358a\" data-element_type=\"widget\" data-e-type=\"widget\" data-widget_type=\"text-editor.default\">\n\t\t\t\t<div class=\"elementor-widget-container\">\n\t\t\t\t\t\t\t\t\t<p>ARTISTE<\/p>\t\t\t\t\t\t\t\t<\/div>\n\t\t\t\t<\/div>\n\t\t\t\t<div class=\"elementor-element elementor-element-313ee7fd elementor-widget elementor-widget-text-editor\" data-id=\"313ee7fd\" data-element_type=\"widget\" data-e-type=\"widget\" data-widget_type=\"text-editor.default\">\n\t\t\t\t<div class=\"elementor-widget-container\">\n\t\t\t\t\t\t\t\t\t<p>Cie Cr\u00e9ation-Eph\u00e9m\u00e8re \u2013 Philippe Flahaut metteur en sc\u00e8ne et Sylvain Levey auteur dramatique<\/p>\t\t\t\t\t\t\t\t<\/div>\n\t\t\t\t<\/div>\n\t\t\t\t\t<\/div>\n\t\t<\/div>\n\t\t\t\t\t<\/div>\n\t\t<\/section>\n\t\t\t\t<section class=\"elementor-section elementor-top-section elementor-element elementor-element-20f41c01 elementor-hidden-desktop elementor-hidden-tablet elementor-hidden-mobile elementor-section-boxed elementor-section-height-default elementor-section-height-default\" data-id=\"20f41c01\" data-element_type=\"section\" data-e-type=\"section\">\n\t\t\t\t\t\t<div class=\"elementor-container elementor-column-gap-default\">\n\t\t\t\t\t<div class=\"elementor-column elementor-col-100 elementor-top-column elementor-element elementor-element-7557d079\" data-id=\"7557d079\" data-element_type=\"column\" data-e-type=\"column\">\n\t\t\t<div class=\"elementor-widget-wrap elementor-element-populated\">\n\t\t\t\t\t\t<div class=\"elementor-element elementor-element-3283095 elementor-widget elementor-widget-text-editor\" data-id=\"3283095\" data-element_type=\"widget\" data-e-type=\"widget\" data-widget_type=\"text-editor.default\">\n\t\t\t\t<div class=\"elementor-widget-container\">\n\t\t\t\t\t\t\t\t\t<p>Et aussi, bient\u00f4t chez vous&#8230;<\/p>\t\t\t\t\t\t\t\t<\/div>\n\t\t\t\t<\/div>\n\t\t\t\t<div class=\"elementor-element elementor-element-627c5bad elementor-widget elementor-widget-global elementor-global-2089 elementor-widget-post-navigation\" data-id=\"627c5bad\" data-element_type=\"widget\" data-e-type=\"widget\" data-widget_type=\"post-navigation.default\">\n\t\t\t\t<div class=\"elementor-widget-container\">\n\t\t\t\t\t\t\t<div class=\"elementor-post-navigation\" role=\"navigation\" aria-label=\"Navigation de publication\">\n\t\t\t<div class=\"elementor-post-navigation__prev elementor-post-navigation__link\">\n\t\t\t\t<a href=\"https:\/\/www.atpdelaude.com\/?page_id=3621\" rel=\"prev\"><span class=\"post-navigation__arrow-wrapper post-navigation__arrow-prev\"><i aria-hidden=\"true\" class=\"fas fa-angle-left\"><\/i><span class=\"elementor-screen-only\">Pr\u00e9c\u00e9dent<\/span><\/span><span class=\"elementor-post-navigation__link__prev\"><span class=\"post-navigation__prev--label\">Spectacle pr\u00e9c\u00e9dent<\/span><span class=\"post-navigation__prev--title\">Archives Saison 2021-2022<\/span><\/span><\/a>\t\t\t<\/div>\n\t\t\t\t\t\t<div class=\"elementor-post-navigation__next elementor-post-navigation__link\">\n\t\t\t\t<a href=\"https:\/\/www.atpdelaude.com\/?page_id=4913\" rel=\"next\"><span class=\"elementor-post-navigation__link__next\"><span class=\"post-navigation__next--label\">Spectacle suivant<\/span><span class=\"post-navigation__next--title\">2023\/2024<\/span><\/span><span class=\"post-navigation__arrow-wrapper post-navigation__arrow-next\"><i aria-hidden=\"true\" class=\"fas fa-angle-right\"><\/i><span class=\"elementor-screen-only\">Suivant<\/span><\/span><\/a>\t\t\t<\/div>\n\t\t<\/div>\n\t\t\t\t\t\t<\/div>\n\t\t\t\t<\/div>\n\t\t\t\t\t<\/div>\n\t\t<\/div>\n\t\t\t\t\t<\/div>\n\t\t<\/section>\n\t\t\t\t<\/div>\n\t\t","protected":false},"excerpt":{"rendered":"<p>ARCHIVES DES ACTIONS CULTURELLES SAISON 2023-2024 CGEAC Communaut\u00e9 de communes du Limouxin et des Pyr\u00e9n\u00e9es Audoises Mise en place d\u2019une politique culturelle pour favoriser l\u2019acc\u00e8s \u00e0 l\u2019art et aux pratiques artistiques pour les enfants, les jeunes, en faisant le lien entre \u00e9ducation et culture. Il s\u2019agit de renforcer la sensibilisation aux arts. L\u2019\u00e9cole est identifi\u00e9e [&hellip;]<\/p>\n","protected":false},"author":2,"featured_media":0,"parent":0,"menu_order":0,"comment_status":"closed","ping_status":"closed","template":"","meta":{"footnotes":""},"class_list":["post-4660","page","type-page","status-publish","hentry"],"yoast_head":"<!-- This site is optimized with the Yoast SEO plugin v19.11 - https:\/\/yoast.com\/wordpress\/plugins\/seo\/ -->\n<title>Archive des actions culturelles - ATP de l&#039;Aude<\/title>\n<meta name=\"robots\" content=\"index, follow, max-snippet:-1, max-image-preview:large, max-video-preview:-1\" \/>\n<link rel=\"canonical\" href=\"https:\/\/www.atpdelaude.com\/?page_id=4660\" \/>\n<meta property=\"og:locale\" content=\"fr_FR\" \/>\n<meta property=\"og:type\" content=\"article\" \/>\n<meta property=\"og:title\" content=\"Archive des actions culturelles - ATP de l&#039;Aude\" \/>\n<meta property=\"og:description\" content=\"ARCHIVES DES ACTIONS CULTURELLES SAISON 2023-2024 CGEAC Communaut\u00e9 de communes du Limouxin et des Pyr\u00e9n\u00e9es Audoises Mise en place d\u2019une politique culturelle pour favoriser l\u2019acc\u00e8s \u00e0 l\u2019art et aux pratiques artistiques pour les enfants, les jeunes, en faisant le lien entre \u00e9ducation et culture. Il s\u2019agit de renforcer la sensibilisation aux arts. L\u2019\u00e9cole est identifi\u00e9e [&hellip;]\" \/>\n<meta property=\"og:url\" content=\"https:\/\/www.atpdelaude.com\/?page_id=4660\" \/>\n<meta property=\"og:site_name\" content=\"ATP de l&#039;Aude\" \/>\n<meta property=\"article:modified_time\" content=\"2024-08-28T13:12:55+00:00\" \/>\n<meta property=\"og:image\" content=\"https:\/\/www.atpdelaude.com\/wp-content\/uploads\/2022\/09\/velo-1-rouge-crop-1024x624.png\" \/>\n<meta name=\"twitter:card\" content=\"summary_large_image\" \/>\n<meta name=\"twitter:label1\" content=\"Dur\u00e9e de lecture estim\u00e9e\" \/>\n\t<meta name=\"twitter:data1\" content=\"12 minutes\" \/>\n<script type=\"application\/ld+json\" class=\"yoast-schema-graph\">{\"@context\":\"https:\/\/schema.org\",\"@graph\":[{\"@type\":\"WebPage\",\"@id\":\"https:\/\/www.atpdelaude.com\/?page_id=4660\",\"url\":\"https:\/\/www.atpdelaude.com\/?page_id=4660\",\"name\":\"Archive des actions culturelles - ATP de l&#039;Aude\",\"isPartOf\":{\"@id\":\"https:\/\/www.atpdelaude.com\/#website\"},\"datePublished\":\"2022-09-29T15:52:20+00:00\",\"dateModified\":\"2024-08-28T13:12:55+00:00\",\"breadcrumb\":{\"@id\":\"https:\/\/www.atpdelaude.com\/?page_id=4660#breadcrumb\"},\"inLanguage\":\"fr-FR\",\"potentialAction\":[{\"@type\":\"ReadAction\",\"target\":[\"https:\/\/www.atpdelaude.com\/?page_id=4660\"]}]},{\"@type\":\"BreadcrumbList\",\"@id\":\"https:\/\/www.atpdelaude.com\/?page_id=4660#breadcrumb\",\"itemListElement\":[{\"@type\":\"ListItem\",\"position\":1,\"name\":\"Accueil\",\"item\":\"https:\/\/www.atpdelaude.com\/\"},{\"@type\":\"ListItem\",\"position\":2,\"name\":\"Archive des actions culturelles\"}]},{\"@type\":\"WebSite\",\"@id\":\"https:\/\/www.atpdelaude.com\/#website\",\"url\":\"https:\/\/www.atpdelaude.com\/\",\"name\":\"ATP de l&#039;Aude\",\"description\":\"Le th\u00e9\u00e2tre en vie\",\"publisher\":{\"@id\":\"https:\/\/www.atpdelaude.com\/#organization\"},\"potentialAction\":[{\"@type\":\"SearchAction\",\"target\":{\"@type\":\"EntryPoint\",\"urlTemplate\":\"https:\/\/www.atpdelaude.com\/?s={search_term_string}\"},\"query-input\":\"required name=search_term_string\"}],\"inLanguage\":\"fr-FR\"},{\"@type\":\"Organization\",\"@id\":\"https:\/\/www.atpdelaude.com\/#organization\",\"name\":\"ATP de l&#039;Aude\",\"url\":\"https:\/\/www.atpdelaude.com\/\",\"logo\":{\"@type\":\"ImageObject\",\"inLanguage\":\"fr-FR\",\"@id\":\"https:\/\/www.atpdelaude.com\/#\/schema\/logo\/image\/\",\"url\":\"https:\/\/www.atpdelaude.com\/wp-content\/uploads\/2021\/08\/cropped-logo-atp_contour_blanc.png\",\"contentUrl\":\"https:\/\/www.atpdelaude.com\/wp-content\/uploads\/2021\/08\/cropped-logo-atp_contour_blanc.png\",\"width\":458,\"height\":346,\"caption\":\"ATP de l&#039;Aude\"},\"image\":{\"@id\":\"https:\/\/www.atpdelaude.com\/#\/schema\/logo\/image\/\"}}]}<\/script>\n<!-- \/ Yoast SEO plugin. -->","yoast_head_json":{"title":"Archive des actions culturelles - ATP de l&#039;Aude","robots":{"index":"index","follow":"follow","max-snippet":"max-snippet:-1","max-image-preview":"max-image-preview:large","max-video-preview":"max-video-preview:-1"},"canonical":"https:\/\/www.atpdelaude.com\/?page_id=4660","og_locale":"fr_FR","og_type":"article","og_title":"Archive des actions culturelles - ATP de l&#039;Aude","og_description":"ARCHIVES DES ACTIONS CULTURELLES SAISON 2023-2024 CGEAC Communaut\u00e9 de communes du Limouxin et des Pyr\u00e9n\u00e9es Audoises Mise en place d\u2019une politique culturelle pour favoriser l\u2019acc\u00e8s \u00e0 l\u2019art et aux pratiques artistiques pour les enfants, les jeunes, en faisant le lien entre \u00e9ducation et culture. Il s\u2019agit de renforcer la sensibilisation aux arts. L\u2019\u00e9cole est identifi\u00e9e [&hellip;]","og_url":"https:\/\/www.atpdelaude.com\/?page_id=4660","og_site_name":"ATP de l&#039;Aude","article_modified_time":"2024-08-28T13:12:55+00:00","og_image":[{"url":"https:\/\/www.atpdelaude.com\/wp-content\/uploads\/2022\/09\/velo-1-rouge-crop-1024x624.png"}],"twitter_card":"summary_large_image","twitter_misc":{"Dur\u00e9e de lecture estim\u00e9e":"12 minutes"},"schema":{"@context":"https:\/\/schema.org","@graph":[{"@type":"WebPage","@id":"https:\/\/www.atpdelaude.com\/?page_id=4660","url":"https:\/\/www.atpdelaude.com\/?page_id=4660","name":"Archive des actions culturelles - ATP de l&#039;Aude","isPartOf":{"@id":"https:\/\/www.atpdelaude.com\/#website"},"datePublished":"2022-09-29T15:52:20+00:00","dateModified":"2024-08-28T13:12:55+00:00","breadcrumb":{"@id":"https:\/\/www.atpdelaude.com\/?page_id=4660#breadcrumb"},"inLanguage":"fr-FR","potentialAction":[{"@type":"ReadAction","target":["https:\/\/www.atpdelaude.com\/?page_id=4660"]}]},{"@type":"BreadcrumbList","@id":"https:\/\/www.atpdelaude.com\/?page_id=4660#breadcrumb","itemListElement":[{"@type":"ListItem","position":1,"name":"Accueil","item":"https:\/\/www.atpdelaude.com\/"},{"@type":"ListItem","position":2,"name":"Archive des actions culturelles"}]},{"@type":"WebSite","@id":"https:\/\/www.atpdelaude.com\/#website","url":"https:\/\/www.atpdelaude.com\/","name":"ATP de l&#039;Aude","description":"Le th\u00e9\u00e2tre en vie","publisher":{"@id":"https:\/\/www.atpdelaude.com\/#organization"},"potentialAction":[{"@type":"SearchAction","target":{"@type":"EntryPoint","urlTemplate":"https:\/\/www.atpdelaude.com\/?s={search_term_string}"},"query-input":"required name=search_term_string"}],"inLanguage":"fr-FR"},{"@type":"Organization","@id":"https:\/\/www.atpdelaude.com\/#organization","name":"ATP de l&#039;Aude","url":"https:\/\/www.atpdelaude.com\/","logo":{"@type":"ImageObject","inLanguage":"fr-FR","@id":"https:\/\/www.atpdelaude.com\/#\/schema\/logo\/image\/","url":"https:\/\/www.atpdelaude.com\/wp-content\/uploads\/2021\/08\/cropped-logo-atp_contour_blanc.png","contentUrl":"https:\/\/www.atpdelaude.com\/wp-content\/uploads\/2021\/08\/cropped-logo-atp_contour_blanc.png","width":458,"height":346,"caption":"ATP de l&#039;Aude"},"image":{"@id":"https:\/\/www.atpdelaude.com\/#\/schema\/logo\/image\/"}}]}},"_links":{"self":[{"href":"https:\/\/www.atpdelaude.com\/index.php?rest_route=\/wp\/v2\/pages\/4660","targetHints":{"allow":["GET"]}}],"collection":[{"href":"https:\/\/www.atpdelaude.com\/index.php?rest_route=\/wp\/v2\/pages"}],"about":[{"href":"https:\/\/www.atpdelaude.com\/index.php?rest_route=\/wp\/v2\/types\/page"}],"author":[{"embeddable":true,"href":"https:\/\/www.atpdelaude.com\/index.php?rest_route=\/wp\/v2\/users\/2"}],"replies":[{"embeddable":true,"href":"https:\/\/www.atpdelaude.com\/index.php?rest_route=%2Fwp%2Fv2%2Fcomments&post=4660"}],"version-history":[{"count":13,"href":"https:\/\/www.atpdelaude.com\/index.php?rest_route=\/wp\/v2\/pages\/4660\/revisions"}],"predecessor-version":[{"id":6345,"href":"https:\/\/www.atpdelaude.com\/index.php?rest_route=\/wp\/v2\/pages\/4660\/revisions\/6345"}],"wp:attachment":[{"href":"https:\/\/www.atpdelaude.com\/index.php?rest_route=%2Fwp%2Fv2%2Fmedia&parent=4660"}],"curies":[{"name":"wp","href":"https:\/\/api.w.org\/{rel}","templated":true}]}}