{"id":2167,"date":"2021-11-23T15:20:59","date_gmt":"2021-11-23T15:20:59","guid":{"rendered":"https:\/\/dev.atpdelaude.com\/?page_id=2167"},"modified":"2025-09-03T06:20:23","modified_gmt":"2025-09-03T06:20:23","slug":"actions-culturelles","status":"publish","type":"page","link":"https:\/\/www.atpdelaude.com\/?page_id=2167","title":{"rendered":"Actions culturelles"},"content":{"rendered":"\t\t<div data-elementor-type=\"wp-page\" data-elementor-id=\"2167\" class=\"elementor elementor-2167\" data-elementor-post-type=\"page\">\n\t\t\t\t\t\t<section class=\"elementor-section elementor-top-section elementor-element elementor-element-1c74fbae elementor-section-full_width elementor-section-height-default elementor-section-height-default\" data-id=\"1c74fbae\" data-element_type=\"section\" data-e-type=\"section\" data-settings=\"{&quot;background_background&quot;:&quot;classic&quot;}\">\n\t\t\t\t\t\t<div class=\"elementor-container elementor-column-gap-default\">\n\t\t\t\t\t<div class=\"elementor-column elementor-col-100 elementor-top-column elementor-element elementor-element-500aec6a\" data-id=\"500aec6a\" data-element_type=\"column\" data-e-type=\"column\">\n\t\t\t<div class=\"elementor-widget-wrap elementor-element-populated\">\n\t\t\t\t\t\t<div class=\"elementor-element elementor-element-7acadca6 elementor-widget elementor-widget-image\" data-id=\"7acadca6\" data-element_type=\"widget\" data-e-type=\"widget\" data-widget_type=\"image.default\">\n\t\t\t\t<div class=\"elementor-widget-container\">\n\t\t\t\t\t\t\t\t\t\t\t\t\t\t\t<img fetchpriority=\"high\" decoding=\"async\" width=\"800\" height=\"477\" src=\"https:\/\/www.atpdelaude.com\/wp-content\/uploads\/2022\/01\/velo-vintage.png\" class=\"attachment-large size-large wp-image-5936\" alt=\"\" srcset=\"https:\/\/www.atpdelaude.com\/wp-content\/uploads\/2022\/01\/velo-vintage.png 1000w, https:\/\/www.atpdelaude.com\/wp-content\/uploads\/2022\/01\/velo-vintage-300x179.png 300w, https:\/\/www.atpdelaude.com\/wp-content\/uploads\/2022\/01\/velo-vintage-768x458.png 768w\" sizes=\"(max-width: 800px) 100vw, 800px\" \/>\t\t\t\t\t\t\t\t\t\t\t\t\t\t\t<\/div>\n\t\t\t\t<\/div>\n\t\t\t\t<div class=\"elementor-element elementor-element-77b19c85 elementor-absolute elementor-widget elementor-widget-heading\" data-id=\"77b19c85\" data-element_type=\"widget\" data-e-type=\"widget\" data-settings=\"{&quot;_position&quot;:&quot;absolute&quot;}\" data-widget_type=\"heading.default\">\n\t\t\t\t<div class=\"elementor-widget-container\">\n\t\t\t\t\t<h1 class=\"elementor-heading-title elementor-size-default\">ACTIONS CULTURELLES<\/h1>\t\t\t\t<\/div>\n\t\t\t\t<\/div>\n\t\t\t\t\t<\/div>\n\t\t<\/div>\n\t\t\t\t\t<\/div>\n\t\t<\/section>\n\t\t\t\t<section class=\"elementor-section elementor-top-section elementor-element elementor-element-98fde5b elementor-section-boxed elementor-section-height-default elementor-section-height-default\" data-id=\"98fde5b\" data-element_type=\"section\" data-e-type=\"section\">\n\t\t\t\t\t\t<div class=\"elementor-container elementor-column-gap-default\">\n\t\t\t\t\t<div class=\"elementor-column elementor-col-100 elementor-top-column elementor-element elementor-element-b1b3938\" data-id=\"b1b3938\" data-element_type=\"column\" data-e-type=\"column\">\n\t\t\t<div class=\"elementor-widget-wrap elementor-element-populated\">\n\t\t\t\t\t\t<div class=\"elementor-element elementor-element-882f854 elementor-widget elementor-widget-text-editor\" data-id=\"882f854\" data-element_type=\"widget\" data-e-type=\"widget\" data-widget_type=\"text-editor.default\">\n\t\t\t\t<div class=\"elementor-widget-container\">\n\t\t\t\t\t\t\t\t\t<p>Action culturelle<\/p>\t\t\t\t\t\t\t\t<\/div>\n\t\t\t\t<\/div>\n\t\t\t\t<div class=\"elementor-element elementor-element-b4dd26f elementor-widget elementor-widget-text-editor\" data-id=\"b4dd26f\" data-element_type=\"widget\" data-e-type=\"widget\" data-widget_type=\"text-editor.default\">\n\t\t\t\t<div class=\"elementor-widget-container\">\n\t\t\t\t\t\t\t\t\t<p>Vous \u00eates enseignant.e, responsable d&rsquo;association, \u00e9lu.e d&rsquo;une commune de l&rsquo;Aude &#8230; et vous souhaitez collaborer avec l&rsquo;\u00e9quipe de l&rsquo;ATP de l&rsquo;Aude pour un projet culturel? Contactez-nous et parlons-en!<\/p>\t\t\t\t\t\t\t\t<\/div>\n\t\t\t\t<\/div>\n\t\t\t\t\t<\/div>\n\t\t<\/div>\n\t\t\t\t\t<\/div>\n\t\t<\/section>\n\t\t\t\t<section class=\"elementor-section elementor-top-section elementor-element elementor-element-84d29b3 elementor-section-boxed elementor-section-height-default elementor-section-height-default\" data-id=\"84d29b3\" data-element_type=\"section\" data-e-type=\"section\">\n\t\t\t\t\t\t<div class=\"elementor-container elementor-column-gap-default\">\n\t\t\t\t\t<div class=\"elementor-column elementor-col-100 elementor-top-column elementor-element elementor-element-7eaeb22\" data-id=\"7eaeb22\" data-element_type=\"column\" data-e-type=\"column\">\n\t\t\t<div class=\"elementor-widget-wrap elementor-element-populated\">\n\t\t\t\t\t\t<div class=\"elementor-element elementor-element-e5427e3 elementor-widget-divider--view-line elementor-widget elementor-widget-divider\" data-id=\"e5427e3\" data-element_type=\"widget\" data-e-type=\"widget\" data-widget_type=\"divider.default\">\n\t\t\t\t<div class=\"elementor-widget-container\">\n\t\t\t\t\t\t\t<div class=\"elementor-divider\">\n\t\t\t<span class=\"elementor-divider-separator\">\n\t\t\t\t\t\t<\/span>\n\t\t<\/div>\n\t\t\t\t\t\t<\/div>\n\t\t\t\t<\/div>\n\t\t\t\t\t<\/div>\n\t\t<\/div>\n\t\t\t\t\t<\/div>\n\t\t<\/section>\n\t\t\t\t<section class=\"elementor-section elementor-top-section elementor-element elementor-element-20b6d738 elementor-section-boxed elementor-section-height-default elementor-section-height-default\" data-id=\"20b6d738\" data-element_type=\"section\" data-e-type=\"section\">\n\t\t\t\t\t\t<div class=\"elementor-container elementor-column-gap-default\">\n\t\t\t\t\t<div class=\"elementor-column elementor-col-100 elementor-top-column elementor-element elementor-element-3f60a1a3\" data-id=\"3f60a1a3\" data-element_type=\"column\" data-e-type=\"column\">\n\t\t\t<div class=\"elementor-widget-wrap elementor-element-populated\">\n\t\t\t\t\t\t<div class=\"elementor-element elementor-element-77166ff3 elementor-widget elementor-widget-text-editor\" data-id=\"77166ff3\" data-element_type=\"widget\" data-e-type=\"widget\" data-widget_type=\"text-editor.default\">\n\t\t\t\t<div class=\"elementor-widget-container\">\n\t\t\t\t\t\t\t\t\t<p>Jeune Public<\/p>\t\t\t\t\t\t\t\t<\/div>\n\t\t\t\t<\/div>\n\t\t\t\t<div class=\"elementor-element elementor-element-528977e9 elementor-widget elementor-widget-text-editor\" data-id=\"528977e9\" data-element_type=\"widget\" data-e-type=\"widget\" data-widget_type=\"text-editor.default\">\n\t\t\t\t<div class=\"elementor-widget-container\">\n\t\t\t\t\t\t\t\t\t<p>Accompagnement syst\u00e9matique des enseignant.e.s et des \u00e9l\u00e8ves autour des spectacles accueillis en repr\u00e9sentations scolaires.<\/p><p><br \/>Participation au dispositif Sc\u00e8nes d&rsquo;enfance avec <a href=\"https:\/\/www.atpdelaude.com\/?p=6890\" target=\"_blank\" rel=\"noopener\">Le jardinier<\/a><\/p><p>Repr\u00e9sentations Scolaires avec <a href=\"https:\/\/www.atpdelaude.com\/?p=6844\" target=\"_blank\" rel=\"noopener\">Aka<\/a> et <a href=\"https:\/\/www.atpdelaude.com\/?p=6890\" target=\"_blank\" rel=\"noopener\">Le jardinier\u00a0<\/a><\/p>\t\t\t\t\t\t\t\t<\/div>\n\t\t\t\t<\/div>\n\t\t\t\t\t<\/div>\n\t\t<\/div>\n\t\t\t\t\t<\/div>\n\t\t<\/section>\n\t\t\t\t<section class=\"elementor-section elementor-top-section elementor-element elementor-element-6a7c3d99 elementor-section-boxed elementor-section-height-default elementor-section-height-default\" data-id=\"6a7c3d99\" data-element_type=\"section\" data-e-type=\"section\">\n\t\t\t\t\t\t<div class=\"elementor-container elementor-column-gap-default\">\n\t\t\t\t\t<div class=\"elementor-column elementor-col-100 elementor-top-column elementor-element elementor-element-5b689b16\" data-id=\"5b689b16\" data-element_type=\"column\" data-e-type=\"column\">\n\t\t\t<div class=\"elementor-widget-wrap elementor-element-populated\">\n\t\t\t\t\t\t<div class=\"elementor-element elementor-element-339e91b6 elementor-widget-divider--view-line elementor-widget elementor-widget-divider\" data-id=\"339e91b6\" data-element_type=\"widget\" data-e-type=\"widget\" data-widget_type=\"divider.default\">\n\t\t\t\t<div class=\"elementor-widget-container\">\n\t\t\t\t\t\t\t<div class=\"elementor-divider\">\n\t\t\t<span class=\"elementor-divider-separator\">\n\t\t\t\t\t\t<\/span>\n\t\t<\/div>\n\t\t\t\t\t\t<\/div>\n\t\t\t\t<\/div>\n\t\t\t\t\t<\/div>\n\t\t<\/div>\n\t\t\t\t\t<\/div>\n\t\t<\/section>\n\t\t\t\t<section class=\"elementor-section elementor-top-section elementor-element elementor-element-bd910ea elementor-section-boxed elementor-section-height-default elementor-section-height-default\" data-id=\"bd910ea\" data-element_type=\"section\" data-e-type=\"section\">\n\t\t\t\t\t\t<div class=\"elementor-container elementor-column-gap-default\">\n\t\t\t\t\t<div class=\"elementor-column elementor-col-100 elementor-top-column elementor-element elementor-element-cdd11fb\" data-id=\"cdd11fb\" data-element_type=\"column\" data-e-type=\"column\">\n\t\t\t<div class=\"elementor-widget-wrap elementor-element-populated\">\n\t\t\t\t\t\t<div class=\"elementor-element elementor-element-0ce984f elementor-widget elementor-widget-text-editor\" data-id=\"0ce984f\" data-element_type=\"widget\" data-e-type=\"widget\" data-widget_type=\"text-editor.default\">\n\t\t\t\t<div class=\"elementor-widget-container\">\n\t\t\t\t\t\t\t\t\t<p>Coll\u00e8ges au Th\u00e9\u00e2tre<\/p>\t\t\t\t\t\t\t\t<\/div>\n\t\t\t\t<\/div>\n\t\t\t\t<div class=\"elementor-element elementor-element-a29f906 elementor-widget elementor-widget-text-editor\" data-id=\"a29f906\" data-element_type=\"widget\" data-e-type=\"widget\" data-widget_type=\"text-editor.default\">\n\t\t\t\t<div class=\"elementor-widget-container\">\n\t\t\t\t\t\t\t\t\t<p>Le calendrier de cette action se construit en partenariat avec les lieux suivants\u00a0:<br \/>Th\u00e9\u00e2tre Na Loba \u00e0 Pennautier, Th\u00e9\u00e2tre-Sc\u00e8nes des 3 ponts \u00e0 Castelnaudary et l\u2019Espace Cathare \u00e0 Quillan.<\/p>\t\t\t\t\t\t\t\t<\/div>\n\t\t\t\t<\/div>\n\t\t\t\t\t<\/div>\n\t\t<\/div>\n\t\t\t\t\t<\/div>\n\t\t<\/section>\n\t\t\t\t<section class=\"elementor-section elementor-top-section elementor-element elementor-element-6c9fe644 elementor-section-boxed elementor-section-height-default elementor-section-height-default\" data-id=\"6c9fe644\" data-element_type=\"section\" data-e-type=\"section\">\n\t\t\t\t\t\t<div class=\"elementor-container elementor-column-gap-default\">\n\t\t\t\t\t<div class=\"elementor-column elementor-col-66 elementor-top-column elementor-element elementor-element-14c2b68e\" data-id=\"14c2b68e\" data-element_type=\"column\" data-e-type=\"column\">\n\t\t\t<div class=\"elementor-widget-wrap elementor-element-populated\">\n\t\t\t\t\t\t<div class=\"elementor-element elementor-element-346e3c3d elementor-widget elementor-widget-text-editor\" data-id=\"346e3c3d\" data-element_type=\"widget\" data-e-type=\"widget\" data-widget_type=\"text-editor.default\">\n\t\t\t\t<div class=\"elementor-widget-container\">\n\t\t\t\t\t\t\t\t\t<p>Depuis 2007, le dispositif \u00ab Coll\u00e8ges au Th\u00e9\u00e2tre \u00bb, subventionn\u00e9 par le Conseil D\u00e9partemental de l&rsquo;Aude, propose \u00e0 l&rsquo;ensemble des coll\u00e9gien.ne.s des classes de S\u00e8me d&rsquo;assister \u00e0 une repr\u00e9sentation th\u00e9\u00e2trale. Cette op\u00e9ration est mise en oeuvre par l&rsquo;ATP en partenariat avec les Villes de Castelnaudary, Pennautier et Quillan. Chaque classe inscrite b\u00e9n\u00e9ficie de deux heures d&rsquo;intervention men\u00e9es par des com\u00e9dien.ne.s. Les professeurs participent \u00e0 une journ\u00e9e de Formation et chaque \u00e9l\u00e8ve re\u00e7oit un carnet de bord le pr\u00e9parant au spectacle et \u00e0 ses th\u00e9matiques. l.&rsquo;.op\u00e9ration est men\u00e9e conjointement avec la Sc\u00e8ne Nationale Grand Narbonne pour l&rsquo;Est du d\u00e9partement. <br \/>Spectacle choisi pour l&rsquo;ann\u00e9e 2025-2026:<\/p>\t\t\t\t\t\t\t\t<\/div>\n\t\t\t\t<\/div>\n\t\t\t\t<div class=\"elementor-element elementor-element-3f967b88 elementor-widget elementor-widget-text-editor\" data-id=\"3f967b88\" data-element_type=\"widget\" data-e-type=\"widget\" data-widget_type=\"text-editor.default\">\n\t\t\t\t<div class=\"elementor-widget-container\">\n\t\t\t\t\t\t\t\t\t<p>Le Petit Gar\u00e7on qui avait mang\u00e9 trop d&rsquo;olives<\/p>\t\t\t\t\t\t\t\t<\/div>\n\t\t\t\t<\/div>\n\t\t\t\t<div class=\"elementor-element elementor-element-30984199 elementor-align-left elementor-widget elementor-widget-button\" data-id=\"30984199\" data-element_type=\"widget\" data-e-type=\"widget\" data-widget_type=\"button.default\">\n\t\t\t\t<div class=\"elementor-widget-container\">\n\t\t\t\t\t\t\t\t\t<div class=\"elementor-button-wrapper\">\n\t\t\t\t\t<a class=\"elementor-button elementor-button-link elementor-size-sm\" href=\"https:\/\/www.atpdelaude.com\/wp-content\/uploads\/2025\/09\/LePetitGarconQuiAvaitMangeTropdOlives_Dossier.pdf\" target=\"_blank\">\n\t\t\t\t\t\t<span class=\"elementor-button-content-wrapper\">\n\t\t\t\t\t\t\t\t\t<span class=\"elementor-button-text\">Dossier PDF <\/span>\n\t\t\t\t\t<\/span>\n\t\t\t\t\t<\/a>\n\t\t\t\t<\/div>\n\t\t\t\t\t\t\t\t<\/div>\n\t\t\t\t<\/div>\n\t\t\t\t\t<\/div>\n\t\t<\/div>\n\t\t\t\t<div class=\"elementor-column elementor-col-33 elementor-top-column elementor-element elementor-element-1e8611a6\" data-id=\"1e8611a6\" data-element_type=\"column\" data-e-type=\"column\" data-settings=\"{&quot;background_background&quot;:&quot;classic&quot;}\">\n\t\t\t<div class=\"elementor-widget-wrap elementor-element-populated\">\n\t\t\t\t\t\t<div class=\"elementor-element elementor-element-578f2334 elementor-widget elementor-widget-gallery\" data-id=\"578f2334\" data-element_type=\"widget\" data-e-type=\"widget\" data-settings=\"{&quot;columns&quot;:1,&quot;gap&quot;:{&quot;unit&quot;:&quot;px&quot;,&quot;size&quot;:15,&quot;sizes&quot;:[]},&quot;lazyload&quot;:&quot;yes&quot;,&quot;gallery_layout&quot;:&quot;grid&quot;,&quot;columns_tablet&quot;:2,&quot;columns_mobile&quot;:1,&quot;gap_tablet&quot;:{&quot;unit&quot;:&quot;px&quot;,&quot;size&quot;:10,&quot;sizes&quot;:[]},&quot;gap_mobile&quot;:{&quot;unit&quot;:&quot;px&quot;,&quot;size&quot;:10,&quot;sizes&quot;:[]},&quot;link_to&quot;:&quot;file&quot;,&quot;aspect_ratio&quot;:&quot;3:2&quot;,&quot;overlay_background&quot;:&quot;yes&quot;,&quot;content_hover_animation&quot;:&quot;fade-in&quot;}\" data-widget_type=\"gallery.default\">\n\t\t\t\t<div class=\"elementor-widget-container\">\n\t\t\t\t\t\t\t<div class=\"elementor-gallery__container\">\n\t\t\t\t\t\t\t<a class=\"e-gallery-item elementor-gallery-item elementor-animated-content\" href=\"https:\/\/www.atpdelaude.com\/wp-content\/uploads\/2025\/08\/le_petit_garcon_qui_avait_mange_trop_dolives_014.jpg\" data-elementor-open-lightbox=\"yes\" data-elementor-lightbox-slideshow=\"578f2334\" data-elementor-lightbox-title=\"le_petit_garcon_qui_avait_mange_trop_dolives_014\" data-e-action-hash=\"#elementor-action%3Aaction%3Dlightbox%26settings%3DeyJpZCI6NzA3NiwidXJsIjoiaHR0cHM6XC9cL3d3dy5hdHBkZWxhdWRlLmNvbVwvd3AtY29udGVudFwvdXBsb2Fkc1wvMjAyNVwvMDhcL2xlX3BldGl0X2dhcmNvbl9xdWlfYXZhaXRfbWFuZ2VfdHJvcF9kb2xpdmVzXzAxNC5qcGciLCJzbGlkZXNob3ciOiI1NzhmMjMzNCJ9\">\n\t\t\t\t\t<div class=\"e-gallery-image elementor-gallery-item__image\" data-thumbnail=\"https:\/\/www.atpdelaude.com\/wp-content\/uploads\/2025\/08\/le_petit_garcon_qui_avait_mange_trop_dolives_014-300x200.jpg\" data-width=\"300\" data-height=\"200\" aria-label=\"\" role=\"img\" ><\/div>\n\t\t\t\t\t\t\t\t\t\t\t<div class=\"elementor-gallery-item__overlay\"><\/div>\n\t\t\t\t\t\t\t\t\t\t\t\t\t\t<\/a>\n\t\t\t\t\t<\/div>\n\t\t\t\t\t<\/div>\n\t\t\t\t<\/div>\n\t\t\t\t\t<\/div>\n\t\t<\/div>\n\t\t\t\t\t<\/div>\n\t\t<\/section>\n\t\t\t\t<section class=\"elementor-section elementor-top-section elementor-element elementor-element-7acc0c9 elementor-section-boxed elementor-section-height-default elementor-section-height-default\" data-id=\"7acc0c9\" data-element_type=\"section\" data-e-type=\"section\">\n\t\t\t\t\t\t<div class=\"elementor-container elementor-column-gap-default\">\n\t\t\t\t\t<div class=\"elementor-column elementor-col-100 elementor-top-column elementor-element elementor-element-51e780f\" data-id=\"51e780f\" data-element_type=\"column\" data-e-type=\"column\">\n\t\t\t<div class=\"elementor-widget-wrap elementor-element-populated\">\n\t\t\t\t\t\t<div class=\"elementor-element elementor-element-08131c4 elementor-widget-divider--view-line elementor-widget elementor-widget-divider\" data-id=\"08131c4\" data-element_type=\"widget\" data-e-type=\"widget\" data-widget_type=\"divider.default\">\n\t\t\t\t<div class=\"elementor-widget-container\">\n\t\t\t\t\t\t\t<div class=\"elementor-divider\">\n\t\t\t<span class=\"elementor-divider-separator\">\n\t\t\t\t\t\t<\/span>\n\t\t<\/div>\n\t\t\t\t\t\t<\/div>\n\t\t\t\t<\/div>\n\t\t\t\t\t<\/div>\n\t\t<\/div>\n\t\t\t\t\t<\/div>\n\t\t<\/section>\n\t\t\t\t<section class=\"elementor-section elementor-top-section elementor-element elementor-element-aa1fc67 elementor-section-boxed elementor-section-height-default elementor-section-height-default\" data-id=\"aa1fc67\" data-element_type=\"section\" data-e-type=\"section\">\n\t\t\t\t\t\t<div class=\"elementor-container elementor-column-gap-default\">\n\t\t\t\t\t<div class=\"elementor-column elementor-col-100 elementor-top-column elementor-element elementor-element-1772e52\" data-id=\"1772e52\" data-element_type=\"column\" data-e-type=\"column\">\n\t\t\t<div class=\"elementor-widget-wrap elementor-element-populated\">\n\t\t\t\t\t\t<div class=\"elementor-element elementor-element-4b16b5e elementor-widget elementor-widget-text-editor\" data-id=\"4b16b5e\" data-element_type=\"widget\" data-e-type=\"widget\" data-widget_type=\"text-editor.default\">\n\t\t\t\t<div class=\"elementor-widget-container\">\n\t\t\t\t\t\t\t\t\t<p>CGEAC<\/p>\t\t\t\t\t\t\t\t<\/div>\n\t\t\t\t<\/div>\n\t\t\t\t<div class=\"elementor-element elementor-element-0b8a8aa elementor-widget elementor-widget-text-editor\" data-id=\"0b8a8aa\" data-element_type=\"widget\" data-e-type=\"widget\" data-widget_type=\"text-editor.default\">\n\t\t\t\t<div class=\"elementor-widget-container\">\n\t\t\t\t\t\t\t\t\t<p>Dans le cadre de la CGEAC, des projets associant ateliers de pratique, rencontres avec les \u00e9quipes artistiques et spectacles seront organis\u00e9s dans des \u00e9tablissements scolaires des Communaut\u00e9s de Communes du Limouxin, des Pyr\u00e9n\u00e9es Audoises, de Carcassonne Agglom\u00e9ration.<br \/>Et d&rsquo;autres projets en core en construction pour 2026.<\/p>\t\t\t\t\t\t\t\t<\/div>\n\t\t\t\t<\/div>\n\t\t\t\t<div class=\"elementor-element elementor-element-beb31f7 elementor-widget elementor-widget-text-editor\" data-id=\"beb31f7\" data-element_type=\"widget\" data-e-type=\"widget\" data-widget_type=\"text-editor.default\">\n\t\t\t\t<div class=\"elementor-widget-container\">\n\t\t\t\t\t\t\t\t\t<p>Ce qui nous fonde, nous, spectateur.rice.s &#8211; programmateur.rice.s d&rsquo;associations de th\u00e9\u00e2tre populaire, c&rsquo;est le partage de valeurs et de convictions solides. L&rsquo;id\u00e9e que la culture, et le th\u00e9\u00e2tre en particulier, participent au d\u00e9veloppement et \u00e0 l&rsquo;\u00e9mancipation des personnes. C&rsquo;est la raison pour laquelle, en parall\u00e8le de notre programmation, nous menons des actions de m\u00e9diation aupr\u00e8s des jeunes mais aussi de divers publics adultes. Et que nous construisons patiemment des partenariats sur tout u<\/p>\t\t\t\t\t\t\t\t<\/div>\n\t\t\t\t<\/div>\n\t\t\t\t\t<\/div>\n\t\t<\/div>\n\t\t\t\t\t<\/div>\n\t\t<\/section>\n\t\t\t\t<section class=\"elementor-section elementor-top-section elementor-element elementor-element-243d177 elementor-section-boxed elementor-section-height-default elementor-section-height-default\" data-id=\"243d177\" data-element_type=\"section\" data-e-type=\"section\">\n\t\t\t\t\t\t<div class=\"elementor-container elementor-column-gap-default\">\n\t\t\t\t\t<div class=\"elementor-column elementor-col-100 elementor-top-column elementor-element elementor-element-2262a71\" data-id=\"2262a71\" data-element_type=\"column\" data-e-type=\"column\">\n\t\t\t<div class=\"elementor-widget-wrap elementor-element-populated\">\n\t\t\t\t\t\t<div class=\"elementor-element elementor-element-2d816a5 elementor-widget-divider--view-line elementor-widget elementor-widget-divider\" data-id=\"2d816a5\" data-element_type=\"widget\" data-e-type=\"widget\" data-widget_type=\"divider.default\">\n\t\t\t\t<div class=\"elementor-widget-container\">\n\t\t\t\t\t\t\t<div class=\"elementor-divider\">\n\t\t\t<span class=\"elementor-divider-separator\">\n\t\t\t\t\t\t<\/span>\n\t\t<\/div>\n\t\t\t\t\t\t<\/div>\n\t\t\t\t<\/div>\n\t\t\t\t\t<\/div>\n\t\t<\/div>\n\t\t\t\t\t<\/div>\n\t\t<\/section>\n\t\t\t\t<section class=\"elementor-section elementor-top-section elementor-element elementor-element-927acdd elementor-section-boxed elementor-section-height-default elementor-section-height-default\" data-id=\"927acdd\" data-element_type=\"section\" data-e-type=\"section\">\n\t\t\t\t\t\t<div class=\"elementor-container elementor-column-gap-default\">\n\t\t\t\t\t<div class=\"elementor-column elementor-col-100 elementor-top-column elementor-element elementor-element-ac07e8b\" data-id=\"ac07e8b\" data-element_type=\"column\" data-e-type=\"column\">\n\t\t\t<div class=\"elementor-widget-wrap elementor-element-populated\">\n\t\t\t\t\t\t<div class=\"elementor-element elementor-element-5115722 elementor-align-right elementor-widget elementor-widget-button\" data-id=\"5115722\" data-element_type=\"widget\" data-e-type=\"widget\" data-widget_type=\"button.default\">\n\t\t\t\t<div class=\"elementor-widget-container\">\n\t\t\t\t\t\t\t\t\t<div class=\"elementor-button-wrapper\">\n\t\t\t\t\t<a class=\"elementor-button elementor-button-link elementor-size-sm\" href=\"https:\/\/www.atpdelaude.com\/?page_id=4660\">\n\t\t\t\t\t\t<span class=\"elementor-button-content-wrapper\">\n\t\t\t\t\t\t\t\t\t<span class=\"elementor-button-text\">Actions culturelles des saisons pr\u00e9c\u00e9dentes<\/span>\n\t\t\t\t\t<\/span>\n\t\t\t\t\t<\/a>\n\t\t\t\t<\/div>\n\t\t\t\t\t\t\t\t<\/div>\n\t\t\t\t<\/div>\n\t\t\t\t\t<\/div>\n\t\t<\/div>\n\t\t\t\t\t<\/div>\n\t\t<\/section>\n\t\t\t\t<\/div>\n\t\t","protected":false},"excerpt":{"rendered":"<p>ACTIONS CULTURELLES Action culturelle Vous \u00eates enseignant.e, responsable d&rsquo;association, \u00e9lu.e d&rsquo;une commune de l&rsquo;Aude &#8230; et vous souhaitez collaborer avec l&rsquo;\u00e9quipe de l&rsquo;ATP de l&rsquo;Aude pour un projet culturel? Contactez-nous et parlons-en! Jeune Public Accompagnement syst\u00e9matique des enseignant.e.s et des \u00e9l\u00e8ves autour des spectacles accueillis en repr\u00e9sentations scolaires. Participation au dispositif Sc\u00e8nes d&rsquo;enfance avec Le [&hellip;]<\/p>\n","protected":false},"author":2,"featured_media":0,"parent":0,"menu_order":0,"comment_status":"closed","ping_status":"closed","template":"","meta":{"footnotes":""},"class_list":["post-2167","page","type-page","status-publish","hentry"],"yoast_head":"<!-- This site is optimized with the Yoast SEO plugin v19.11 - https:\/\/yoast.com\/wordpress\/plugins\/seo\/ -->\n<title>Actions culturelles - ATP de l&#039;Aude<\/title>\n<meta name=\"robots\" content=\"index, follow, max-snippet:-1, max-image-preview:large, max-video-preview:-1\" \/>\n<link rel=\"canonical\" href=\"https:\/\/www.atpdelaude.com\/?page_id=2167\" \/>\n<meta property=\"og:locale\" content=\"fr_FR\" \/>\n<meta property=\"og:type\" content=\"article\" \/>\n<meta property=\"og:title\" content=\"Actions culturelles - ATP de l&#039;Aude\" \/>\n<meta property=\"og:description\" content=\"ACTIONS CULTURELLES Action culturelle Vous \u00eates enseignant.e, responsable d&rsquo;association, \u00e9lu.e d&rsquo;une commune de l&rsquo;Aude &#8230; et vous souhaitez collaborer avec l&rsquo;\u00e9quipe de l&rsquo;ATP de l&rsquo;Aude pour un projet culturel? Contactez-nous et parlons-en! Jeune Public Accompagnement syst\u00e9matique des enseignant.e.s et des \u00e9l\u00e8ves autour des spectacles accueillis en repr\u00e9sentations scolaires. Participation au dispositif Sc\u00e8nes d&rsquo;enfance avec Le [&hellip;]\" \/>\n<meta property=\"og:url\" content=\"https:\/\/www.atpdelaude.com\/?page_id=2167\" \/>\n<meta property=\"og:site_name\" content=\"ATP de l&#039;Aude\" \/>\n<meta property=\"article:modified_time\" content=\"2025-09-03T06:20:23+00:00\" \/>\n<meta property=\"og:image\" content=\"https:\/\/www.atpdelaude.com\/wp-content\/uploads\/2022\/01\/velo-vintage.png\" \/>\n<meta name=\"twitter:card\" content=\"summary_large_image\" \/>\n<meta name=\"twitter:label1\" content=\"Dur\u00e9e de lecture estim\u00e9e\" \/>\n\t<meta name=\"twitter:data1\" content=\"2 minutes\" \/>\n<script type=\"application\/ld+json\" class=\"yoast-schema-graph\">{\"@context\":\"https:\/\/schema.org\",\"@graph\":[{\"@type\":\"WebPage\",\"@id\":\"https:\/\/www.atpdelaude.com\/?page_id=2167\",\"url\":\"https:\/\/www.atpdelaude.com\/?page_id=2167\",\"name\":\"Actions culturelles - ATP de l&#039;Aude\",\"isPartOf\":{\"@id\":\"https:\/\/www.atpdelaude.com\/#website\"},\"datePublished\":\"2021-11-23T15:20:59+00:00\",\"dateModified\":\"2025-09-03T06:20:23+00:00\",\"breadcrumb\":{\"@id\":\"https:\/\/www.atpdelaude.com\/?page_id=2167#breadcrumb\"},\"inLanguage\":\"fr-FR\",\"potentialAction\":[{\"@type\":\"ReadAction\",\"target\":[\"https:\/\/www.atpdelaude.com\/?page_id=2167\"]}]},{\"@type\":\"BreadcrumbList\",\"@id\":\"https:\/\/www.atpdelaude.com\/?page_id=2167#breadcrumb\",\"itemListElement\":[{\"@type\":\"ListItem\",\"position\":1,\"name\":\"Accueil\",\"item\":\"https:\/\/www.atpdelaude.com\/\"},{\"@type\":\"ListItem\",\"position\":2,\"name\":\"Actions culturelles\"}]},{\"@type\":\"WebSite\",\"@id\":\"https:\/\/www.atpdelaude.com\/#website\",\"url\":\"https:\/\/www.atpdelaude.com\/\",\"name\":\"ATP de l&#039;Aude\",\"description\":\"Le th\u00e9\u00e2tre en vie\",\"publisher\":{\"@id\":\"https:\/\/www.atpdelaude.com\/#organization\"},\"potentialAction\":[{\"@type\":\"SearchAction\",\"target\":{\"@type\":\"EntryPoint\",\"urlTemplate\":\"https:\/\/www.atpdelaude.com\/?s={search_term_string}\"},\"query-input\":\"required name=search_term_string\"}],\"inLanguage\":\"fr-FR\"},{\"@type\":\"Organization\",\"@id\":\"https:\/\/www.atpdelaude.com\/#organization\",\"name\":\"ATP de l&#039;Aude\",\"url\":\"https:\/\/www.atpdelaude.com\/\",\"logo\":{\"@type\":\"ImageObject\",\"inLanguage\":\"fr-FR\",\"@id\":\"https:\/\/www.atpdelaude.com\/#\/schema\/logo\/image\/\",\"url\":\"https:\/\/www.atpdelaude.com\/wp-content\/uploads\/2021\/08\/cropped-logo-atp_contour_blanc.png\",\"contentUrl\":\"https:\/\/www.atpdelaude.com\/wp-content\/uploads\/2021\/08\/cropped-logo-atp_contour_blanc.png\",\"width\":458,\"height\":346,\"caption\":\"ATP de l&#039;Aude\"},\"image\":{\"@id\":\"https:\/\/www.atpdelaude.com\/#\/schema\/logo\/image\/\"}}]}<\/script>\n<!-- \/ Yoast SEO plugin. -->","yoast_head_json":{"title":"Actions culturelles - ATP de l&#039;Aude","robots":{"index":"index","follow":"follow","max-snippet":"max-snippet:-1","max-image-preview":"max-image-preview:large","max-video-preview":"max-video-preview:-1"},"canonical":"https:\/\/www.atpdelaude.com\/?page_id=2167","og_locale":"fr_FR","og_type":"article","og_title":"Actions culturelles - ATP de l&#039;Aude","og_description":"ACTIONS CULTURELLES Action culturelle Vous \u00eates enseignant.e, responsable d&rsquo;association, \u00e9lu.e d&rsquo;une commune de l&rsquo;Aude &#8230; et vous souhaitez collaborer avec l&rsquo;\u00e9quipe de l&rsquo;ATP de l&rsquo;Aude pour un projet culturel? Contactez-nous et parlons-en! Jeune Public Accompagnement syst\u00e9matique des enseignant.e.s et des \u00e9l\u00e8ves autour des spectacles accueillis en repr\u00e9sentations scolaires. Participation au dispositif Sc\u00e8nes d&rsquo;enfance avec Le [&hellip;]","og_url":"https:\/\/www.atpdelaude.com\/?page_id=2167","og_site_name":"ATP de l&#039;Aude","article_modified_time":"2025-09-03T06:20:23+00:00","og_image":[{"url":"https:\/\/www.atpdelaude.com\/wp-content\/uploads\/2022\/01\/velo-vintage.png"}],"twitter_card":"summary_large_image","twitter_misc":{"Dur\u00e9e de lecture estim\u00e9e":"2 minutes"},"schema":{"@context":"https:\/\/schema.org","@graph":[{"@type":"WebPage","@id":"https:\/\/www.atpdelaude.com\/?page_id=2167","url":"https:\/\/www.atpdelaude.com\/?page_id=2167","name":"Actions culturelles - ATP de l&#039;Aude","isPartOf":{"@id":"https:\/\/www.atpdelaude.com\/#website"},"datePublished":"2021-11-23T15:20:59+00:00","dateModified":"2025-09-03T06:20:23+00:00","breadcrumb":{"@id":"https:\/\/www.atpdelaude.com\/?page_id=2167#breadcrumb"},"inLanguage":"fr-FR","potentialAction":[{"@type":"ReadAction","target":["https:\/\/www.atpdelaude.com\/?page_id=2167"]}]},{"@type":"BreadcrumbList","@id":"https:\/\/www.atpdelaude.com\/?page_id=2167#breadcrumb","itemListElement":[{"@type":"ListItem","position":1,"name":"Accueil","item":"https:\/\/www.atpdelaude.com\/"},{"@type":"ListItem","position":2,"name":"Actions culturelles"}]},{"@type":"WebSite","@id":"https:\/\/www.atpdelaude.com\/#website","url":"https:\/\/www.atpdelaude.com\/","name":"ATP de l&#039;Aude","description":"Le th\u00e9\u00e2tre en vie","publisher":{"@id":"https:\/\/www.atpdelaude.com\/#organization"},"potentialAction":[{"@type":"SearchAction","target":{"@type":"EntryPoint","urlTemplate":"https:\/\/www.atpdelaude.com\/?s={search_term_string}"},"query-input":"required name=search_term_string"}],"inLanguage":"fr-FR"},{"@type":"Organization","@id":"https:\/\/www.atpdelaude.com\/#organization","name":"ATP de l&#039;Aude","url":"https:\/\/www.atpdelaude.com\/","logo":{"@type":"ImageObject","inLanguage":"fr-FR","@id":"https:\/\/www.atpdelaude.com\/#\/schema\/logo\/image\/","url":"https:\/\/www.atpdelaude.com\/wp-content\/uploads\/2021\/08\/cropped-logo-atp_contour_blanc.png","contentUrl":"https:\/\/www.atpdelaude.com\/wp-content\/uploads\/2021\/08\/cropped-logo-atp_contour_blanc.png","width":458,"height":346,"caption":"ATP de l&#039;Aude"},"image":{"@id":"https:\/\/www.atpdelaude.com\/#\/schema\/logo\/image\/"}}]}},"_links":{"self":[{"href":"https:\/\/www.atpdelaude.com\/index.php?rest_route=\/wp\/v2\/pages\/2167","targetHints":{"allow":["GET"]}}],"collection":[{"href":"https:\/\/www.atpdelaude.com\/index.php?rest_route=\/wp\/v2\/pages"}],"about":[{"href":"https:\/\/www.atpdelaude.com\/index.php?rest_route=\/wp\/v2\/types\/page"}],"author":[{"embeddable":true,"href":"https:\/\/www.atpdelaude.com\/index.php?rest_route=\/wp\/v2\/users\/2"}],"replies":[{"embeddable":true,"href":"https:\/\/www.atpdelaude.com\/index.php?rest_route=%2Fwp%2Fv2%2Fcomments&post=2167"}],"version-history":[{"count":134,"href":"https:\/\/www.atpdelaude.com\/index.php?rest_route=\/wp\/v2\/pages\/2167\/revisions"}],"predecessor-version":[{"id":7160,"href":"https:\/\/www.atpdelaude.com\/index.php?rest_route=\/wp\/v2\/pages\/2167\/revisions\/7160"}],"wp:attachment":[{"href":"https:\/\/www.atpdelaude.com\/index.php?rest_route=%2Fwp%2Fv2%2Fmedia&parent=2167"}],"curies":[{"name":"wp","href":"https:\/\/api.w.org\/{rel}","templated":true}]}}