{"id":2041,"date":"2021-09-02T13:50:40","date_gmt":"2021-09-02T13:50:40","guid":{"rendered":"https:\/\/dev.atpdelaude.com\/?page_id=2041"},"modified":"2022-03-15T14:30:34","modified_gmt":"2022-03-15T14:30:34","slug":"mentions-legales","status":"publish","type":"page","link":"https:\/\/www.atpdelaude.com\/?page_id=2041","title":{"rendered":"Mentions l\u00e9gales"},"content":{"rendered":"\t\t<div data-elementor-type=\"wp-page\" data-elementor-id=\"2041\" class=\"elementor elementor-2041\" data-elementor-post-type=\"page\">\n\t\t\t\t\t\t<section class=\"elementor-section elementor-top-section elementor-element elementor-element-8036e45 elementor-section-boxed elementor-section-height-default elementor-section-height-default\" data-id=\"8036e45\" data-element_type=\"section\" data-e-type=\"section\">\n\t\t\t\t\t\t<div class=\"elementor-container elementor-column-gap-default\">\n\t\t\t\t\t<div class=\"elementor-column elementor-col-100 elementor-top-column elementor-element elementor-element-cf9acab\" data-id=\"cf9acab\" data-element_type=\"column\" data-e-type=\"column\">\n\t\t\t<div class=\"elementor-widget-wrap elementor-element-populated\">\n\t\t\t\t\t\t<div class=\"elementor-element elementor-element-a7bafc5 elementor-widget elementor-widget-heading\" data-id=\"a7bafc5\" data-element_type=\"widget\" data-e-type=\"widget\" data-widget_type=\"heading.default\">\n\t\t\t\t<div class=\"elementor-widget-container\">\n\t\t\t\t\t<h2 class=\"elementor-heading-title elementor-size-default\">Mentions l\u00e9gales<\/h2>\t\t\t\t<\/div>\n\t\t\t\t<\/div>\n\t\t\t\t\t<\/div>\n\t\t<\/div>\n\t\t\t\t\t<\/div>\n\t\t<\/section>\n\t\t\t\t<section class=\"elementor-section elementor-top-section elementor-element elementor-element-559eeee elementor-section-boxed elementor-section-height-default elementor-section-height-default\" data-id=\"559eeee\" data-element_type=\"section\" data-e-type=\"section\">\n\t\t\t\t\t\t<div class=\"elementor-container elementor-column-gap-default\">\n\t\t\t\t\t<div class=\"elementor-column elementor-col-100 elementor-top-column elementor-element elementor-element-3f822d9\" data-id=\"3f822d9\" data-element_type=\"column\" data-e-type=\"column\">\n\t\t\t<div class=\"elementor-widget-wrap elementor-element-populated\">\n\t\t\t\t\t\t<div class=\"elementor-element elementor-element-56368a2 elementor-widget elementor-widget-text-editor\" data-id=\"56368a2\" data-element_type=\"widget\" data-e-type=\"widget\" data-widget_type=\"text-editor.default\">\n\t\t\t\t<div class=\"elementor-widget-container\">\n\t\t\t\t\t\t\t\t\t<p class=\"p1\"><b>Propri\u00e9taire<\/b><\/p>\t\t\t\t\t\t\t\t<\/div>\n\t\t\t\t<\/div>\n\t\t\t\t<div class=\"elementor-element elementor-element-895a947 elementor-widget elementor-widget-text-editor\" data-id=\"895a947\" data-element_type=\"widget\" data-e-type=\"widget\" data-widget_type=\"text-editor.default\">\n\t\t\t\t<div class=\"elementor-widget-container\">\n\t\t\t\t\t\t\t\t\t<p class=\"p1\">ATP de l\u2019Aude<\/p><p class=\"p1\">Si\u00e8ge Social :<\/p><p class=\"p1\">4 bd Pasteur<\/p><p class=\"p1\">11610 Pennautier<\/p><p class=\"p1\">FRANCE<\/p>\t\t\t\t\t\t\t\t<\/div>\n\t\t\t\t<\/div>\n\t\t\t\t<div class=\"elementor-element elementor-element-210823f elementor-widget elementor-widget-text-editor\" data-id=\"210823f\" data-element_type=\"widget\" data-e-type=\"widget\" data-widget_type=\"text-editor.default\">\n\t\t\t\t<div class=\"elementor-widget-container\">\n\t\t\t\t\t\t\t\t\t<p class=\"p1\"><b>Responsable de la publication<\/b><\/p>\t\t\t\t\t\t\t\t<\/div>\n\t\t\t\t<\/div>\n\t\t\t\t<div class=\"elementor-element elementor-element-38ed04c elementor-widget elementor-widget-text-editor\" data-id=\"38ed04c\" data-element_type=\"widget\" data-e-type=\"widget\" data-widget_type=\"text-editor.default\">\n\t\t\t\t<div class=\"elementor-widget-container\">\n\t\t\t\t\t\t\t\t\t<p class=\"p1\">Nadine Eg\u00e9a<\/p>\t\t\t\t\t\t\t\t<\/div>\n\t\t\t\t<\/div>\n\t\t\t\t<div class=\"elementor-element elementor-element-0ac4bad elementor-widget elementor-widget-text-editor\" data-id=\"0ac4bad\" data-element_type=\"widget\" data-e-type=\"widget\" data-widget_type=\"text-editor.default\">\n\t\t\t\t<div class=\"elementor-widget-container\">\n\t\t\t\t\t\t\t\t\t<p class=\"p1\"><b>H\u00e9bergement<\/b><\/p>\t\t\t\t\t\t\t\t<\/div>\n\t\t\t\t<\/div>\n\t\t\t\t<div class=\"elementor-element elementor-element-83c99da elementor-widget elementor-widget-text-editor\" data-id=\"83c99da\" data-element_type=\"widget\" data-e-type=\"widget\" data-widget_type=\"text-editor.default\">\n\t\t\t\t<div class=\"elementor-widget-container\">\n\t\t\t\t\t\t\t\t\t<p class=\"p1\">Ataraxie<\/p><p class=\"p1\">Si\u00e8ge social :<span class=\"Apple-converted-space\">\u00a0<\/span><\/p><p class=\"p1\">80 All\u00e9e d\u2019I\u00e9na, 11000 Carcassonne<\/p>\t\t\t\t\t\t\t\t<\/div>\n\t\t\t\t<\/div>\n\t\t\t\t<div class=\"elementor-element elementor-element-f609852 elementor-widget elementor-widget-text-editor\" data-id=\"f609852\" data-element_type=\"widget\" data-e-type=\"widget\" data-widget_type=\"text-editor.default\">\n\t\t\t\t<div class=\"elementor-widget-container\">\n\t\t\t\t\t\t\t\t\t<p class=\"p1\"><b>R\u00e9alisation<\/b><\/p>\t\t\t\t\t\t\t\t<\/div>\n\t\t\t\t<\/div>\n\t\t\t\t<div class=\"elementor-element elementor-element-c999bf6 elementor-widget elementor-widget-text-editor\" data-id=\"c999bf6\" data-element_type=\"widget\" data-e-type=\"widget\" data-widget_type=\"text-editor.default\">\n\t\t\t\t<div class=\"elementor-widget-container\">\n\t\t\t\t\t\t\t\t\t<p class=\"p1\">PINK PIXEL STUDIO DIGITAL<\/p><p class=\"p2\">22 rue grammatique<\/p><p class=\"p2\">11300 Limoux<\/p><p class=\"p3\"><span class=\"s1\"><a href=\"mailto:contact@pinkpixel.fr\">contact@pinkpixel.fr<\/a><\/span><\/p><p>\u00a0<\/p><p class=\"p1\">DAVID REINA CR\u00c9ATIONS<\/p><p class=\"p2\"><span class=\"s1\"><a href=\"https:\/\/davidreina.fr\/\">https:\/\/davidreina.fr<\/a><\/span><\/p><p class=\"p2\"><span class=\"s1\"><a href=\"mailto:contact@davidreina.fr\">contact@davidreina.fr<\/a><\/span><\/p>\t\t\t\t\t\t\t\t<\/div>\n\t\t\t\t<\/div>\n\t\t\t\t<div class=\"elementor-element elementor-element-15c33cd elementor-widget elementor-widget-text-editor\" data-id=\"15c33cd\" data-element_type=\"widget\" data-e-type=\"widget\" data-widget_type=\"text-editor.default\">\n\t\t\t\t<div class=\"elementor-widget-container\">\n\t\t\t\t\t\t\t\t\t<p class=\"p1\">Propri\u00e9t\u00e9 Intellectuelle<\/p>\t\t\t\t\t\t\t\t<\/div>\n\t\t\t\t<\/div>\n\t\t\t\t<div class=\"elementor-element elementor-element-566467b elementor-widget elementor-widget-text-editor\" data-id=\"566467b\" data-element_type=\"widget\" data-e-type=\"widget\" data-widget_type=\"text-editor.default\">\n\t\t\t\t<div class=\"elementor-widget-container\">\n\t\t\t\t\t\t\t\t\t<p class=\"p1\">L\u2019acc\u00e8s au site\u00a0<b>www.atpdelaude.com<\/b>\u00a0 vous conf\u00e8re un droit d\u2019usage priv\u00e9 et non exclusif de ce site. L\u2019ensemble des \u00e9l\u00e9ments \u00e9dit\u00e9s sur ce site, incluant notamment les textes, photographies, infographies, logos, marques\u2026 constituent des \u0153uvres au sens du code de la Propri\u00e9t\u00e9 Intellectuelle. En cons\u00e9quence, toute repr\u00e9sentation ou reproduction, int\u00e9grale ou partielle, qui pourrait \u00eatre faite sans le consentement de leurs auteurs ou de leurs ayants droit, est illicite. Tout lien hypertexte renvoyant vers notre site devra faire l\u2019objet d\u2019une autorisation sp\u00e9cifique pr\u00e9alable. Pour l\u2019obtenir, vous pouvez envoyer un mail \u00e0\u00a0<b>bureau.atp@orange.fr<\/b><\/p>\t\t\t\t\t\t\t\t<\/div>\n\t\t\t\t<\/div>\n\t\t\t\t<div class=\"elementor-element elementor-element-a270d2f elementor-widget elementor-widget-text-editor\" data-id=\"a270d2f\" data-element_type=\"widget\" data-e-type=\"widget\" data-widget_type=\"text-editor.default\">\n\t\t\t\t<div class=\"elementor-widget-container\">\n\t\t\t\t\t\t\t\t\t<p class=\"p1\">Description des services fournis<\/p>\t\t\t\t\t\t\t\t<\/div>\n\t\t\t\t<\/div>\n\t\t\t\t<div class=\"elementor-element elementor-element-05ecd62 elementor-widget elementor-widget-text-editor\" data-id=\"05ecd62\" data-element_type=\"widget\" data-e-type=\"widget\" data-widget_type=\"text-editor.default\">\n\t\t\t\t<div class=\"elementor-widget-container\">\n\t\t\t\t\t\t\t\t\t<p class=\"p1\">Le site\u00a0<b>www.atpdelaude.com<\/b>\u00a0\u00a0a pour objet de fournir une information concernant l\u2019ensemble des activit\u00e9s de <b>l\u2019association<\/b><\/p><p class=\"p1\"><b>L\u2019ATP de l\u2019Aude<\/b>\u00a0s\u2019efforce de fournir sur le site\u00a0<b>www.atpdelaude.com<\/b>\u00a0des informations aussi pr\u00e9cises que possible. Toutefois, il ne pourra \u00eatre tenue responsable des omissions, des inexactitudes et des carences dans la mise \u00e0 jour, qu\u2019elles soient de son fait ou du fait des tiers partenaires qui lui fournissent ces informations.<\/p><p class=\"p1\">Tous les informations indiqu\u00e9es sur le site\u00a0<b>www.atpdelaude.com<\/b>\u00a0\u00a0sont donn\u00e9es \u00e0 titre indicatif, et sont susceptibles d\u2019\u00e9voluer. Par ailleurs, les renseignements figurant sur le site\u00a0<b>www.atpdelaude.com<\/b>\u00a0ne sont pas exhaustifs. Ils sont donn\u00e9s sous r\u00e9serve de modifications ayant \u00e9t\u00e9 apport\u00e9es depuis leur mise en ligne.<\/p>\t\t\t\t\t\t\t\t<\/div>\n\t\t\t\t<\/div>\n\t\t\t\t<div class=\"elementor-element elementor-element-dc70ff4 elementor-widget elementor-widget-text-editor\" data-id=\"dc70ff4\" data-element_type=\"widget\" data-e-type=\"widget\" data-widget_type=\"text-editor.default\">\n\t\t\t\t<div class=\"elementor-widget-container\">\n\t\t\t\t\t\t\t\t\t<p class=\"p1\">Gestion des donn\u00e9es personnelles.<\/p>\t\t\t\t\t\t\t\t<\/div>\n\t\t\t\t<\/div>\n\t\t\t\t<div class=\"elementor-element elementor-element-d426816 elementor-widget elementor-widget-text-editor\" data-id=\"d426816\" data-element_type=\"widget\" data-e-type=\"widget\" data-widget_type=\"text-editor.default\">\n\t\t\t\t<div class=\"elementor-widget-container\">\n\t\t\t\t\t\t\t\t\t<p class=\"p1\">En France, les donn\u00e9es personnelles sont notamment prot\u00e9g\u00e9es par la loi n\u00b0 78-87 du 6 janvier 1978, la loi n\u00b0 2004-801 du 6 ao\u00fbt 2004, l\u2019article L. 226-13 du Code p\u00e9nal et la Directive Europ\u00e9enne du 24 octobre 1995.<\/p><p class=\"p1\">A l\u2019occasion de l\u2019utilisation du site\u00a0<b>www.atpdelaude.com<\/b>\u00a0, peuvent \u00eatres recueillies : l\u2019URL des liens par l\u2019interm\u00e9diaire desquels l\u2019utilisateur a acc\u00e9d\u00e9 au site\u00a0<b>www.atpdelaude.com<\/b>, le fournisseur d\u2019acc\u00e8s de l\u2019utilisateur, l\u2019adresse de protocole Internet (IP) de l\u2019utilisateur.<\/p><p class=\"p1\">En tout \u00e9tat de cause le site\u00a0<b>www.atpdelaude.com<\/b>\u00a0\u00a0ne collecte des informations personnelles relatives \u00e0 l\u2019utilisateur que pour le besoin de certains services propos\u00e9s par le site\u00a0<b>www.atpdelaude.com<\/b>\u00a0. L\u2019utilisateur fournit ces informations en toute connaissance de cause, notamment lorsqu\u2019il proc\u00e8de par lui-m\u00eame \u00e0 leur saisie. Il est alors pr\u00e9cis\u00e9 \u00e0 l\u2019utilisateur du site <b>www.atpdelaude.com<\/b>\u00a0l\u2019obligation ou non de fournir ces informations.<\/p><p class=\"p1\">Conform\u00e9ment aux dispositions des articles 38 et suivants de la loi 78-17 du 6 janvier 1978 relative \u00e0 l\u2019informatique, aux fichiers et aux libert\u00e9s, tout utilisateur dispose d\u2019un droit d\u2019acc\u00e8s, de rectification et d\u2019opposition aux donn\u00e9es personnelles le concernant, en effectuant sa demande \u00e9crite et sign\u00e9e, accompagn\u00e9e d\u2019une copie du titre d\u2019identit\u00e9 avec signature du titulaire de la pi\u00e8ce, en pr\u00e9cisant l\u2019adresse \u00e0 laquelle la r\u00e9ponse doit \u00eatre envoy\u00e9e.<\/p><p class=\"p1\">Aucune information personnelle de l\u2019utilisateur du site\u00a0<b>www.atpdelaude.com<\/b>\u00a0\u00a0n\u2019est publi\u00e9e \u00e0 l\u2019insu de l\u2019utilisateur, \u00e9chang\u00e9e, transf\u00e9r\u00e9e, c\u00e9d\u00e9e ou vendue sur un support quelconque \u00e0 des tiers. Les bases de donn\u00e9es sont prot\u00e9g\u00e9es par les dispositions de la loi du 1er juillet 1998 transposant la directive 96\/9 du 11 mars 1996 relative \u00e0 la protection juridique des bases de donn\u00e9es.<\/p>\t\t\t\t\t\t\t\t<\/div>\n\t\t\t\t<\/div>\n\t\t\t\t\t<\/div>\n\t\t<\/div>\n\t\t\t\t\t<\/div>\n\t\t<\/section>\n\t\t\t\t<\/div>\n\t\t","protected":false},"excerpt":{"rendered":"<p>Mentions l\u00e9gales Propri\u00e9taire ATP de l\u2019Aude Si\u00e8ge Social : 4 bd Pasteur 11610 Pennautier FRANCE Responsable de la publication Nadine Eg\u00e9a H\u00e9bergement Ataraxie Si\u00e8ge social :&nbsp; 80 All\u00e9e d\u2019I\u00e9na, 11000 Carcassonne R\u00e9alisation PINK PIXEL STUDIO DIGITAL 22 rue grammatique 11300 Limoux contact@pinkpixel.fr DAVID REINA CR\u00c9ATIONS https:\/\/davidreina.fr contact@davidreina.fr Propri\u00e9t\u00e9 Intellectuelle L\u2019acc\u00e8s au site&nbsp;www.atpdelaude.com&nbsp; vous conf\u00e8re un [&hellip;]<\/p>\n","protected":false},"author":2,"featured_media":0,"parent":0,"menu_order":0,"comment_status":"closed","ping_status":"closed","template":"","meta":{"footnotes":""},"class_list":["post-2041","page","type-page","status-publish","hentry"],"yoast_head":"<!-- This site is optimized with the Yoast SEO plugin v19.11 - https:\/\/yoast.com\/wordpress\/plugins\/seo\/ -->\n<title>Mentions l\u00e9gales - ATP de l&#039;Aude<\/title>\n<meta name=\"robots\" content=\"index, follow, max-snippet:-1, max-image-preview:large, max-video-preview:-1\" \/>\n<link rel=\"canonical\" href=\"https:\/\/www.atpdelaude.com\/?page_id=2041\" \/>\n<meta property=\"og:locale\" content=\"fr_FR\" \/>\n<meta property=\"og:type\" content=\"article\" \/>\n<meta property=\"og:title\" content=\"Mentions l\u00e9gales - ATP de l&#039;Aude\" \/>\n<meta property=\"og:description\" content=\"Mentions l\u00e9gales Propri\u00e9taire ATP de l\u2019Aude Si\u00e8ge Social : 4 bd Pasteur 11610 Pennautier FRANCE Responsable de la publication Nadine Eg\u00e9a H\u00e9bergement Ataraxie Si\u00e8ge social :&nbsp; 80 All\u00e9e d\u2019I\u00e9na, 11000 Carcassonne R\u00e9alisation PINK PIXEL STUDIO DIGITAL 22 rue grammatique 11300 Limoux contact@pinkpixel.fr DAVID REINA CR\u00c9ATIONS https:\/\/davidreina.fr contact@davidreina.fr Propri\u00e9t\u00e9 Intellectuelle L\u2019acc\u00e8s au site&nbsp;www.atpdelaude.com&nbsp; vous conf\u00e8re un [&hellip;]\" \/>\n<meta property=\"og:url\" content=\"https:\/\/www.atpdelaude.com\/?page_id=2041\" \/>\n<meta property=\"og:site_name\" content=\"ATP de l&#039;Aude\" \/>\n<meta property=\"article:modified_time\" content=\"2022-03-15T14:30:34+00:00\" \/>\n<meta name=\"twitter:card\" content=\"summary_large_image\" \/>\n<meta name=\"twitter:label1\" content=\"Dur\u00e9e de lecture estim\u00e9e\" \/>\n\t<meta name=\"twitter:data1\" content=\"3 minutes\" \/>\n<script type=\"application\/ld+json\" class=\"yoast-schema-graph\">{\"@context\":\"https:\/\/schema.org\",\"@graph\":[{\"@type\":\"WebPage\",\"@id\":\"https:\/\/www.atpdelaude.com\/?page_id=2041\",\"url\":\"https:\/\/www.atpdelaude.com\/?page_id=2041\",\"name\":\"Mentions l\u00e9gales - ATP de l&#039;Aude\",\"isPartOf\":{\"@id\":\"https:\/\/www.atpdelaude.com\/#website\"},\"datePublished\":\"2021-09-02T13:50:40+00:00\",\"dateModified\":\"2022-03-15T14:30:34+00:00\",\"breadcrumb\":{\"@id\":\"https:\/\/www.atpdelaude.com\/?page_id=2041#breadcrumb\"},\"inLanguage\":\"fr-FR\",\"potentialAction\":[{\"@type\":\"ReadAction\",\"target\":[\"https:\/\/www.atpdelaude.com\/?page_id=2041\"]}]},{\"@type\":\"BreadcrumbList\",\"@id\":\"https:\/\/www.atpdelaude.com\/?page_id=2041#breadcrumb\",\"itemListElement\":[{\"@type\":\"ListItem\",\"position\":1,\"name\":\"Accueil\",\"item\":\"https:\/\/www.atpdelaude.com\/\"},{\"@type\":\"ListItem\",\"position\":2,\"name\":\"Mentions l\u00e9gales\"}]},{\"@type\":\"WebSite\",\"@id\":\"https:\/\/www.atpdelaude.com\/#website\",\"url\":\"https:\/\/www.atpdelaude.com\/\",\"name\":\"ATP de l&#039;Aude\",\"description\":\"Le th\u00e9\u00e2tre en vie\",\"publisher\":{\"@id\":\"https:\/\/www.atpdelaude.com\/#organization\"},\"potentialAction\":[{\"@type\":\"SearchAction\",\"target\":{\"@type\":\"EntryPoint\",\"urlTemplate\":\"https:\/\/www.atpdelaude.com\/?s={search_term_string}\"},\"query-input\":\"required name=search_term_string\"}],\"inLanguage\":\"fr-FR\"},{\"@type\":\"Organization\",\"@id\":\"https:\/\/www.atpdelaude.com\/#organization\",\"name\":\"ATP de l&#039;Aude\",\"url\":\"https:\/\/www.atpdelaude.com\/\",\"logo\":{\"@type\":\"ImageObject\",\"inLanguage\":\"fr-FR\",\"@id\":\"https:\/\/www.atpdelaude.com\/#\/schema\/logo\/image\/\",\"url\":\"https:\/\/www.atpdelaude.com\/wp-content\/uploads\/2021\/08\/cropped-logo-atp_contour_blanc.png\",\"contentUrl\":\"https:\/\/www.atpdelaude.com\/wp-content\/uploads\/2021\/08\/cropped-logo-atp_contour_blanc.png\",\"width\":458,\"height\":346,\"caption\":\"ATP de l&#039;Aude\"},\"image\":{\"@id\":\"https:\/\/www.atpdelaude.com\/#\/schema\/logo\/image\/\"}}]}<\/script>\n<!-- \/ Yoast SEO plugin. -->","yoast_head_json":{"title":"Mentions l\u00e9gales - ATP de l&#039;Aude","robots":{"index":"index","follow":"follow","max-snippet":"max-snippet:-1","max-image-preview":"max-image-preview:large","max-video-preview":"max-video-preview:-1"},"canonical":"https:\/\/www.atpdelaude.com\/?page_id=2041","og_locale":"fr_FR","og_type":"article","og_title":"Mentions l\u00e9gales - ATP de l&#039;Aude","og_description":"Mentions l\u00e9gales Propri\u00e9taire ATP de l\u2019Aude Si\u00e8ge Social : 4 bd Pasteur 11610 Pennautier FRANCE Responsable de la publication Nadine Eg\u00e9a H\u00e9bergement Ataraxie Si\u00e8ge social :&nbsp; 80 All\u00e9e d\u2019I\u00e9na, 11000 Carcassonne R\u00e9alisation PINK PIXEL STUDIO DIGITAL 22 rue grammatique 11300 Limoux contact@pinkpixel.fr DAVID REINA CR\u00c9ATIONS https:\/\/davidreina.fr contact@davidreina.fr Propri\u00e9t\u00e9 Intellectuelle L\u2019acc\u00e8s au site&nbsp;www.atpdelaude.com&nbsp; vous conf\u00e8re un [&hellip;]","og_url":"https:\/\/www.atpdelaude.com\/?page_id=2041","og_site_name":"ATP de l&#039;Aude","article_modified_time":"2022-03-15T14:30:34+00:00","twitter_card":"summary_large_image","twitter_misc":{"Dur\u00e9e de lecture estim\u00e9e":"3 minutes"},"schema":{"@context":"https:\/\/schema.org","@graph":[{"@type":"WebPage","@id":"https:\/\/www.atpdelaude.com\/?page_id=2041","url":"https:\/\/www.atpdelaude.com\/?page_id=2041","name":"Mentions l\u00e9gales - ATP de l&#039;Aude","isPartOf":{"@id":"https:\/\/www.atpdelaude.com\/#website"},"datePublished":"2021-09-02T13:50:40+00:00","dateModified":"2022-03-15T14:30:34+00:00","breadcrumb":{"@id":"https:\/\/www.atpdelaude.com\/?page_id=2041#breadcrumb"},"inLanguage":"fr-FR","potentialAction":[{"@type":"ReadAction","target":["https:\/\/www.atpdelaude.com\/?page_id=2041"]}]},{"@type":"BreadcrumbList","@id":"https:\/\/www.atpdelaude.com\/?page_id=2041#breadcrumb","itemListElement":[{"@type":"ListItem","position":1,"name":"Accueil","item":"https:\/\/www.atpdelaude.com\/"},{"@type":"ListItem","position":2,"name":"Mentions l\u00e9gales"}]},{"@type":"WebSite","@id":"https:\/\/www.atpdelaude.com\/#website","url":"https:\/\/www.atpdelaude.com\/","name":"ATP de l&#039;Aude","description":"Le th\u00e9\u00e2tre en vie","publisher":{"@id":"https:\/\/www.atpdelaude.com\/#organization"},"potentialAction":[{"@type":"SearchAction","target":{"@type":"EntryPoint","urlTemplate":"https:\/\/www.atpdelaude.com\/?s={search_term_string}"},"query-input":"required name=search_term_string"}],"inLanguage":"fr-FR"},{"@type":"Organization","@id":"https:\/\/www.atpdelaude.com\/#organization","name":"ATP de l&#039;Aude","url":"https:\/\/www.atpdelaude.com\/","logo":{"@type":"ImageObject","inLanguage":"fr-FR","@id":"https:\/\/www.atpdelaude.com\/#\/schema\/logo\/image\/","url":"https:\/\/www.atpdelaude.com\/wp-content\/uploads\/2021\/08\/cropped-logo-atp_contour_blanc.png","contentUrl":"https:\/\/www.atpdelaude.com\/wp-content\/uploads\/2021\/08\/cropped-logo-atp_contour_blanc.png","width":458,"height":346,"caption":"ATP de l&#039;Aude"},"image":{"@id":"https:\/\/www.atpdelaude.com\/#\/schema\/logo\/image\/"}}]}},"_links":{"self":[{"href":"https:\/\/www.atpdelaude.com\/index.php?rest_route=\/wp\/v2\/pages\/2041","targetHints":{"allow":["GET"]}}],"collection":[{"href":"https:\/\/www.atpdelaude.com\/index.php?rest_route=\/wp\/v2\/pages"}],"about":[{"href":"https:\/\/www.atpdelaude.com\/index.php?rest_route=\/wp\/v2\/types\/page"}],"author":[{"embeddable":true,"href":"https:\/\/www.atpdelaude.com\/index.php?rest_route=\/wp\/v2\/users\/2"}],"replies":[{"embeddable":true,"href":"https:\/\/www.atpdelaude.com\/index.php?rest_route=%2Fwp%2Fv2%2Fcomments&post=2041"}],"version-history":[{"count":11,"href":"https:\/\/www.atpdelaude.com\/index.php?rest_route=\/wp\/v2\/pages\/2041\/revisions"}],"predecessor-version":[{"id":3863,"href":"https:\/\/www.atpdelaude.com\/index.php?rest_route=\/wp\/v2\/pages\/2041\/revisions\/3863"}],"wp:attachment":[{"href":"https:\/\/www.atpdelaude.com\/index.php?rest_route=%2Fwp%2Fv2%2Fmedia&parent=2041"}],"curies":[{"name":"wp","href":"https:\/\/api.w.org\/{rel}","templated":true}]}}